{"id":13564,"date":"2025-04-18T19:44:02","date_gmt":"2025-04-18T17:44:02","guid":{"rendered":"https:\/\/www.topicfoot.fr\/?page_id=13564"},"modified":"2025-08-05T09:34:15","modified_gmt":"2025-08-05T07:34:15","slug":"stade-real-madrid","status":"publish","type":"page","link":"https:\/\/www.topicfoot.fr\/index.php\/stade-real-madrid\/","title":{"rendered":"Stade du Real Madrid"},"content":{"rendered":"\n<figure class=\"wp-block-table aligncenter is-style-stripes\"><table><tbody><tr><td class=\"has-text-align-center\" data-align=\"center\"><a href=\"https:\/\/www.topicfoot.fr\/index.php\/deportivo-alaves-espagne\/\"><img loading=\"lazy\" decoding=\"async\" width=\"70\" height=\"70\" class=\"wp-image-4052\" style=\"width: 70px;\" src=\"https:\/\/www.topicfoot.fr\/wp-content\/uploads\/2024\/01\/logo-deportivo-espagne.png\" alt=\"\" srcset=\"https:\/\/www.topicfoot.fr\/wp-content\/uploads\/2024\/01\/logo-deportivo-espagne.png 600w, https:\/\/www.topicfoot.fr\/wp-content\/uploads\/2024\/01\/logo-deportivo-espagne-300x300.png 300w, https:\/\/www.topicfoot.fr\/wp-content\/uploads\/2024\/01\/logo-deportivo-espagne-150x150.png 150w\" sizes=\"auto, (max-width: 70px) 100vw, 70px\" \/><\/a><br><a href=\"https:\/\/www.topicfoot.fr\/index.php\/deportivo-alaves-espagne\/\">Alav\u00e9s<\/a><\/td><td class=\"has-text-align-center\" data-align=\"center\"><a href=\"https:\/\/www.topicfoot.fr\/index.php\/real-betis-balompie-espagne\/\"><img loading=\"lazy\" decoding=\"async\" width=\"70\" height=\"70\" class=\"wp-image-4060\" style=\"width: 70px;\" src=\"https:\/\/www.topicfoot.fr\/wp-content\/uploads\/2024\/01\/logo-real-betis-espagne.png\" alt=\"\" srcset=\"https:\/\/www.topicfoot.fr\/wp-content\/uploads\/2024\/01\/logo-real-betis-espagne.png 600w, https:\/\/www.topicfoot.fr\/wp-content\/uploads\/2024\/01\/logo-real-betis-espagne-300x300.png 300w, https:\/\/www.topicfoot.fr\/wp-content\/uploads\/2024\/01\/logo-real-betis-espagne-150x150.png 150w\" sizes=\"auto, (max-width: 70px) 100vw, 70px\" \/><\/a><br><a style=\"text-align: start; white-space: normal;\" href=\"https:\/\/www.topicfoot.fr\/index.php\/real-betis-balompie-espagne\/\">RBB<\/a><\/td><td class=\"has-text-align-center\" data-align=\"center\"><a href=\"https:\/\/www.topicfoot.fr\/index.php\/athletic-club-bilbao\/\"><img loading=\"lazy\" decoding=\"async\" width=\"70\" height=\"70\" class=\"wp-image-4048\" style=\"width: 70px;\" src=\"https:\/\/www.topicfoot.fr\/wp-content\/uploads\/2024\/01\/logo-athletico-bilbao-espagne.png\" alt=\"\" srcset=\"https:\/\/www.topicfoot.fr\/wp-content\/uploads\/2024\/01\/logo-athletico-bilbao-espagne.png 600w, https:\/\/www.topicfoot.fr\/wp-content\/uploads\/2024\/01\/logo-athletico-bilbao-espagne-300x300.png 300w, https:\/\/www.topicfoot.fr\/wp-content\/uploads\/2024\/01\/logo-athletico-bilbao-espagne-150x150.png 150w\" sizes=\"auto, (max-width: 70px) 100vw, 70px\" \/><\/a><br><a href=\"https:\/\/www.topicfoot.fr\/index.php\/athletic-club-bilbao\/\">ACB<\/a><\/td><td class=\"has-text-align-center\" data-align=\"center\"><a href=\"https:\/\/www.topicfoot.fr\/index.php\/rcd-espanyol-de-barcelone-espagne\/\"><img loading=\"lazy\" decoding=\"async\" width=\"70\" height=\"70\" class=\"wp-image-9012\" style=\"width: 70px;\" src=\"https:\/\/www.topicfoot.fr\/wp-content\/uploads\/2024\/07\/logo-rcd-espanyol-barcelone.png\" alt=\"\" srcset=\"https:\/\/www.topicfoot.fr\/wp-content\/uploads\/2024\/07\/logo-rcd-espanyol-barcelone.png 600w, https:\/\/www.topicfoot.fr\/wp-content\/uploads\/2024\/07\/logo-rcd-espanyol-barcelone-300x300.png 300w, https:\/\/www.topicfoot.fr\/wp-content\/uploads\/2024\/07\/logo-rcd-espanyol-barcelone-150x150.png 150w\" sizes=\"auto, (max-width: 70px) 100vw, 70px\" \/><\/a><br><a href=\"https:\/\/www.topicfoot.fr\/index.php\/rcd-espanyol-de-barcelone-espagne\/\">RCD<\/a><\/td><td class=\"has-text-align-center\" data-align=\"center\"><a href=\"https:\/\/www.topicfoot.fr\/index.php\/fc-barcelona-espagne\/\"><img loading=\"lazy\" decoding=\"async\" width=\"70\" height=\"70\" class=\"wp-image-4050\" style=\"width: 70px;\" src=\"https:\/\/www.topicfoot.fr\/wp-content\/uploads\/2024\/01\/logo-barcelona-espagne.png\" alt=\"\" srcset=\"https:\/\/www.topicfoot.fr\/wp-content\/uploads\/2024\/01\/logo-barcelona-espagne.png 600w, https:\/\/www.topicfoot.fr\/wp-content\/uploads\/2024\/01\/logo-barcelona-espagne-300x300.png 300w, https:\/\/www.topicfoot.fr\/wp-content\/uploads\/2024\/01\/logo-barcelona-espagne-150x150.png 150w\" sizes=\"auto, (max-width: 70px) 100vw, 70px\" \/><\/a><br><a href=\"https:\/\/www.topicfoot.fr\/index.php\/fc-barcelona-espagne\/\">FCB<\/a><\/td><\/tr><tr><td class=\"has-text-align-center\" data-align=\"center\"><a href=\"https:\/\/www.topicfoot.fr\/index.php\/elche-cf-espagne\"><img decoding=\"async\" class=\"wp-image-4053\" style=\"width: 70px;\" src=\"https:\/\/www.topicfoot.fr\/wp-content\/uploads\/2025\/08\/logo-elcche-150x150-1.webp\" alt=\"\"><\/a><br><a href=\"https:\/\/www.topicfoot.fr\/index.php\/elche-cf-espagne\">ECF<\/a><\/td><td class=\"has-text-align-center\" data-align=\"center\"><a href=\"https:\/\/www.topicfoot.fr\/index.php\/getafe-cf-espagne\/\"><img loading=\"lazy\" decoding=\"async\" width=\"70\" height=\"70\" class=\"wp-image-4053\" style=\"width: 70px;\" src=\"https:\/\/www.topicfoot.fr\/wp-content\/uploads\/2024\/01\/logo-getafe-espagne.png\" alt=\"\" srcset=\"https:\/\/www.topicfoot.fr\/wp-content\/uploads\/2024\/01\/logo-getafe-espagne.png 600w, https:\/\/www.topicfoot.fr\/wp-content\/uploads\/2024\/01\/logo-getafe-espagne-300x300.png 300w, https:\/\/www.topicfoot.fr\/wp-content\/uploads\/2024\/01\/logo-getafe-espagne-150x150.png 150w\" sizes=\"auto, (max-width: 70px) 100vw, 70px\" \/><\/a><br><a href=\"https:\/\/www.topicfoot.fr\/index.php\/getafe-cf-espagne\/\">GCF<\/a><\/td><td class=\"has-text-align-center\" data-align=\"center\"><a href=\"https:\/\/www.topicfoot.fr\/index.php\/girona-fc-espagne\/\"><img loading=\"lazy\" decoding=\"async\" width=\"70\" height=\"70\" class=\"wp-image-4054\" style=\"width: 70px;\" src=\"https:\/\/www.topicfoot.fr\/wp-content\/uploads\/2024\/01\/logo-girona-espagne.png\" alt=\"\" srcset=\"https:\/\/www.topicfoot.fr\/wp-content\/uploads\/2024\/01\/logo-girona-espagne.png 600w, https:\/\/www.topicfoot.fr\/wp-content\/uploads\/2024\/01\/logo-girona-espagne-300x300.png 300w, https:\/\/www.topicfoot.fr\/wp-content\/uploads\/2024\/01\/logo-girona-espagne-150x150.png 150w\" sizes=\"auto, (max-width: 70px) 100vw, 70px\" \/><\/a><br><a href=\"https:\/\/www.topicfoot.fr\/index.php\/girona-fc-espagne\/\">GFC<\/a><\/td><td class=\"has-text-align-center\" data-align=\"center\"><a href=\"https:\/\/www.topicfoot.fr\/index.php\/levante-ud-espagne\"><img decoding=\"async\" class=\"wp-image-4053\" style=\"width: 70px;\" src=\"https:\/\/www.topicfoot.fr\/wp-content\/uploads\/2025\/08\/logo-levante-ud-150x150-1.webp\" alt=\"\"><\/a><br><a href=\"https:\/\/www.topicfoot.fr\/index.php\/levante-ud-espagne\">LUD<\/a><\/td><td class=\"has-text-align-center\" data-align=\"center\"><a style=\"text-align: start; white-space: normal;\" href=\"https:\/\/www.topicfoot.fr\/index.php\/athletico-madrid-espagne\/\"><img loading=\"lazy\" decoding=\"async\" width=\"70\" height=\"70\" class=\"wp-image-4049\" style=\"width: 70px;\" src=\"https:\/\/www.topicfoot.fr\/wp-content\/uploads\/2024\/01\/logo-atletico-madrid-espagne.png\" alt=\"\" srcset=\"https:\/\/www.topicfoot.fr\/wp-content\/uploads\/2024\/01\/logo-atletico-madrid-espagne.png 600w, https:\/\/www.topicfoot.fr\/wp-content\/uploads\/2024\/01\/logo-atletico-madrid-espagne-300x300.png 300w, https:\/\/www.topicfoot.fr\/wp-content\/uploads\/2024\/01\/logo-atletico-madrid-espagne-150x150.png 150w\" sizes=\"auto, (max-width: 70px) 100vw, 70px\" \/><\/a><br><a href=\"https:\/\/www.topicfoot.fr\/index.php\/athletico-madrid-espagne\/\">CAM<\/a><\/td><\/tr><tr><td class=\"has-text-align-center\" data-align=\"center\"><a style=\"text-align: start; white-space: normal;\" href=\"https:\/\/www.topicfoot.fr\/index.php\/rayo-vallecano-madrid-espagne\/\"><img loading=\"lazy\" decoding=\"async\" width=\"70\" height=\"70\" class=\"wp-image-4063\" style=\"width: 70px;\" src=\"https:\/\/www.topicfoot.fr\/wp-content\/uploads\/2024\/01\/logo-rv-madrid-espagne.png\" alt=\"\" srcset=\"https:\/\/www.topicfoot.fr\/wp-content\/uploads\/2024\/01\/logo-rv-madrid-espagne.png 600w, https:\/\/www.topicfoot.fr\/wp-content\/uploads\/2024\/01\/logo-rv-madrid-espagne-300x300.png 300w, https:\/\/www.topicfoot.fr\/wp-content\/uploads\/2024\/01\/logo-rv-madrid-espagne-150x150.png 150w\" sizes=\"auto, (max-width: 70px) 100vw, 70px\" \/><\/a><br><a href=\"https:\/\/www.topicfoot.fr\/index.php\/rayo-vallecano-madrid-espagne\/\">RVM<\/a><\/td><td class=\"has-text-align-center\" data-align=\"center\"><a href=\"https:\/\/www.topicfoot.fr\/index.php\/actu-real-madrid\/\"><img loading=\"lazy\" decoding=\"async\" width=\"70\" height=\"70\" class=\"wp-image-4061\" style=\"width: 70px;\" src=\"https:\/\/www.topicfoot.fr\/wp-content\/uploads\/2024\/01\/logo-real-madrid-espagne.png\" alt=\"\" srcset=\"https:\/\/www.topicfoot.fr\/wp-content\/uploads\/2024\/01\/logo-real-madrid-espagne.png 600w, https:\/\/www.topicfoot.fr\/wp-content\/uploads\/2024\/01\/logo-real-madrid-espagne-300x300.png 300w, https:\/\/www.topicfoot.fr\/wp-content\/uploads\/2024\/01\/logo-real-madrid-espagne-150x150.png 150w\" sizes=\"auto, (max-width: 70px) 100vw, 70px\" \/><\/a><br><a href=\"https:\/\/www.topicfoot.fr\/index.php\/actu-real-madrid\/\">RMCF<\/a><\/td><td class=\"has-text-align-center\" data-align=\"center\"><a style=\"text-align: start; white-space: normal;\" href=\"https:\/\/www.topicfoot.fr\/index.php\/rcd-majorque-espagne\/\"><img loading=\"lazy\" decoding=\"async\" width=\"70\" height=\"70\" class=\"wp-image-4057\" style=\"width: 70px;\" src=\"https:\/\/www.topicfoot.fr\/wp-content\/uploads\/2024\/01\/logo-mallorca-espagne.png\" alt=\"\" srcset=\"https:\/\/www.topicfoot.fr\/wp-content\/uploads\/2024\/01\/logo-mallorca-espagne.png 600w, https:\/\/www.topicfoot.fr\/wp-content\/uploads\/2024\/01\/logo-mallorca-espagne-300x300.png 300w, https:\/\/www.topicfoot.fr\/wp-content\/uploads\/2024\/01\/logo-mallorca-espagne-150x150.png 150w\" sizes=\"auto, (max-width: 70px) 100vw, 70px\" \/><\/a><br><a href=\"https:\/\/www.topicfoot.fr\/index.php\/rcd-majorque-espagne\/\">RCDM<\/a><\/td><td class=\"has-text-align-center\" data-align=\"center\"><a style=\"text-align: start; white-space: normal;\" href=\"https:\/\/www.topicfoot.fr\/index.php\/club-atletico-sasuna-espagne\/\"><img loading=\"lazy\" decoding=\"async\" width=\"70\" height=\"70\" class=\"wp-image-4058\" style=\"width: 70px;\" src=\"https:\/\/www.topicfoot.fr\/wp-content\/uploads\/2024\/01\/logo-osasuna-espagne.png\" alt=\"\" srcset=\"https:\/\/www.topicfoot.fr\/wp-content\/uploads\/2024\/01\/logo-osasuna-espagne.png 600w, https:\/\/www.topicfoot.fr\/wp-content\/uploads\/2024\/01\/logo-osasuna-espagne-300x300.png 300w, https:\/\/www.topicfoot.fr\/wp-content\/uploads\/2024\/01\/logo-osasuna-espagne-150x150.png 150w\" sizes=\"auto, (max-width: 70px) 100vw, 70px\" \/><\/a><br><a href=\"https:\/\/www.topicfoot.fr\/index.php\/club-atletico-sasuna-espagne\/\">CAO<\/a><\/td><td class=\"has-text-align-center\" data-align=\"center\"><a href=\"https:\/\/www.topicfoot.fr\/index.php\/real-oviedo-espagne\"><img decoding=\"async\" class=\"wp-image-4053\" style=\"width: 70px;\" src=\"https:\/\/www.topicfoot.fr\/wp-content\/uploads\/2025\/08\/logo-real-oviedo-150x150-1.webp\" alt=\"\"><\/a><br><a href=\"https:\/\/www.topicfoot.fr\/index.php\/real-oviedo-espagne\">RO<\/a><\/td><\/tr><tr><td class=\"has-text-align-center\" data-align=\"center\"><a style=\"text-align: start; white-space: normal;\" href=\"https:\/\/www.topicfoot.fr\/index.php\/fc-seville-espagne\/\"><img loading=\"lazy\" decoding=\"async\" width=\"70\" height=\"70\" class=\"wp-image-4064\" style=\"width: 70px;\" src=\"https:\/\/www.topicfoot.fr\/wp-content\/uploads\/2024\/01\/logo-sevilla-espagne.png\" alt=\"\" srcset=\"https:\/\/www.topicfoot.fr\/wp-content\/uploads\/2024\/01\/logo-sevilla-espagne.png 600w, https:\/\/www.topicfoot.fr\/wp-content\/uploads\/2024\/01\/logo-sevilla-espagne-300x300.png 300w, https:\/\/www.topicfoot.fr\/wp-content\/uploads\/2024\/01\/logo-sevilla-espagne-150x150.png 150w\" sizes=\"auto, (max-width: 70px) 100vw, 70px\" \/><\/a><br><a href=\"https:\/\/www.topicfoot.fr\/index.php\/fc-seville-espagne\/\">SFC<\/a><\/td><td class=\"has-text-align-center\" data-align=\"center\"><a style=\"text-align: start; white-space: normal;\" href=\"https:\/\/www.topicfoot.fr\/index.php\/real-sociedad-espagne\/\"><img loading=\"lazy\" decoding=\"async\" width=\"70\" height=\"70\" class=\"wp-image-4062\" style=\"width: 70px;\" src=\"https:\/\/www.topicfoot.fr\/wp-content\/uploads\/2024\/01\/logo-real-sociedad-espagne.png\" alt=\"\" srcset=\"https:\/\/www.topicfoot.fr\/wp-content\/uploads\/2024\/01\/logo-real-sociedad-espagne.png 600w, https:\/\/www.topicfoot.fr\/wp-content\/uploads\/2024\/01\/logo-real-sociedad-espagne-300x300.png 300w, https:\/\/www.topicfoot.fr\/wp-content\/uploads\/2024\/01\/logo-real-sociedad-espagne-150x150.png 150w\" sizes=\"auto, (max-width: 70px) 100vw, 70px\" \/><\/a><br><a style=\"text-align: start; white-space: normal;\" href=\"https:\/\/www.topicfoot.fr\/index.php\/real-sociedad-espagne\/\">RSF<\/a><\/td><td class=\"has-text-align-center\" data-align=\"center\"><a style=\"text-align: start; white-space: normal;\" href=\"https:\/\/www.topicfoot.fr\/index.php\/valence-cf-espagne\/\"><img loading=\"lazy\" decoding=\"async\" width=\"70\" height=\"70\" class=\"wp-image-4065\" style=\"width: 70px;\" src=\"https:\/\/www.topicfoot.fr\/wp-content\/uploads\/2024\/01\/logo-valencia-espagne.png\" alt=\"\" srcset=\"https:\/\/www.topicfoot.fr\/wp-content\/uploads\/2024\/01\/logo-valencia-espagne.png 600w, https:\/\/www.topicfoot.fr\/wp-content\/uploads\/2024\/01\/logo-valencia-espagne-300x300.png 300w, https:\/\/www.topicfoot.fr\/wp-content\/uploads\/2024\/01\/logo-valencia-espagne-150x150.png 150w\" sizes=\"auto, (max-width: 70px) 100vw, 70px\" \/><\/a><br><a href=\"https:\/\/www.topicfoot.fr\/index.php\/valence-cf-espagne\/\">VCF<\/a><\/td><td class=\"has-text-align-center\" data-align=\"center\"><a style=\"text-align: start; white-space: normal;\" href=\"https:\/\/www.topicfoot.fr\/index.php\/celta-vigo-espagne\/\"><img loading=\"lazy\" decoding=\"async\" width=\"70\" height=\"70\" class=\"wp-image-4059\" style=\"width: 70px;\" src=\"https:\/\/www.topicfoot.fr\/wp-content\/uploads\/2024\/01\/logo-rc-celta-vigo-espagne.png\" alt=\"\" srcset=\"https:\/\/www.topicfoot.fr\/wp-content\/uploads\/2024\/01\/logo-rc-celta-vigo-espagne.png 600w, https:\/\/www.topicfoot.fr\/wp-content\/uploads\/2024\/01\/logo-rc-celta-vigo-espagne-300x300.png 300w, https:\/\/www.topicfoot.fr\/wp-content\/uploads\/2024\/01\/logo-rc-celta-vigo-espagne-150x150.png 150w\" sizes=\"auto, (max-width: 70px) 100vw, 70px\" \/><\/a><br><a href=\"https:\/\/www.topicfoot.fr\/index.php\/celta-vigo-espagne\/\">RCCV<\/a><\/td><td class=\"has-text-align-center\" data-align=\"center\"><a style=\"text-align: start; white-space: normal;\" href=\"https:\/\/www.topicfoot.fr\/index.php\/villarreal-cf-espagne\/\"><img loading=\"lazy\" decoding=\"async\" width=\"70\" height=\"70\" class=\"wp-image-4066\" style=\"width: 70px;\" src=\"https:\/\/www.topicfoot.fr\/wp-content\/uploads\/2024\/01\/logo-villarreal-espagne.png\" alt=\"\" srcset=\"https:\/\/www.topicfoot.fr\/wp-content\/uploads\/2024\/01\/logo-villarreal-espagne.png 600w, https:\/\/www.topicfoot.fr\/wp-content\/uploads\/2024\/01\/logo-villarreal-espagne-300x300.png 300w, https:\/\/www.topicfoot.fr\/wp-content\/uploads\/2024\/01\/logo-villarreal-espagne-150x150.png 150w\" sizes=\"auto, (max-width: 70px) 100vw, 70px\" \/><\/a><br><a href=\"https:\/\/www.topicfoot.fr\/index.php\/villarreal-cf-espagne\/\">CVF<\/a><\/td><\/tr><\/tbody><\/table><\/figure>\n\n\n\n<div class=\"wp-block-columns is-layout-flex wp-container-core-columns-is-layout-9d6595d7 wp-block-columns-is-layout-flex\">\n<div class=\"wp-block-column is-layout-flow wp-block-column-is-layout-flow\">\n<div class=\"wp-block-columns is-layout-flex wp-container-core-columns-is-layout-9d6595d7 wp-block-columns-is-layout-flex\">\n<div class=\"wp-block-column is-layout-flow wp-block-column-is-layout-flow\" style=\"flex-basis:100%\">\n<h1 class=\"wp-block-heading has-text-align-center\">Stade du Real Madrid<\/h1>\n<\/div>\n<\/div>\n\n\n\n<figure class=\"wp-block-table is-style-stripes\"><table class=\"has-fixed-layout\"><tbody><tr><td class=\"has-text-align-center\" data-align=\"center\"><strong><a href=\"https:\/\/www.topicfoot.fr\/index.php\/actu-real-madrid\/\">Actu<\/a><\/strong><\/td><td class=\"has-text-align-center\" data-align=\"center\"><strong><a href=\"https:\/\/www.topicfoot.fr\/index.php\/classement-real-madrid\/\">Classement<\/a><\/strong><\/td><td class=\"has-text-align-center\" data-align=\"center\"><strong><a href=\"https:\/\/www.topicfoot.fr\/index.php\/meilleurs-buteurs-real-madrid\/\">Buteur<\/a><\/strong><\/td><\/tr><tr><td class=\"has-text-align-center\" data-align=\"center\"><strong><a href=\"https:\/\/www.topicfoot.fr\/index.php\/resultats-du-real-de-madrid\/\">R\u00e9sultats<\/a><\/strong><\/td><td class=\"has-text-align-center\" data-align=\"center\"><strong><a href=\"https:\/\/www.topicfoot.fr\/index.php\/real-madrid-espagne\/\">Calendrier<\/a><\/strong><\/td><td class=\"has-text-align-center\" data-align=\"center\"><strong><a href=\"https:\/\/www.topicfoot.fr\/index.php\/stade-real-madrid\/\">Stade<\/a><\/strong><\/td><\/tr><\/tbody><\/table><\/figure>\n\n\n<div class=\"wp-block-image\">\n<figure class=\"aligncenter size-full is-resized\"><img loading=\"lazy\" decoding=\"async\" width=\"600\" height=\"600\" src=\"https:\/\/www.topicfoot.fr\/wp-content\/uploads\/2024\/01\/logo-real-madrid-espagne.png\" alt=\"R\u00e9sultats du Real de Madrid\u200b\" class=\"wp-image-4061\" style=\"width:60px;height:auto\" srcset=\"https:\/\/www.topicfoot.fr\/wp-content\/uploads\/2024\/01\/logo-real-madrid-espagne.png 600w, https:\/\/www.topicfoot.fr\/wp-content\/uploads\/2024\/01\/logo-real-madrid-espagne-300x300.png 300w, https:\/\/www.topicfoot.fr\/wp-content\/uploads\/2024\/01\/logo-real-madrid-espagne-150x150.png 150w\" sizes=\"auto, (max-width: 600px) 100vw, 600px\" \/><\/figure>\n<\/div><\/div>\n<\/div>\n\n\n\n<h2 class=\"wp-block-heading\" id=\"stade\">Stade Officiel : <\/h2>\n\n\n\n<p>Le <strong>Stade Santiago-Bernab\u00e9u<br>84.744 places<\/strong><\/p>\n\n\n<div class=\"wp-block-image\">\n<figure class=\"aligncenter size-full\"><img loading=\"lazy\" decoding=\"async\" width=\"1024\" height=\"576\" src=\"https:\/\/www.topicfoot.fr\/wp-content\/uploads\/2024\/10\/stade-bernabeu-tf03-jpg.webp\" alt=\"stade du real madrid\" class=\"wp-image-10501\" srcset=\"https:\/\/www.topicfoot.fr\/wp-content\/uploads\/2024\/10\/stade-bernabeu-tf03-jpg.webp 1024w, https:\/\/www.topicfoot.fr\/wp-content\/uploads\/2024\/10\/stade-bernabeu-tf03-300x169.webp 300w, https:\/\/www.topicfoot.fr\/wp-content\/uploads\/2024\/10\/stade-bernabeu-tf03-768x432.webp 768w, https:\/\/www.topicfoot.fr\/wp-content\/uploads\/2024\/10\/stade-bernabeu-tf03-678x381.webp 678w\" sizes=\"auto, (max-width: 1024px) 100vw, 1024px\" \/><\/figure>\n<\/div>\n\n\n<div style=\"height:40px\" aria-hidden=\"true\" class=\"wp-block-spacer\"><\/div>\n\n\n\n<h2 class=\"wp-block-heading\" id=\"infos\"><strong>Stade du Real Madrid : joyau architectural et pilier du succ\u00e8s merengue<\/strong><\/h2>\n\n\n\n<p>Le Stade du Real Madrid incarne la grandeur du club. Ce temple du football m\u00eale histoire, innovation et ambition sans compromis. Depuis sa cr\u00e9ation jusqu\u2019\u00e0 sa derni\u00e8re r\u00e9novation, le Santiago Bernab\u00e9u symbolise l\u2019identit\u00e9 d\u2019un g\u00e9ant du sport mondial.<\/p>\n\n\n\n<h2 class=\"wp-block-heading\"><strong>Une naissance port\u00e9e par l\u2019ambition de Santiago Bernab\u00e9u<\/strong><\/h2>\n\n\n\n<p>Le Stade du Real Madrid trouve son origine dans la vision de Santiago Bernab\u00e9u. En 1943, fra\u00eechement \u00e9lu pr\u00e9sident, il consid\u00e8re le stade Chamart\u00edn d\u00e9pass\u00e9. Son objectif est clair : b\u00e2tir un lieu \u00e0 la hauteur de son club. D\u00e8s l\u2019\u00e9t\u00e9 1944, le Real Madrid ach\u00e8te un terrain voisin. Les travaux d\u00e9butent le 27 octobre 1944. Trois ans plus tard, le 14 d\u00e9cembre 1947, le nouveau stade est inaugur\u00e9. Ce Nouveau Chamart\u00edn peut accueillir 75 145 spectateurs. Il devient imm\u00e9diatement le th\u00e9\u00e2tre de grandes rencontres. Le premier match oppose le Real Madrid au Belenenses portugais. Sabino Barinaga entre dans l\u2019histoire en inscrivant le premier but du Stade du Real Madrid. D\u00e8s ce moment, l\u2019enceinte devient le c\u0153ur battant du club madril\u00e8ne.<\/p>\n\n\n\n<h2 class=\"wp-block-heading\"><strong>Un stade qui \u00e9volue avec son temps<\/strong><\/h2>\n\n\n\n<p>Avec les ann\u00e9es, le Stade du Real Madrid subit plusieurs r\u00e9novations. Le club veut offrir un \u00e9crin moderne \u00e0 ses supporters. Sous Florentino P\u00e9rez, pr\u00e9sident embl\u00e9matique, le Bernab\u00e9u entre dans une nouvelle \u00e8re. Depuis 2000, plus de 256 millions d\u2019euros sont investis dans diverses am\u00e9liorations. Mais c\u2019est en 2010 que na\u00eet un projet audacieux : faire du stade une ic\u00f4ne mondiale. L\u2019ambition est double : moderniser l\u2019enceinte et en faire une source de revenus stable. En 2011, les socios valident cette proposition ambitieuse. En 2012, les autorit\u00e9s locales donnent leur feu vert. Ce plan inclut une fa\u00e7ade futuriste, une couverture int\u00e9grale, un h\u00f4tel et un centre commercial. Pour concr\u00e9tiser cette vision, un concours d\u2019architecture est lanc\u00e9. Le projet retenu, port\u00e9 par GMP, L35 et Ribas &amp; Ribas, est annonc\u00e9 en janvier 2014.<\/p>\n\n\n\n<h2 class=\"wp-block-heading\"><strong>Des d\u00e9fis juridiques et urbains freinant les ambitions<\/strong><\/h2>\n\n\n\n<p>Le projet initial conna\u00eet un revers en f\u00e9vrier 2015. Le Tribunal Sup\u00e9rieur de Justice de Madrid annule l\u2019approbation urbaine. Il estime que le plan viole l\u2019int\u00e9r\u00eat g\u00e9n\u00e9ral. L\u2019h\u00f4tel et le centre commercial sont jug\u00e9s contraires aux normes. Le Real Madrid adapte alors son plan. L\u2019objectif est de respecter la l\u00e9gislation sans renoncer \u00e0 l\u2019innovation. En 2016, un nouveau projet voit le jour. Il supprime les \u00e9l\u00e9ments contest\u00e9s et limite l\u2019\u00e9l\u00e9vation du stade \u00e0 60 m\u00e8tres. Le stade ne gagne pas en capacit\u00e9, mais offre plus de confort. En mai 2017, la mairie approuve enfin la r\u00e9forme. Les travaux commencent en juin 2019. L\u2019entreprise FCC Construcciones prend en charge la transformation du Stade du Real Madrid.<\/p>\n\n\n\n<h2 class=\"wp-block-heading\"><strong>Un financement colossal pour un projet d\u2019envergure mondiale<\/strong><\/h2>\n\n\n\n<p>Pour financer cette transformation, le club contracte trois pr\u00eats majeurs. En 2019, un premier pr\u00eat de 575 millions d\u2019euros sign\u00e9 sur 30 ans. Pour 2021, c&rsquo;est 225 millions d\u2019euros suppl\u00e9mentaires qui sont obtenus. En 2023, un dernier pr\u00eat de 370 millions vient s\u2019ajouter. Le montant total atteint 1,17 milliard d\u2019euros, avec des remboursements annuels de 60 millions. Ce montant reste inf\u00e9rieur \u00e0 la moiti\u00e9 des futurs b\u00e9n\u00e9fices attendus. Ce financement ambitieux illustre la confiance du club en son projet. Le Stade du Real Madrid devient un investissement strat\u00e9gique, et non un simple lieu de jeu.<\/p>\n\n\n\n<h2 class=\"wp-block-heading\"><strong>Un stade futuriste au service de l\u2019exp\u00e9rience et de la rentabilit\u00e9<\/strong><\/h2>\n\n\n\n<p>Le nouveau Stade du Real Madrid se distingue par des innovations spectaculaires. Sa fa\u00e7ade d\u2019acier inoxydable courb\u00e9 change d\u2019apparence selon la lumi\u00e8re. Elle peut s\u2019ouvrir et se fermer pour s\u2019adapter \u00e0 chaque \u00e9v\u00e9nement. Une couverture r\u00e9tractable de 8 000 m\u00b2 permet une utilisation permanente du stade. Ce toit en membrane de PTFE s\u2019illumine gr\u00e2ce \u00e0 des LED int\u00e9gr\u00e9es. Le terrain est enti\u00e8rement modulable gr\u00e2ce \u00e0 un syst\u00e8me unique. Il se divise en six plateaux stock\u00e9s sous le stade. L\u2019hypog\u00e9e, serre souterraine de 30 m\u00e8tres de profondeur, en assure la conservation. Ce m\u00e9canisme, unique au monde, permet d\u2019organiser concerts et \u00e9v\u00e9nements en quelques heures.<\/p>\n\n\n\n<h2 class=\"wp-block-heading\"><strong>Une immersion totale gr\u00e2ce aux technologies les plus avanc\u00e9es<\/strong><\/h2>\n\n\n\n<p>Le Stade du Real Madrid est le premier en Europe \u00e0 proposer un \u00e9cran \u00e0 360 degr\u00e9s. Suspendu au toit, ce dispositif g\u00e9ant diffuse replays, statistiques et contenus interactifs. Sa r\u00e9solution ultra haute d\u00e9finition garantit une exp\u00e9rience optimale. En compl\u00e9ment, dix \u00e9crans suppl\u00e9mentaires install\u00e9s pour les gradins sup\u00e9rieurs. Le stade propose aussi un Skywalk 360. Cette passerelle panoramique offre une vue imprenable sur Madrid. On y trouve un restaurant gastronomique et un Skybar VIP. Avec ses 700 m\u00b2 de surface et ses terrasses, le Skybar devient une r\u00e9f\u00e9rence mondiale. Il m\u00eale architecture madril\u00e8ne et technologie pour une ambiance unique.<\/p>\n\n\n\n<h2 class=\"wp-block-heading\"><strong>Un stade pens\u00e9 pour tous les publics<\/strong><\/h2>\n\n\n\n<p>Le Stade du Real Madrid se veut accessible \u00e0 tous. Les places pour personnes \u00e0 mobilit\u00e9 r\u00e9duite sont multipli\u00e9es. Les acc\u00e8s sont modernis\u00e9s, les barri\u00e8res supprim\u00e9es. Tous les si\u00e8ges remplac\u00e9s par des mod\u00e8les rabattables bleu marine. Une nouvelle tribune de 3 000 places est construite c\u00f4t\u00e9 Est. Elle compense les pertes dues \u00e0 l\u2019agrandissement des espaces. Le stade devient aussi un centre de vie. Il accueille deux mus\u00e9es, un march\u00e9 gastronomique et une m\u00e9ga boutique. Le Bernab\u00e9u Market, avec ses 3 000 m\u00b2, propose une exp\u00e9rience culinaire in\u00e9dite. Inspir\u00e9 de Tokyo et Hong Kong, il m\u00eale stands en pierre et structures m\u00e9talliques. Les jours de match, une partie est r\u00e9serv\u00e9e aux invit\u00e9s VIP.<\/p>\n\n\n\n<h2 class=\"wp-block-heading\"><strong>Une transformation urbaine autour du stade<\/strong><\/h2>\n\n\n\n<p>Les alentours du Stade du Real Madrid enti\u00e8rement r\u00e9am\u00e9nag\u00e9s. 66 700 m\u00b2 sont transform\u00e9s pour cr\u00e9er deux grandes places publiques. Un parking souterrain de cinq \u00e9tages est construit. La rue Rafael Salgado est d\u00e9sormais pi\u00e9tonne. L\u2019am\u00e9nagement paysager modernise tout le quartier. Le stade s\u2019int\u00e8gre dans la ville tout en renfor\u00e7ant son aura internationale. Il devient une destination touristique et un p\u00f4le d\u2019attractivit\u00e9 \u00e9conomique. M\u00eame son nom \u00e9volue. Bient\u00f4t, il s\u2019appellera simplement \u00ab\u00a0stade Bernab\u00e9u\u00a0\u00bb pour des raisons de marketing. Ce changement vise \u00e0 renforcer sa marque \u00e0 l\u2019international.<\/p>\n\n\n\n<h2 class=\"wp-block-heading\"><strong>Le Stade du Real Madrid, un monument du XXIe si\u00e8cle<\/strong><\/h2>\n\n\n\n<p id=\"infos\">Le Stade du Real Madrid ne se contente plus d\u2019\u00eatre un lieu de football. Il devient un symbole d\u2019innovation, de puissance et de vision strat\u00e9gique. Gr\u00e2ce \u00e0 sa r\u00e9novation, il s\u2019impose comme une r\u00e9f\u00e9rence mondiale dans le sport et l\u2019architecture. Son histoire riche, ses transformations audacieuses et ses technologies en font un bijou unique. Plus qu\u2019un stade, c\u2019est un centre n\u00e9vralgique au service d\u2019une institution. Le Real Madrid consolide ainsi son statut de leader mondial. Et le <a href=\"https:\/\/www.realmadrid.com\">Stade du Real Madrid<\/a>, en devenant une destination \u00e0 part enti\u00e8re, participe pleinement \u00e0 cette dynamique.<\/p>\n\n\n\n<p><\/p>\n","protected":false},"excerpt":{"rendered":"<div class=\"mh-excerpt\">Le Stade du Real Madrid incarne la grandeur du club. Ce temple du football m\u00eale histoire, innovation et ambition sans compromis. <\/div>\n<p> <a class=\"mh-excerpt-more\" href=\"https:\/\/www.topicfoot.fr\/index.php\/stade-real-madrid\/\" title=\"Stade du Real Madrid\">[&#8230;]<\/a><\/p>\n","protected":false},"author":1,"featured_media":4061,"parent":0,"menu_order":0,"comment_status":"closed","ping_status":"closed","template":"template-full.php","meta":{"footnotes":""},"folder":[179],"class_list":["post-13564","page","type-page","status-publish","has-post-thumbnail"],"yoast_head":"<!-- This site is optimized with the Yoast SEO plugin v27.4 - https:\/\/yoast.com\/product\/yoast-seo-wordpress\/ -->\n<title>Stade du Real Madrid<\/title>\n<meta name=\"description\" content=\"Le Stade du Real Madrid incarne la grandeur du club. Ce temple du football m\u00eale histoire, innovation et ambition sans compromis.\" \/>\n<meta name=\"robots\" content=\"index, follow, max-snippet:-1, max-image-preview:large, max-video-preview:-1\" \/>\n<link rel=\"canonical\" href=\"https:\/\/www.topicfoot.fr\/index.php\/stade-real-madrid\/\" \/>\n<meta property=\"og:locale\" content=\"fr_FR\" \/>\n<meta property=\"og:type\" content=\"article\" \/>\n<meta property=\"og:title\" content=\"Stade du Real Madrid\" \/>\n<meta property=\"og:description\" content=\"Le Stade du Real Madrid incarne la grandeur du club. Ce temple du football m\u00eale histoire, innovation et ambition sans compromis.\" \/>\n<meta property=\"og:url\" content=\"https:\/\/www.topicfoot.fr\/index.php\/stade-real-madrid\/\" \/>\n<meta property=\"og:site_name\" content=\"Topic Foot\" \/>\n<meta property=\"article:publisher\" content=\"https:\/\/www.facebook.com\/topicfoot.fr\" \/>\n<meta property=\"article:modified_time\" content=\"2025-08-05T07:34:15+00:00\" \/>\n<meta property=\"og:image\" content=\"https:\/\/www.topicfoot.fr\/wp-content\/uploads\/2024\/01\/logo-real-madrid-espagne.png\" \/>\n\t<meta property=\"og:image:width\" content=\"600\" \/>\n\t<meta property=\"og:image:height\" content=\"600\" \/>\n\t<meta property=\"og:image:type\" content=\"image\/png\" \/>\n<meta name=\"twitter:card\" content=\"summary_large_image\" \/>\n<meta name=\"twitter:label1\" content=\"Dur\u00e9e de lecture estim\u00e9e\" \/>\n\t<meta name=\"twitter:data1\" content=\"11 minutes\" \/>\n<script type=\"application\/ld+json\" class=\"yoast-schema-graph\">{\"@context\":\"https:\\\/\\\/schema.org\",\"@graph\":[{\"@type\":\"WebPage\",\"@id\":\"https:\\\/\\\/www.topicfoot.fr\\\/index.php\\\/stade-real-madrid\\\/\",\"url\":\"https:\\\/\\\/www.topicfoot.fr\\\/index.php\\\/stade-real-madrid\\\/\",\"name\":\"Stade du Real Madrid\",\"isPartOf\":{\"@id\":\"https:\\\/\\\/www.topicfoot.fr\\\/#website\"},\"primaryImageOfPage\":{\"@id\":\"https:\\\/\\\/www.topicfoot.fr\\\/index.php\\\/stade-real-madrid\\\/#primaryimage\"},\"image\":{\"@id\":\"https:\\\/\\\/www.topicfoot.fr\\\/index.php\\\/stade-real-madrid\\\/#primaryimage\"},\"thumbnailUrl\":\"https:\\\/\\\/www.topicfoot.fr\\\/wp-content\\\/uploads\\\/2024\\\/01\\\/logo-real-madrid-espagne.png\",\"datePublished\":\"2025-04-18T17:44:02+00:00\",\"dateModified\":\"2025-08-05T07:34:15+00:00\",\"description\":\"Le Stade du Real Madrid incarne la grandeur du club. Ce temple du football m\u00eale histoire, innovation et ambition sans compromis.\",\"breadcrumb\":{\"@id\":\"https:\\\/\\\/www.topicfoot.fr\\\/index.php\\\/stade-real-madrid\\\/#breadcrumb\"},\"inLanguage\":\"fr-FR\",\"potentialAction\":[{\"@type\":\"ReadAction\",\"target\":[\"https:\\\/\\\/www.topicfoot.fr\\\/index.php\\\/stade-real-madrid\\\/\"]}]},{\"@type\":\"ImageObject\",\"inLanguage\":\"fr-FR\",\"@id\":\"https:\\\/\\\/www.topicfoot.fr\\\/index.php\\\/stade-real-madrid\\\/#primaryimage\",\"url\":\"https:\\\/\\\/www.topicfoot.fr\\\/wp-content\\\/uploads\\\/2024\\\/01\\\/logo-real-madrid-espagne.png\",\"contentUrl\":\"https:\\\/\\\/www.topicfoot.fr\\\/wp-content\\\/uploads\\\/2024\\\/01\\\/logo-real-madrid-espagne.png\",\"width\":600,\"height\":600},{\"@type\":\"BreadcrumbList\",\"@id\":\"https:\\\/\\\/www.topicfoot.fr\\\/index.php\\\/stade-real-madrid\\\/#breadcrumb\",\"itemListElement\":[{\"@type\":\"ListItem\",\"position\":1,\"name\":\"Accueil\",\"item\":\"https:\\\/\\\/www.topicfoot.fr\\\/\"},{\"@type\":\"ListItem\",\"position\":2,\"name\":\"Stade du Real Madrid\"}]},{\"@type\":\"WebSite\",\"@id\":\"https:\\\/\\\/www.topicfoot.fr\\\/#website\",\"url\":\"https:\\\/\\\/www.topicfoot.fr\\\/\",\"name\":\"Topic Foot\",\"description\":\"Tous l&#039;univers du Foot !\",\"publisher\":{\"@id\":\"https:\\\/\\\/www.topicfoot.fr\\\/#organization\"},\"potentialAction\":[{\"@type\":\"SearchAction\",\"target\":{\"@type\":\"EntryPoint\",\"urlTemplate\":\"https:\\\/\\\/www.topicfoot.fr\\\/?s={search_term_string}\"},\"query-input\":{\"@type\":\"PropertyValueSpecification\",\"valueRequired\":true,\"valueName\":\"search_term_string\"}}],\"inLanguage\":\"fr-FR\"},{\"@type\":\"Organization\",\"@id\":\"https:\\\/\\\/www.topicfoot.fr\\\/#organization\",\"name\":\"Topic Foot\",\"url\":\"https:\\\/\\\/www.topicfoot.fr\\\/\",\"logo\":{\"@type\":\"ImageObject\",\"inLanguage\":\"fr-FR\",\"@id\":\"https:\\\/\\\/www.topicfoot.fr\\\/#\\\/schema\\\/logo\\\/image\\\/\",\"url\":\"https:\\\/\\\/www.topicfoot.fr\\\/wp-content\\\/uploads\\\/2024\\\/04\\\/cropped-logo-topicfoot-new.jpg\",\"contentUrl\":\"https:\\\/\\\/www.topicfoot.fr\\\/wp-content\\\/uploads\\\/2024\\\/04\\\/cropped-logo-topicfoot-new.jpg\",\"width\":512,\"height\":512,\"caption\":\"Topic Foot\"},\"image\":{\"@id\":\"https:\\\/\\\/www.topicfoot.fr\\\/#\\\/schema\\\/logo\\\/image\\\/\"},\"sameAs\":[\"https:\\\/\\\/www.facebook.com\\\/topicfoot.fr\"]}]}<\/script>\n<!-- \/ Yoast SEO plugin. -->","yoast_head_json":{"title":"Stade du Real Madrid","description":"Le Stade du Real Madrid incarne la grandeur du club. Ce temple du football m\u00eale histoire, innovation et ambition sans compromis.","robots":{"index":"index","follow":"follow","max-snippet":"max-snippet:-1","max-image-preview":"max-image-preview:large","max-video-preview":"max-video-preview:-1"},"canonical":"https:\/\/www.topicfoot.fr\/index.php\/stade-real-madrid\/","og_locale":"fr_FR","og_type":"article","og_title":"Stade du Real Madrid","og_description":"Le Stade du Real Madrid incarne la grandeur du club. Ce temple du football m\u00eale histoire, innovation et ambition sans compromis.","og_url":"https:\/\/www.topicfoot.fr\/index.php\/stade-real-madrid\/","og_site_name":"Topic Foot","article_publisher":"https:\/\/www.facebook.com\/topicfoot.fr","article_modified_time":"2025-08-05T07:34:15+00:00","og_image":[{"width":600,"height":600,"url":"https:\/\/www.topicfoot.fr\/wp-content\/uploads\/2024\/01\/logo-real-madrid-espagne.png","type":"image\/png"}],"twitter_card":"summary_large_image","twitter_misc":{"Dur\u00e9e de lecture estim\u00e9e":"11 minutes"},"schema":{"@context":"https:\/\/schema.org","@graph":[{"@type":"WebPage","@id":"https:\/\/www.topicfoot.fr\/index.php\/stade-real-madrid\/","url":"https:\/\/www.topicfoot.fr\/index.php\/stade-real-madrid\/","name":"Stade du Real Madrid","isPartOf":{"@id":"https:\/\/www.topicfoot.fr\/#website"},"primaryImageOfPage":{"@id":"https:\/\/www.topicfoot.fr\/index.php\/stade-real-madrid\/#primaryimage"},"image":{"@id":"https:\/\/www.topicfoot.fr\/index.php\/stade-real-madrid\/#primaryimage"},"thumbnailUrl":"https:\/\/www.topicfoot.fr\/wp-content\/uploads\/2024\/01\/logo-real-madrid-espagne.png","datePublished":"2025-04-18T17:44:02+00:00","dateModified":"2025-08-05T07:34:15+00:00","description":"Le Stade du Real Madrid incarne la grandeur du club. Ce temple du football m\u00eale histoire, innovation et ambition sans compromis.","breadcrumb":{"@id":"https:\/\/www.topicfoot.fr\/index.php\/stade-real-madrid\/#breadcrumb"},"inLanguage":"fr-FR","potentialAction":[{"@type":"ReadAction","target":["https:\/\/www.topicfoot.fr\/index.php\/stade-real-madrid\/"]}]},{"@type":"ImageObject","inLanguage":"fr-FR","@id":"https:\/\/www.topicfoot.fr\/index.php\/stade-real-madrid\/#primaryimage","url":"https:\/\/www.topicfoot.fr\/wp-content\/uploads\/2024\/01\/logo-real-madrid-espagne.png","contentUrl":"https:\/\/www.topicfoot.fr\/wp-content\/uploads\/2024\/01\/logo-real-madrid-espagne.png","width":600,"height":600},{"@type":"BreadcrumbList","@id":"https:\/\/www.topicfoot.fr\/index.php\/stade-real-madrid\/#breadcrumb","itemListElement":[{"@type":"ListItem","position":1,"name":"Accueil","item":"https:\/\/www.topicfoot.fr\/"},{"@type":"ListItem","position":2,"name":"Stade du Real Madrid"}]},{"@type":"WebSite","@id":"https:\/\/www.topicfoot.fr\/#website","url":"https:\/\/www.topicfoot.fr\/","name":"Topic Foot","description":"Tous l&#039;univers du Foot !","publisher":{"@id":"https:\/\/www.topicfoot.fr\/#organization"},"potentialAction":[{"@type":"SearchAction","target":{"@type":"EntryPoint","urlTemplate":"https:\/\/www.topicfoot.fr\/?s={search_term_string}"},"query-input":{"@type":"PropertyValueSpecification","valueRequired":true,"valueName":"search_term_string"}}],"inLanguage":"fr-FR"},{"@type":"Organization","@id":"https:\/\/www.topicfoot.fr\/#organization","name":"Topic Foot","url":"https:\/\/www.topicfoot.fr\/","logo":{"@type":"ImageObject","inLanguage":"fr-FR","@id":"https:\/\/www.topicfoot.fr\/#\/schema\/logo\/image\/","url":"https:\/\/www.topicfoot.fr\/wp-content\/uploads\/2024\/04\/cropped-logo-topicfoot-new.jpg","contentUrl":"https:\/\/www.topicfoot.fr\/wp-content\/uploads\/2024\/04\/cropped-logo-topicfoot-new.jpg","width":512,"height":512,"caption":"Topic Foot"},"image":{"@id":"https:\/\/www.topicfoot.fr\/#\/schema\/logo\/image\/"},"sameAs":["https:\/\/www.facebook.com\/topicfoot.fr"]}]}},"_links":{"self":[{"href":"https:\/\/www.topicfoot.fr\/index.php\/wp-json\/wp\/v2\/pages\/13564","targetHints":{"allow":["GET"]}}],"collection":[{"href":"https:\/\/www.topicfoot.fr\/index.php\/wp-json\/wp\/v2\/pages"}],"about":[{"href":"https:\/\/www.topicfoot.fr\/index.php\/wp-json\/wp\/v2\/types\/page"}],"author":[{"embeddable":true,"href":"https:\/\/www.topicfoot.fr\/index.php\/wp-json\/wp\/v2\/users\/1"}],"replies":[{"embeddable":true,"href":"https:\/\/www.topicfoot.fr\/index.php\/wp-json\/wp\/v2\/comments?post=13564"}],"version-history":[{"count":0,"href":"https:\/\/www.topicfoot.fr\/index.php\/wp-json\/wp\/v2\/pages\/13564\/revisions"}],"wp:featuredmedia":[{"embeddable":true,"href":"https:\/\/www.topicfoot.fr\/index.php\/wp-json\/wp\/v2\/media\/4061"}],"wp:attachment":[{"href":"https:\/\/www.topicfoot.fr\/index.php\/wp-json\/wp\/v2\/media?parent=13564"}],"wp:term":[{"taxonomy":"folder","embeddable":true,"href":"https:\/\/www.topicfoot.fr\/index.php\/wp-json\/wp\/v2\/folder?post=13564"}],"curies":[{"name":"wp","href":"https:\/\/api.w.org\/{rel}","templated":true}]}}