{"id":15258,"date":"2025-08-04T21:41:02","date_gmt":"2025-08-04T19:41:02","guid":{"rendered":"https:\/\/www.topicfoot.fr\/?page_id=15258"},"modified":"2025-08-05T21:14:11","modified_gmt":"2025-08-05T19:14:11","slug":"elche-cf-espagne","status":"publish","type":"page","link":"https:\/\/www.topicfoot.fr\/index.php\/elche-cf-espagne\/","title":{"rendered":"Elche CF (Espagne)"},"content":{"rendered":"\n<figure class=\"wp-block-table aligncenter is-style-stripes\"><table><tbody><tr><td class=\"has-text-align-center\" data-align=\"center\"><a href=\"https:\/\/www.topicfoot.fr\/index.php\/deportivo-alaves-espagne\/\"><img loading=\"lazy\" decoding=\"async\" width=\"70\" height=\"70\" class=\"wp-image-4052\" style=\"width: 70px;\" src=\"https:\/\/www.topicfoot.fr\/wp-content\/uploads\/2024\/01\/logo-deportivo-espagne.png\" alt=\"\" srcset=\"https:\/\/www.topicfoot.fr\/wp-content\/uploads\/2024\/01\/logo-deportivo-espagne.png 600w, https:\/\/www.topicfoot.fr\/wp-content\/uploads\/2024\/01\/logo-deportivo-espagne-300x300.png 300w, https:\/\/www.topicfoot.fr\/wp-content\/uploads\/2024\/01\/logo-deportivo-espagne-150x150.png 150w\" sizes=\"auto, (max-width: 70px) 100vw, 70px\" \/><\/a><br><a href=\"https:\/\/www.topicfoot.fr\/index.php\/deportivo-alaves-espagne\/\">Alav\u00e9s<\/a><\/td><td class=\"has-text-align-center\" data-align=\"center\"><a href=\"https:\/\/www.topicfoot.fr\/index.php\/real-betis-balompie-espagne\/\"><img loading=\"lazy\" decoding=\"async\" width=\"70\" height=\"70\" class=\"wp-image-4060\" style=\"width: 70px;\" src=\"https:\/\/www.topicfoot.fr\/wp-content\/uploads\/2024\/01\/logo-real-betis-espagne.png\" alt=\"\" srcset=\"https:\/\/www.topicfoot.fr\/wp-content\/uploads\/2024\/01\/logo-real-betis-espagne.png 600w, https:\/\/www.topicfoot.fr\/wp-content\/uploads\/2024\/01\/logo-real-betis-espagne-300x300.png 300w, https:\/\/www.topicfoot.fr\/wp-content\/uploads\/2024\/01\/logo-real-betis-espagne-150x150.png 150w\" sizes=\"auto, (max-width: 70px) 100vw, 70px\" \/><\/a><br><a style=\"text-align: start; white-space: normal;\" href=\"https:\/\/www.topicfoot.fr\/index.php\/real-betis-balompie-espagne\/\">RBB<\/a><\/td><td class=\"has-text-align-center\" data-align=\"center\"><a href=\"https:\/\/www.topicfoot.fr\/index.php\/athletic-club-bilbao\/\"><img loading=\"lazy\" decoding=\"async\" width=\"70\" height=\"70\" class=\"wp-image-4048\" style=\"width: 70px;\" src=\"https:\/\/www.topicfoot.fr\/wp-content\/uploads\/2024\/01\/logo-athletico-bilbao-espagne.png\" alt=\"\" srcset=\"https:\/\/www.topicfoot.fr\/wp-content\/uploads\/2024\/01\/logo-athletico-bilbao-espagne.png 600w, https:\/\/www.topicfoot.fr\/wp-content\/uploads\/2024\/01\/logo-athletico-bilbao-espagne-300x300.png 300w, https:\/\/www.topicfoot.fr\/wp-content\/uploads\/2024\/01\/logo-athletico-bilbao-espagne-150x150.png 150w\" sizes=\"auto, (max-width: 70px) 100vw, 70px\" \/><\/a><br><a href=\"https:\/\/www.topicfoot.fr\/index.php\/athletic-club-bilbao\/\">ACB<\/a><\/td><td class=\"has-text-align-center\" data-align=\"center\"><a href=\"https:\/\/www.topicfoot.fr\/index.php\/rcd-espanyol-de-barcelone-espagne\/\"><img loading=\"lazy\" decoding=\"async\" width=\"70\" height=\"70\" class=\"wp-image-9012\" style=\"width: 70px;\" src=\"https:\/\/www.topicfoot.fr\/wp-content\/uploads\/2024\/07\/logo-rcd-espanyol-barcelone.png\" alt=\"\" srcset=\"https:\/\/www.topicfoot.fr\/wp-content\/uploads\/2024\/07\/logo-rcd-espanyol-barcelone.png 600w, https:\/\/www.topicfoot.fr\/wp-content\/uploads\/2024\/07\/logo-rcd-espanyol-barcelone-300x300.png 300w, https:\/\/www.topicfoot.fr\/wp-content\/uploads\/2024\/07\/logo-rcd-espanyol-barcelone-150x150.png 150w\" sizes=\"auto, (max-width: 70px) 100vw, 70px\" \/><\/a><br><a href=\"https:\/\/www.topicfoot.fr\/index.php\/rcd-espanyol-de-barcelone-espagne\/\">RCD<\/a><\/td><td class=\"has-text-align-center\" data-align=\"center\"><a href=\"https:\/\/www.topicfoot.fr\/index.php\/fc-barcelona-espagne\/\"><img loading=\"lazy\" decoding=\"async\" width=\"70\" height=\"70\" class=\"wp-image-4050\" style=\"width: 70px;\" src=\"https:\/\/www.topicfoot.fr\/wp-content\/uploads\/2024\/01\/logo-barcelona-espagne.png\" alt=\"\" srcset=\"https:\/\/www.topicfoot.fr\/wp-content\/uploads\/2024\/01\/logo-barcelona-espagne.png 600w, https:\/\/www.topicfoot.fr\/wp-content\/uploads\/2024\/01\/logo-barcelona-espagne-300x300.png 300w, https:\/\/www.topicfoot.fr\/wp-content\/uploads\/2024\/01\/logo-barcelona-espagne-150x150.png 150w\" sizes=\"auto, (max-width: 70px) 100vw, 70px\" \/><\/a><br><a href=\"https:\/\/www.topicfoot.fr\/index.php\/fc-barcelona-espagne\/\">FCB<\/a><\/td><\/tr><tr><td class=\"has-text-align-center\" data-align=\"center\"><a href=\"https:\/\/www.topicfoot.fr\/index.php\/elche-cf-espagne\"><img decoding=\"async\" class=\"wp-image-4053\" style=\"width: 70px;\" src=\"https:\/\/www.topicfoot.fr\/wp-content\/uploads\/2025\/08\/logo-elcche-150x150-1.webp\" alt=\"\"><\/a><br><a href=\"https:\/\/www.topicfoot.fr\/index.php\/elche-cf-espagne\">ECF<\/a><\/td><td class=\"has-text-align-center\" data-align=\"center\"><a href=\"https:\/\/www.topicfoot.fr\/index.php\/getafe-cf-espagne\/\"><img loading=\"lazy\" decoding=\"async\" width=\"70\" height=\"70\" class=\"wp-image-4053\" style=\"width: 70px;\" src=\"https:\/\/www.topicfoot.fr\/wp-content\/uploads\/2024\/01\/logo-getafe-espagne.png\" alt=\"\" srcset=\"https:\/\/www.topicfoot.fr\/wp-content\/uploads\/2024\/01\/logo-getafe-espagne.png 600w, https:\/\/www.topicfoot.fr\/wp-content\/uploads\/2024\/01\/logo-getafe-espagne-300x300.png 300w, https:\/\/www.topicfoot.fr\/wp-content\/uploads\/2024\/01\/logo-getafe-espagne-150x150.png 150w\" sizes=\"auto, (max-width: 70px) 100vw, 70px\" \/><\/a><br><a href=\"https:\/\/www.topicfoot.fr\/index.php\/getafe-cf-espagne\/\">GCF<\/a><\/td><td class=\"has-text-align-center\" data-align=\"center\"><a href=\"https:\/\/www.topicfoot.fr\/index.php\/girona-fc-espagne\/\"><img loading=\"lazy\" decoding=\"async\" width=\"70\" height=\"70\" class=\"wp-image-4054\" style=\"width: 70px;\" src=\"https:\/\/www.topicfoot.fr\/wp-content\/uploads\/2024\/01\/logo-girona-espagne.png\" alt=\"\" srcset=\"https:\/\/www.topicfoot.fr\/wp-content\/uploads\/2024\/01\/logo-girona-espagne.png 600w, https:\/\/www.topicfoot.fr\/wp-content\/uploads\/2024\/01\/logo-girona-espagne-300x300.png 300w, https:\/\/www.topicfoot.fr\/wp-content\/uploads\/2024\/01\/logo-girona-espagne-150x150.png 150w\" sizes=\"auto, (max-width: 70px) 100vw, 70px\" \/><\/a><br><a href=\"https:\/\/www.topicfoot.fr\/index.php\/girona-fc-espagne\/\">GFC<\/a><\/td><td class=\"has-text-align-center\" data-align=\"center\"><a href=\"https:\/\/www.topicfoot.fr\/index.php\/getafe-cf-espagne\/\"><img decoding=\"async\" class=\"wp-image-4053\" style=\"width: 70px;\" src=\"https:\/\/www.topicfoot.fr\/wp-content\/uploads\/2025\/08\/logo-levante-ud-150x150-1.webp\" alt=\"\"><\/a><br>LUD<\/td><td class=\"has-text-align-center\" data-align=\"center\"><a style=\"text-align: start; white-space: normal;\" href=\"https:\/\/www.topicfoot.fr\/index.php\/athletico-madrid-espagne\/\"><img loading=\"lazy\" decoding=\"async\" width=\"70\" height=\"70\" class=\"wp-image-4049\" style=\"width: 70px;\" src=\"https:\/\/www.topicfoot.fr\/wp-content\/uploads\/2024\/01\/logo-atletico-madrid-espagne.png\" alt=\"\" srcset=\"https:\/\/www.topicfoot.fr\/wp-content\/uploads\/2024\/01\/logo-atletico-madrid-espagne.png 600w, https:\/\/www.topicfoot.fr\/wp-content\/uploads\/2024\/01\/logo-atletico-madrid-espagne-300x300.png 300w, https:\/\/www.topicfoot.fr\/wp-content\/uploads\/2024\/01\/logo-atletico-madrid-espagne-150x150.png 150w\" sizes=\"auto, (max-width: 70px) 100vw, 70px\" \/><\/a><br><a href=\"https:\/\/www.topicfoot.fr\/index.php\/athletico-madrid-espagne\/\">CAM<\/a><\/td><\/tr><tr><td class=\"has-text-align-center\" data-align=\"center\"><a style=\"text-align: start; white-space: normal;\" href=\"https:\/\/www.topicfoot.fr\/index.php\/rayo-vallecano-madrid-espagne\/\"><img loading=\"lazy\" decoding=\"async\" width=\"70\" height=\"70\" class=\"wp-image-4063\" style=\"width: 70px;\" src=\"https:\/\/www.topicfoot.fr\/wp-content\/uploads\/2024\/01\/logo-rv-madrid-espagne.png\" alt=\"\" srcset=\"https:\/\/www.topicfoot.fr\/wp-content\/uploads\/2024\/01\/logo-rv-madrid-espagne.png 600w, https:\/\/www.topicfoot.fr\/wp-content\/uploads\/2024\/01\/logo-rv-madrid-espagne-300x300.png 300w, https:\/\/www.topicfoot.fr\/wp-content\/uploads\/2024\/01\/logo-rv-madrid-espagne-150x150.png 150w\" sizes=\"auto, (max-width: 70px) 100vw, 70px\" \/><\/a><br><a href=\"https:\/\/www.topicfoot.fr\/index.php\/rayo-vallecano-madrid-espagne\/\">RVM<\/a><\/td><td class=\"has-text-align-center\" data-align=\"center\"><a href=\"https:\/\/www.topicfoot.fr\/index.php\/actu-real-madrid\/\"><img loading=\"lazy\" decoding=\"async\" width=\"70\" height=\"70\" class=\"wp-image-4061\" style=\"width: 70px;\" src=\"https:\/\/www.topicfoot.fr\/wp-content\/uploads\/2024\/01\/logo-real-madrid-espagne.png\" alt=\"\" srcset=\"https:\/\/www.topicfoot.fr\/wp-content\/uploads\/2024\/01\/logo-real-madrid-espagne.png 600w, https:\/\/www.topicfoot.fr\/wp-content\/uploads\/2024\/01\/logo-real-madrid-espagne-300x300.png 300w, https:\/\/www.topicfoot.fr\/wp-content\/uploads\/2024\/01\/logo-real-madrid-espagne-150x150.png 150w\" sizes=\"auto, (max-width: 70px) 100vw, 70px\" \/><\/a><br><a href=\"https:\/\/www.topicfoot.fr\/index.php\/actu-real-madrid\/\">RMCF<\/a><\/td><td class=\"has-text-align-center\" data-align=\"center\"><a style=\"text-align: start; white-space: normal;\" href=\"https:\/\/www.topicfoot.fr\/index.php\/rcd-majorque-espagne\/\"><img loading=\"lazy\" decoding=\"async\" width=\"70\" height=\"70\" class=\"wp-image-4057\" style=\"width: 70px;\" src=\"https:\/\/www.topicfoot.fr\/wp-content\/uploads\/2024\/01\/logo-mallorca-espagne.png\" alt=\"\" srcset=\"https:\/\/www.topicfoot.fr\/wp-content\/uploads\/2024\/01\/logo-mallorca-espagne.png 600w, https:\/\/www.topicfoot.fr\/wp-content\/uploads\/2024\/01\/logo-mallorca-espagne-300x300.png 300w, https:\/\/www.topicfoot.fr\/wp-content\/uploads\/2024\/01\/logo-mallorca-espagne-150x150.png 150w\" sizes=\"auto, (max-width: 70px) 100vw, 70px\" \/><\/a><br><a href=\"https:\/\/www.topicfoot.fr\/index.php\/rcd-majorque-espagne\/\">RCDM<\/a><\/td><td class=\"has-text-align-center\" data-align=\"center\"><a style=\"text-align: start; white-space: normal;\" href=\"https:\/\/www.topicfoot.fr\/index.php\/club-atletico-sasuna-espagne\/\"><img loading=\"lazy\" decoding=\"async\" width=\"70\" height=\"70\" class=\"wp-image-4058\" style=\"width: 70px;\" src=\"https:\/\/www.topicfoot.fr\/wp-content\/uploads\/2024\/01\/logo-osasuna-espagne.png\" alt=\"\" srcset=\"https:\/\/www.topicfoot.fr\/wp-content\/uploads\/2024\/01\/logo-osasuna-espagne.png 600w, https:\/\/www.topicfoot.fr\/wp-content\/uploads\/2024\/01\/logo-osasuna-espagne-300x300.png 300w, https:\/\/www.topicfoot.fr\/wp-content\/uploads\/2024\/01\/logo-osasuna-espagne-150x150.png 150w\" sizes=\"auto, (max-width: 70px) 100vw, 70px\" \/><\/a><br><a href=\"https:\/\/www.topicfoot.fr\/index.php\/club-atletico-sasuna-espagne\/\">CAO<\/a><\/td><td class=\"has-text-align-center\" data-align=\"center\"><a href=\"https:\/\/www.topicfoot.fr\/index.php\/getafe-cf-espagne\/\"><img decoding=\"async\" class=\"wp-image-4053\" style=\"width: 70px;\" src=\"https:\/\/www.topicfoot.fr\/wp-content\/uploads\/2025\/08\/logo-real-oviedo-150x150-1.webp\" alt=\"\"><\/a><br>RO<\/td><\/tr><tr><td class=\"has-text-align-center\" data-align=\"center\"><a style=\"text-align: start; white-space: normal;\" href=\"https:\/\/www.topicfoot.fr\/index.php\/fc-seville-espagne\/\"><img loading=\"lazy\" decoding=\"async\" width=\"70\" height=\"70\" class=\"wp-image-4064\" style=\"width: 70px;\" src=\"https:\/\/www.topicfoot.fr\/wp-content\/uploads\/2024\/01\/logo-sevilla-espagne.png\" alt=\"\" srcset=\"https:\/\/www.topicfoot.fr\/wp-content\/uploads\/2024\/01\/logo-sevilla-espagne.png 600w, https:\/\/www.topicfoot.fr\/wp-content\/uploads\/2024\/01\/logo-sevilla-espagne-300x300.png 300w, https:\/\/www.topicfoot.fr\/wp-content\/uploads\/2024\/01\/logo-sevilla-espagne-150x150.png 150w\" sizes=\"auto, (max-width: 70px) 100vw, 70px\" \/><\/a><br><a href=\"https:\/\/www.topicfoot.fr\/index.php\/fc-seville-espagne\/\">SFC<\/a><\/td><td class=\"has-text-align-center\" data-align=\"center\"><a style=\"text-align: start; white-space: normal;\" href=\"https:\/\/www.topicfoot.fr\/index.php\/real-sociedad-espagne\/\"><img loading=\"lazy\" decoding=\"async\" width=\"70\" height=\"70\" class=\"wp-image-4062\" style=\"width: 70px;\" src=\"https:\/\/www.topicfoot.fr\/wp-content\/uploads\/2024\/01\/logo-real-sociedad-espagne.png\" alt=\"\" srcset=\"https:\/\/www.topicfoot.fr\/wp-content\/uploads\/2024\/01\/logo-real-sociedad-espagne.png 600w, https:\/\/www.topicfoot.fr\/wp-content\/uploads\/2024\/01\/logo-real-sociedad-espagne-300x300.png 300w, https:\/\/www.topicfoot.fr\/wp-content\/uploads\/2024\/01\/logo-real-sociedad-espagne-150x150.png 150w\" sizes=\"auto, (max-width: 70px) 100vw, 70px\" \/><\/a><br><a style=\"text-align: start; white-space: normal;\" href=\"https:\/\/www.topicfoot.fr\/index.php\/real-sociedad-espagne\/\">RSF<\/a><\/td><td class=\"has-text-align-center\" data-align=\"center\"><a style=\"text-align: start; white-space: normal;\" href=\"https:\/\/www.topicfoot.fr\/index.php\/valence-cf-espagne\/\"><img loading=\"lazy\" decoding=\"async\" width=\"70\" height=\"70\" class=\"wp-image-4065\" style=\"width: 70px;\" src=\"https:\/\/www.topicfoot.fr\/wp-content\/uploads\/2024\/01\/logo-valencia-espagne.png\" alt=\"\" srcset=\"https:\/\/www.topicfoot.fr\/wp-content\/uploads\/2024\/01\/logo-valencia-espagne.png 600w, https:\/\/www.topicfoot.fr\/wp-content\/uploads\/2024\/01\/logo-valencia-espagne-300x300.png 300w, https:\/\/www.topicfoot.fr\/wp-content\/uploads\/2024\/01\/logo-valencia-espagne-150x150.png 150w\" sizes=\"auto, (max-width: 70px) 100vw, 70px\" \/><\/a><br><a href=\"https:\/\/www.topicfoot.fr\/index.php\/valence-cf-espagne\/\">VCF<\/a><\/td><td class=\"has-text-align-center\" data-align=\"center\"><a style=\"text-align: start; white-space: normal;\" href=\"https:\/\/www.topicfoot.fr\/index.php\/celta-vigo-espagne\/\"><img loading=\"lazy\" decoding=\"async\" width=\"70\" height=\"70\" class=\"wp-image-4059\" style=\"width: 70px;\" src=\"https:\/\/www.topicfoot.fr\/wp-content\/uploads\/2024\/01\/logo-rc-celta-vigo-espagne.png\" alt=\"\" srcset=\"https:\/\/www.topicfoot.fr\/wp-content\/uploads\/2024\/01\/logo-rc-celta-vigo-espagne.png 600w, https:\/\/www.topicfoot.fr\/wp-content\/uploads\/2024\/01\/logo-rc-celta-vigo-espagne-300x300.png 300w, https:\/\/www.topicfoot.fr\/wp-content\/uploads\/2024\/01\/logo-rc-celta-vigo-espagne-150x150.png 150w\" sizes=\"auto, (max-width: 70px) 100vw, 70px\" \/><\/a><br><a href=\"https:\/\/www.topicfoot.fr\/index.php\/celta-vigo-espagne\/\">RCCV<\/a><\/td><td class=\"has-text-align-center\" data-align=\"center\"><a style=\"text-align: start; white-space: normal;\" href=\"https:\/\/www.topicfoot.fr\/index.php\/villarreal-cf-espagne\/\"><img loading=\"lazy\" decoding=\"async\" width=\"70\" height=\"70\" class=\"wp-image-4066\" style=\"width: 70px;\" src=\"https:\/\/www.topicfoot.fr\/wp-content\/uploads\/2024\/01\/logo-villarreal-espagne.png\" alt=\"\" srcset=\"https:\/\/www.topicfoot.fr\/wp-content\/uploads\/2024\/01\/logo-villarreal-espagne.png 600w, https:\/\/www.topicfoot.fr\/wp-content\/uploads\/2024\/01\/logo-villarreal-espagne-300x300.png 300w, https:\/\/www.topicfoot.fr\/wp-content\/uploads\/2024\/01\/logo-villarreal-espagne-150x150.png 150w\" sizes=\"auto, (max-width: 70px) 100vw, 70px\" \/><\/a><br><a href=\"https:\/\/www.topicfoot.fr\/index.php\/villarreal-cf-espagne\/\">CVF<\/a><\/td><\/tr><\/tbody><\/table><\/figure>\n\n\n\n<div class=\"wp-block-columns is-layout-flex wp-container-core-columns-is-layout-9d6595d7 wp-block-columns-is-layout-flex\">\n<div class=\"wp-block-column is-layout-flow wp-block-column-is-layout-flow\">\n<div class=\"wp-block-columns is-layout-flex wp-container-core-columns-is-layout-9d6595d7 wp-block-columns-is-layout-flex\">\n<div class=\"wp-block-column is-layout-flow wp-block-column-is-layout-flow\" style=\"flex-basis:100%\">\n<h1 class=\"wp-block-heading has-text-align-center\">Elche CF<br>(Espagne)<\/h1>\n<\/div>\n<\/div>\n\n\n\n<div class=\"wp-block-columns is-layout-flex wp-container-core-columns-is-layout-9d6595d7 wp-block-columns-is-layout-flex\">\n<div class=\"wp-block-column is-layout-flow wp-block-column-is-layout-flow\"><div class=\"wp-block-image\">\n<figure class=\"aligncenter size-full is-resized\"><img loading=\"lazy\" decoding=\"async\" width=\"150\" height=\"150\" src=\"https:\/\/www.topicfoot.fr\/wp-content\/uploads\/2025\/08\/logo-elcche-150x150-1.webp\" alt=\"\" class=\"wp-image-15253\" style=\"width:150px;height:auto\"\/><\/figure>\n<\/div><\/div>\n\n\n\n<div class=\"wp-block-column is-layout-flow wp-block-column-is-layout-flow\">\n<figure class=\"wp-block-table is-style-stripes\"><table><tbody><tr><td class=\"has-text-align-center\" data-align=\"center\"><strong><a href=\"#actualite\">ACTUALIT\u00c9<\/a><\/strong><\/td><\/tr><tr><td class=\"has-text-align-center\" data-align=\"center\"><strong><a href=\"#classement\">CLASSEMENT<\/a><\/strong><\/td><\/tr><tr><td class=\"has-text-align-center\" data-align=\"center\"><strong><a href=\"#buteurs\">BUTEURS<\/a><\/strong><\/td><\/tr><tr><td class=\"has-text-align-center\" data-align=\"center\"><strong><a href=\"#passeurs\">PASSEURS<\/a><\/strong><\/td><\/tr><tr><td class=\"has-text-align-center\" data-align=\"center\"><strong><a href=\"#resultats\">R\u00c9SULTATS<\/a><\/strong><\/td><\/tr><tr><td class=\"has-text-align-center\" data-align=\"center\"><strong><a href=\"#calendrier\">CALENDRIER<\/a><\/strong><\/td><\/tr><tr><td class=\"has-text-align-center\" data-align=\"center\"><a href=\"#stade\"><strong>STADE<\/strong><\/a><\/td><\/tr><tr><td class=\"has-text-align-center\" data-align=\"center\"><strong><a href=\"#infos\">INFOS DU CLUB<\/a><\/strong><\/td><\/tr><tr><td class=\"has-text-align-center\" data-align=\"center\"><strong><a href=\"#resume\">EN QUELQUES MOTS&#8230;<\/a><\/strong><\/td><\/tr><\/tbody><\/table><\/figure>\n<\/div>\n\n\n\n<div class=\"wp-block-column is-layout-flow wp-block-column-is-layout-flow\"><div class=\"wp-block-image\">\n<figure class=\"aligncenter size-full is-resized\"><img loading=\"lazy\" decoding=\"async\" width=\"150\" height=\"150\" src=\"https:\/\/www.topicfoot.fr\/wp-content\/uploads\/2025\/08\/logo-elcche-150x150-1.webp\" alt=\"\" class=\"wp-image-15253\" style=\"width:150px;height:auto\"\/><\/figure>\n<\/div><\/div>\n<\/div>\n\n\n\n<div class=\"wp-block-wpzoom-blocks-social-icons is-style-with-canvas-round\" style=\"--wpz-social-icons-block-item-font-size:18px;--wpz-social-icons-block-item-padding-horizontal:6px;--wpz-social-icons-block-item-padding-vertical:6px;--wpz-social-icons-block-item-margin-horizontal:5px;--wpz-social-icons-block-item-margin-vertical:5px;--wpz-social-icons-block-item-border-radius:50px;--wpz-social-icons-block-label-font-size:16px;--wpz-social-icons-block-label-color:#2e3131;--wpz-social-icons-block-label-color-hover:#2e3131;--wpz-social-icons-alignment:center\"><a href=\"https:\/\/www.facebook.com\/elchecf\" class=\"social-icon-link\" title=\"Facebook\" style=\"--wpz-social-icons-block-item-color:#0866FF;--wpz-social-icons-block-item-color-hover:#0866FF\"><span class=\"social-icon socicon socicon-facebook\"><\/span><\/a><a href=\"https:\/\/www.instagram.com\/elchecf\" class=\"social-icon-link\" title=\"Instagram\" style=\"--wpz-social-icons-block-item-color:#e4405f;--wpz-social-icons-block-item-color-hover:#e4405f\"><span class=\"social-icon socicon socicon-instagram\"><\/span><\/a><a href=\"https:\/\/www.linkedin.com\/company\/elche-cf-sad\/\" class=\"social-icon-link\" title=\"Linkedin\" style=\"--wpz-social-icons-block-item-color:#0966c2;--wpz-social-icons-block-item-color-hover:#0966c2\"><span class=\"social-icon socicon socicon-linkedin\"><\/span><\/a><a href=\"https:\/\/www.tiktok.com\/@elchecf\" class=\"social-icon-link\" title=\"Tiktok\" style=\"--wpz-social-icons-block-item-color:#69C9D0;--wpz-social-icons-block-item-color-hover:#69C9D0\"><span class=\"social-icon socicon socicon-tiktok\"><\/span><\/a><a href=\"https:\/\/x.com\/elchecf\" class=\"social-icon-link\" title=\"X\" style=\"--wpz-social-icons-block-item-color:#000;--wpz-social-icons-block-item-color-hover:#000\"><span class=\"social-icon socicon socicon-x\"><\/span><\/a><\/div>\n\n\n\n<hr class=\"wp-block-separator has-alpha-channel-opacity\"\/>\n<\/div>\n<\/div>\n\n\n\n<div class=\"wp-block-columns is-layout-flex wp-container-core-columns-is-layout-9d6595d7 wp-block-columns-is-layout-flex\">\n<div class=\"wp-block-column is-layout-flow wp-block-column-is-layout-flow\" style=\"flex-basis:100%\">\n<h2 class=\"wp-block-heading\" id=\"actualite\">Prochain match<\/h2>\n\n\n\n<!-- Load jQuery -->\n<script src=\"\/\/code.jquery.com\/jquery-2.1.4.min.js\"><\/script>\n\n<!-- Load Stats FC Next Fixture SDK -->\n<script>(function(d, s, id) {\n    var js, fjs = d.getElementsByTagName(s)[0];\n    if (d.getElementById(id)) return;\n    js = d.createElement(s); js.id = id;\n    js.src = \"https:\/\/cdn.statsfc.com\/js\/next-fixture.js\";\n    fjs.parentNode.insertBefore(js, fjs);\n}(document, \"script\", \"statsfc-next-fixture-js\"));<\/script>\n\n<!-- Your next-fixture here -->\n<div class=\"statsfc-next-fixture\"\n    data-key=\"qHdiP_fzKLURC_gyZ2iGCqcvpRq5b5R5e3KMerKK\"\n    data-team=\"Elche\"\n    data-competition=\"\"\n    data-timezone=\"Europe\/Paris\"\n    data-omit-errors=\"false\"\n    data-use-default-css=\"true\"\n    data-lang=\"fr\">\n<\/div>\n\n\n\n<h2 class=\"wp-block-heading\" id=\"actualite\">Actualit\u00e9<\/h2>\n\n\n<div class=\"ditty ditty--pre\" data-id=\"15349\" data-uniqid=\"ditty-69f563a65d429\"><\/div>\n\n\n\n<div style=\"height:40px\" aria-hidden=\"true\" class=\"wp-block-spacer\"><\/div>\n\n\n\n<hr class=\"wp-block-separator has-alpha-channel-opacity\"\/>\n\n\n\n<div class=\"wp-block-columns is-layout-flex wp-container-core-columns-is-layout-9d6595d7 wp-block-columns-is-layout-flex\">\n<div class=\"wp-block-column is-layout-flow wp-block-column-is-layout-flow\">\n<h2 class=\"wp-block-heading\">Derniers r\u00e9sultats<\/h2>\n\n\n\n<!-- Load jQuery -->\n<script src=\"\/\/code.jquery.com\/jquery-2.1.4.min.js\"><\/script>\n\n<!-- Load Stats FC Results SDK -->\n<script>(function(d, s, id) {\n    var js, fjs = d.getElementsByTagName(s)[0];\n    if (d.getElementById(id)) return;\n    js = d.createElement(s); js.id = id;\n    js.src = \"https:\/\/cdn.statsfc.com\/js\/results.js\";\n    fjs.parentNode.insertBefore(js, fjs);\n}(document, \"script\", \"statsfc-results-js\"));<\/script>\n\n<!-- Your Results here -->\n<div class=\"statsfc-results\"\n    data-key=\"qHdiP_fzKLURC_gyZ2iGCqcvpRq5b5R5e3KMerKK\"\n    data-team=\"Elche\"\n    data-highlight=\"Elche\"\n    data-from=\"-3 weeks\"\n    data-assists=\"true\"\n    data-show-badges=\"true\"\n    data-order=\"desc\"\n    data-timezone=\"Europe\/Paris\"\n    data-omit-errors=\"false\"\n    data-use-default-css=\"true\"\n    data-lang=\"fr\">\n<\/div>\n<\/div>\n\n\n\n<div class=\"wp-block-column is-layout-flow wp-block-column-is-layout-flow\">\n<h2 class=\"wp-block-heading\">Prochains matchs<\/h2>\n\n\n\n<!-- Load jQuery -->\n<script src=\"\/\/code.jquery.com\/jquery-2.1.4.min.js\"><\/script>\n\n<!-- Load Stats FC Fixtures SDK -->\n<script>(function(d, s, id) {\n    var js, fjs = d.getElementsByTagName(s)[0];\n    if (d.getElementById(id)) return;\n    js = d.createElement(s); js.id = id;\n    js.src = \"https:\/\/cdn.statsfc.com\/js\/fixtures.js\";\n    fjs.parentNode.insertBefore(js, fjs);\n}(document, \"script\", \"statsfc-fixtures-js\"));<\/script>\n\n<!-- Your fixtures here -->\n<div class=\"statsfc-fixtures\"\n    data-key=\"qHdiP_fzKLURC_gyZ2iGCqcvpRq5b5R5e3KMerKK\"\n    data-team=\"Elche\"\n    data-to=\"+3 weeks\"\n    data-highlight=\"Elche\"\n    data-show-badges=\"true\"\n    data-timezone=\"Europe\/Paris\"\n    data-omit-errors=\"false\"\n    data-use-default-css=\"true\"\n    data-lang=\"fr\">\n<\/div>\n<\/div>\n<\/div>\n\n\n\n<div style=\"height:40px\" aria-hidden=\"true\" class=\"wp-block-spacer\"><\/div>\n\n\n\n<hr class=\"wp-block-separator has-alpha-channel-opacity\"\/>\n\n\n\n<h2 class=\"wp-block-heading\">Cette ann\u00e9e participe aux comp\u00e9titions : <\/h2>\n\n\n\n<div class=\"wp-block-columns is-layout-flex wp-container-core-columns-is-layout-9d6595d7 wp-block-columns-is-layout-flex\">\n<div class=\"wp-block-column is-layout-flow wp-block-column-is-layout-flow\">\n<div class=\"wp-block-columns is-layout-flex wp-container-core-columns-is-layout-9d6595d7 wp-block-columns-is-layout-flex\">\n<div class=\"wp-block-column is-layout-flow wp-block-column-is-layout-flow\"><div class=\"wp-block-image\">\n<figure class=\"aligncenter size-full is-resized\"><a href=\"https:\/\/www.topicfoot.fr\/index.php\/liga\/\"><img loading=\"lazy\" decoding=\"async\" width=\"1920\" height=\"1466\" src=\"https:\/\/www.topicfoot.fr\/wp-content\/uploads\/2024\/05\/logo-laliga-easports.svg.png\" alt=\"\" class=\"wp-image-7906\" style=\"width:213px;height:auto\" srcset=\"https:\/\/www.topicfoot.fr\/wp-content\/uploads\/2024\/05\/logo-laliga-easports.svg.png 1920w, https:\/\/www.topicfoot.fr\/wp-content\/uploads\/2024\/05\/logo-laliga-easports.svg-300x229.png 300w, https:\/\/www.topicfoot.fr\/wp-content\/uploads\/2024\/05\/logo-laliga-easports.svg-1024x782.png 1024w, https:\/\/www.topicfoot.fr\/wp-content\/uploads\/2024\/05\/logo-laliga-easports.svg-768x586.png 768w, https:\/\/www.topicfoot.fr\/wp-content\/uploads\/2024\/05\/logo-laliga-easports.svg-1536x1173.png 1536w, https:\/\/www.topicfoot.fr\/wp-content\/uploads\/2024\/05\/logo-laliga-easports.svg-80x60.png 80w\" sizes=\"auto, (max-width: 1920px) 100vw, 1920px\" \/><\/a><\/figure>\n<\/div>\n\n\n<p class=\"has-text-align-center\"><a href=\"https:\/\/www.topicfoot.fr\/index.php\/liga\/\">LaLiga<\/a><\/p>\n<\/div>\n\n\n\n<div class=\"wp-block-column is-layout-flow wp-block-column-is-layout-flow\"><div class=\"wp-block-image\">\n<figure class=\"aligncenter size-full is-resized\"><a href=\"https:\/\/www.topicfoot.fr\/index.php\/coupe-du-roi-espagne\/\"><img loading=\"lazy\" decoding=\"async\" width=\"600\" height=\"600\" src=\"https:\/\/www.topicfoot.fr\/wp-content\/uploads\/2024\/01\/logo-coupe-espagne.jpg\" alt=\"\" class=\"wp-image-4162\" style=\"width:161px;height:auto\" srcset=\"https:\/\/www.topicfoot.fr\/wp-content\/uploads\/2024\/01\/logo-coupe-espagne.jpg 600w, https:\/\/www.topicfoot.fr\/wp-content\/uploads\/2024\/01\/logo-coupe-espagne-300x300.jpg 300w, https:\/\/www.topicfoot.fr\/wp-content\/uploads\/2024\/01\/logo-coupe-espagne-150x150.jpg 150w\" sizes=\"auto, (max-width: 600px) 100vw, 600px\" \/><\/a><\/figure>\n<\/div>\n\n\n<p class=\"has-text-align-center\"><a href=\"https:\/\/www.topicfoot.fr\/index.php\/coupe-du-roi-espagne\/\">Coupe d&rsquo;Espagne<\/a><\/p>\n<\/div>\n<\/div>\n<\/div>\n\n\n\n<div class=\"wp-block-column is-layout-flow wp-block-column-is-layout-flow\">\n<div class=\"wp-block-columns is-layout-flex wp-container-core-columns-is-layout-9d6595d7 wp-block-columns-is-layout-flex\">\n<div class=\"wp-block-column is-layout-flow wp-block-column-is-layout-flow\"><\/div>\n<\/div>\n<\/div>\n<\/div>\n\n\n\n<hr class=\"wp-block-separator has-alpha-channel-opacity\"\/>\n\n\n\n<h2 class=\"wp-block-heading\" id=\"classement\">Classement<\/h2>\n\n\n\n<!-- Load jQuery -->\n<script src=\"\/\/code.jquery.com\/jquery-2.1.4.min.js\"><\/script>\n\n<!-- Load Stats FC Table SDK -->\n<script>(function(d, s, id) {\n    var js, fjs = d.getElementsByTagName(s)[0];\n    if (d.getElementById(id)) return;\n    js = d.createElement(s); js.id = id;\n    js.src = \"https:\/\/cdn.statsfc.com\/js\/table.js\";\n    fjs.parentNode.insertBefore(js, fjs);\n}(document, \"script\", \"statsfc-table-js\"));<\/script>\n\n<!-- Your league table here -->\n<div class=\"statsfc-table\"\n    data-key=\"qHdiP_fzKLURC_gyZ2iGCqcvpRq5b5R5e3KMerKK\"\n    data-competition=\"LFP\"\n    data-season=\"2025\/2026\"\n    data-table-type=\"mini\"\n    data-highlight=\"Elche\"\n    data-show-badges=\"true\"\n    data-show-form=\"true\"\n    data-show-status=\"true\"\n    data-omit-errors=\"true\"\n    data-use-default-css=\"true\"\n    data-lang=\"fr\">\n<\/div>\n\n\n\n<hr class=\"wp-block-separator has-alpha-channel-opacity\"\/>\n\n\n\n<h2 class=\"wp-block-heading\" id=\"buteurs\">Buteurs<\/h2>\n\n\n\n<div class=\"wp-block-columns is-layout-flex wp-container-core-columns-is-layout-9d6595d7 wp-block-columns-is-layout-flex\">\n<div class=\"wp-block-column is-layout-flow wp-block-column-is-layout-flow\">\n<!-- Load jQuery -->\n<script src=\"\/\/code.jquery.com\/jquery-2.1.4.min.js\"><\/script>\n\n<!-- Load Stats FC Top Scorers SDK -->\n<script>(function(d, s, id) {\n    var js, fjs = d.getElementsByTagName(s)[0];\n    if (d.getElementById(id)) return;\n    js = d.createElement(s); js.id = id;\n    js.src = \"https:\/\/cdn.statsfc.com\/js\/top-scorers.js\";\n    fjs.parentNode.insertBefore(js, fjs);\n}(document, \"script\", \"statsfc-top-scorers-js\"));<\/script>\n\n<!-- Your top scorers here -->\n<div class=\"statsfc-top-scorers\"\n    data-key=\"qHdiP_fzKLURC_gyZ2iGCqcvpRq5b5R5e3KMerKK\"\n    data-competition=\"\"\n    data-team=\"Elche\"\n    data-season=\"2025\/2026\"\n    data-show-badges=\"true\"\n    data-omit-errors=\"false\"\n    data-use-default-css=\"true\"\n    data-lang=\"fr\">\n<\/div>\n<\/div>\n<\/div>\n\n\n\n<hr class=\"wp-block-separator has-alpha-channel-opacity\"\/>\n\n\n\n<h2 class=\"wp-block-heading\" id=\"passeurs\">Passeurs<\/h2>\n\n\n\n<div class=\"wp-block-columns is-layout-flex wp-container-core-columns-is-layout-9d6595d7 wp-block-columns-is-layout-flex\">\n<div class=\"wp-block-column is-layout-flow wp-block-column-is-layout-flow\">\n<!-- Load jQuery -->\n<script src=\"\/\/code.jquery.com\/jquery-2.1.4.min.js\"><\/script>\n\n<!-- Load Stats FC Top Assisters SDK -->\n<script>(function(d, s, id) {\n    var js, fjs = d.getElementsByTagName(s)[0];\n    if (d.getElementById(id)) return;\n    js = d.createElement(s); js.id = id;\n    js.src = \"https:\/\/cdn.statsfc.com\/js\/top-assisters.js\";\n    fjs.parentNode.insertBefore(js, fjs);\n}(document, \"script\", \"statsfc-top-assisters-js\"));<\/script>\n\n<!-- Your top assisters here -->\n<div class=\"statsfc-top-assisters\"\n    data-key=\"qHdiP_fzKLURC_gyZ2iGCqcvpRq5b5R5e3KMerKK\"\n    data-competition=\"\"\n    data-team=\"Elche\"\n    data-season=\"2025\/2026\"\n    data-show-badges=\"true\"\n    data-omit-errors=\"false\"\n    data-use-default-css=\"true\"\n    data-lang=\"fr\">\n<\/div>\n<\/div>\n<\/div>\n\n\n\n<hr class=\"wp-block-separator has-alpha-channel-opacity\"\/>\n\n\n\n<h2 class=\"wp-block-heading\" id=\"resultats\">R\u00e9sultats<\/h2>\n\n\n\n<!-- Load jQuery -->\n<script src=\"\/\/code.jquery.com\/jquery-2.1.4.min.js\"><\/script>\n\n<!-- Load Stats FC Live SDK -->\n<script>(function(d, s, id) {\n    var js, fjs = d.getElementsByTagName(s)[0];\n    if (d.getElementById(id)) return;\n    js = d.createElement(s); js.id = id;\n    js.src = \"https:\/\/cdn.statsfc.com\/js\/live.js\";\n    fjs.parentNode.insertBefore(js, fjs);\n}(document, \"script\", \"statsfc-live-js\"));<\/script>\n\n<!-- Your live here -->\n<div class=\"statsfc-live\"\n    data-key=\"qHdiP_fzKLURC_gyZ2iGCqcvpRq5b5R5e3KMerKK\"\n    data-competition=\"\"\n    data-team=\"Elche\"\n    data-highlight=\"Elche\"\n    data-goals=\"true\"\n    data-assists=\"false\"\n    data-show-badges=\"true\"\n    data-omit-errors=\"false\"\n    data-use-default-css=\"true\"\n    data-lang=\"fr\">\n<\/div>\n\n\n\n<!-- Load jQuery -->\n<script src=\"\/\/code.jquery.com\/jquery-2.1.4.min.js\"><\/script>\n\n<!-- Load Stats FC Results SDK -->\n<script>(function(d, s, id) {\n    var js, fjs = d.getElementsByTagName(s)[0];\n    if (d.getElementById(id)) return;\n    js = d.createElement(s); js.id = id;\n    js.src = \"https:\/\/cdn.statsfc.com\/js\/results.js\";\n    fjs.parentNode.insertBefore(js, fjs);\n}(document, \"script\", \"statsfc-results-js\"));<\/script>\n\n<!-- Your Results here -->\n<div class=\"statsfc-results\"\n    data-key=\"qHdiP_fzKLURC_gyZ2iGCqcvpRq5b5R5e3KMerKK\"\n    data-competition=\"\"\n    data-team=\"Elche\"\n    data-highlight=\"Elche\"\n    data-season=\"2025\/2026\"\n    data-goals=\"false\"\n    data-assists=\"true\"\n    data-show-badges=\"true\"\n    data-order=\"desc\"\n    data-timezone=\"Europe\/Paris\"\n    data-omit-errors=\"false\"\n    data-use-default-css=\"true\"\n    data-lang=\"fr\">\n<\/div>\n\n\n\n<hr class=\"wp-block-separator has-alpha-channel-opacity\"\/>\n\n\n\n<h2 class=\"wp-block-heading\" id=\"calendrier\">Calendrier<\/h2>\n\n\n\n<!-- Load jQuery -->\n<script src=\"\/\/code.jquery.com\/jquery-2.1.4.min.js\"><\/script>\n\n<!-- Load Stats FC Fixtures SDK -->\n<script>(function(d, s, id) {\n    var js, fjs = d.getElementsByTagName(s)[0];\n    if (d.getElementById(id)) return;\n    js = d.createElement(s); js.id = id;\n    js.src = \"https:\/\/cdn.statsfc.com\/js\/fixtures.js\";\n    fjs.parentNode.insertBefore(js, fjs);\n}(document, \"script\", \"statsfc-fixtures-js\"));<\/script>\n\n<!-- Your fixtures here -->\n<div class=\"statsfc-fixtures\"\n    data-key=\"qHdiP_fzKLURC_gyZ2iGCqcvpRq5b5R5e3KMerKK\"\n    data-competition=\"\"\n    data-team=\"Elche\"\n    data-season=\"2025\/2026\"\n    data-highlight=\"Elche\"\n    data-show-badges=\"true\"\n    data-timezone=\"Europe\/Paris\"\n    data-omit-errors=\"false\"\n    data-use-default-css=\"true\"\n    data-lang=\"fr\">\n<\/div>\n\n\n\n<div style=\"height:40px\" aria-hidden=\"true\" class=\"wp-block-spacer\"><\/div>\n\n\n\n<hr class=\"wp-block-separator has-alpha-channel-opacity\"\/>\n<\/div>\n<\/div>\n\n\n\n<h2 class=\"wp-block-heading\" id=\"stade\">Stade Officiel : <\/h2>\n\n\n\n<p>Stade Mart\u00ednez Valero<strong><br>34.000 places<\/strong><\/p>\n\n\n<div class=\"wp-block-image\">\n<figure class=\"aligncenter size-full\"><img loading=\"lazy\" decoding=\"async\" width=\"2164\" height=\"1474\" src=\"https:\/\/www.topicfoot.fr\/wp-content\/uploads\/2025\/08\/stade-martinez-valero.webp\" alt=\"Stade Mart\u00ednez Valero\n\" class=\"wp-image-15264\" srcset=\"https:\/\/www.topicfoot.fr\/wp-content\/uploads\/2025\/08\/stade-martinez-valero.webp 2164w, https:\/\/www.topicfoot.fr\/wp-content\/uploads\/2025\/08\/stade-martinez-valero-300x204.webp 300w, https:\/\/www.topicfoot.fr\/wp-content\/uploads\/2025\/08\/stade-martinez-valero-1024x697.webp 1024w, https:\/\/www.topicfoot.fr\/wp-content\/uploads\/2025\/08\/stade-martinez-valero-768x523.webp 768w, https:\/\/www.topicfoot.fr\/wp-content\/uploads\/2025\/08\/stade-martinez-valero-1536x1046.webp 1536w, https:\/\/www.topicfoot.fr\/wp-content\/uploads\/2025\/08\/stade-martinez-valero-2048x1395.webp 2048w\" sizes=\"auto, (max-width: 2164px) 100vw, 2164px\" \/><\/figure>\n<\/div>\n\n\n<div style=\"height:40px\" aria-hidden=\"true\" class=\"wp-block-spacer\"><\/div>\n\n\n\n<hr class=\"wp-block-separator has-alpha-channel-opacity\"\/>\n\n\n\n<p id=\"infos\"><strong><kbd>INFOS DU CLUB<\/kbd><\/strong><\/p>\n\n\n\n<p><strong>Fond\u00e9 en 1923<br><a href=\"https:\/\/www.elchecf.es\">Site internet du Club<\/a><\/strong><\/p>\n\n\n\n<p><strong><kbd>PALMARES<\/kbd><\/strong><br>Championnat d&rsquo;Espagne D2 (2)<\/p>\n\n\n\n<div style=\"height:40px\" aria-hidden=\"true\" class=\"wp-block-spacer\"><\/div>\n\n\n\n<hr class=\"wp-block-separator has-alpha-channel-opacity\"\/>\n\n\n\n<h2 class=\"wp-block-heading\" id=\"resume\">En quelques mots&#8230;<\/h2>\n\n\n<div class=\"wp-block-image\">\n<figure class=\"aligncenter size-full is-resized\"><img loading=\"lazy\" decoding=\"async\" width=\"150\" height=\"150\" src=\"https:\/\/www.topicfoot.fr\/wp-content\/uploads\/2025\/08\/logo-elcche-150x150-1.webp\" alt=\"\" class=\"wp-image-15253\" style=\"width:150px;height:auto\"\/><\/figure>\n<\/div>\n\n\n<h3 class=\"wp-block-heading\"><strong>Elche Club de F\u00fatbol : un retour ambitieux en Liga pour la saison 2025-2026<\/strong><\/h3>\n\n\n\n<p>Apr\u00e8s deux saisons pass\u00e9es en Segunda Divisi\u00f3n, Elche Club de F\u00fatbol retrouve l&rsquo;\u00e9lite du football espagnol pour la saison 2025-2026. Ce retour en Liga est le fruit d\u2019une reconstruction patiente, d\u2019un projet sportif solide et d\u2019une ferveur populaire toujours intacte dans la r\u00e9gion d\u2019Alicante. Elche, fond\u00e9 en 1923, signe ainsi sa 25e apparition parmi les grands clubs espagnols, avec l\u2019objectif clair de s\u2019y installer durablement.<\/p>\n\n\n\n<p>La mont\u00e9e du club valencien s\u2019est dessin\u00e9e tout au long d\u2019une saison 2024-2025 ma\u00eetris\u00e9e. Sous la houlette de l&rsquo;entra\u00eeneur argentin Sebasti\u00e1n Beccacece, Elche a su allier rigueur d\u00e9fensive, transitions rapides et efficacit\u00e9 offensive. Le club a termin\u00e9 deuxi\u00e8me du championnat derri\u00e8re Valladolid, validant directement sa mont\u00e9e sans passer par les barrages. Avec 76 points au compteur, les Franjiverdes ont impressionn\u00e9 par leur constance et leur solidarit\u00e9 collective.<\/p>\n\n\n\n<p>L\u2019un des grands artisans de cette mont\u00e9e est sans doute l\u2019attaquant Mourad El Ghezouani. Le joueur franco-marocain a inscrit 18 buts en championnat, devenant le fer de lance de l\u2019attaque ilicitane. \u00c0 ses c\u00f4t\u00e9s, le jeune Argentin Nicol\u00e1s Castro a r\u00e9gn\u00e9 sur l\u2019entrejeu. Cette ossature exp\u00e9riment\u00e9e, renforc\u00e9e par quelques pr\u00eats intelligents et des jeunes issus de la cantera, a permis au club de retrouver une dynamique positive.<\/p>\n\n\n\n<p>En coulisses, le projet du propri\u00e9taire Christian Bragarnik commence \u00e0 porter ses fruits. Homme d\u2019affaires et agent influent, il a su restructurer les finances du club et instaurer un mod\u00e8le bas\u00e9 sur le scouting en Am\u00e9rique du Sud. Ce r\u00e9seau a permis d\u2019attirer des talents m\u00e9connus, mais efficaces, tout en gardant une masse salariale ma\u00eetris\u00e9e. Elche veut d\u00e9sormais construire une \u00e9quipe comp\u00e9titive pour la Liga sans compromettre son \u00e9quilibre \u00e9conomique.<\/p>\n\n\n\n<h3 class=\"wp-block-heading\">L\u2019ambition du club pour la saison 2025-2026<\/h3>\n\n\n\n<p>L\u2019ambition du club pour la saison 2025-2026 est claire : le maintien. Pour cela, Elche devra renforcer son effectif tout en gardant sa philosophie. Plusieurs recrues sont attendues, notamment en d\u00e9fense et sur les ailes. L\u2019objectif est d\u2019apporter de la vitesse, de la cr\u00e9ativit\u00e9 et de la solidit\u00e9, pour faire face \u00e0 des adversaires plus exp\u00e9riment\u00e9s. Le retour en Liga s\u2019accompagne aussi d\u2019un enthousiasme populaire retrouv\u00e9. Le stade Mart\u00ednez Valero, d\u2019une capacit\u00e9 de 33 000 places, devrait faire le plein tout au long de la saison.<\/p>\n\n\n\n<p>Elche Club de F\u00fatbol revient donc dans la cour des grands avec humilit\u00e9, mais sans complexe. Port\u00e9 par une r\u00e9gion passionn\u00e9e, un staff ambitieux et une direction structur\u00e9e, le club veut s\u2019inscrire dans la dur\u00e9e en Liga. La saison 2025-2026 s\u2019annonce intense, mais Elche entend bien montrer qu\u2019il n\u2019est pas l\u00e0 pour faire de la figuration.<\/p>\n","protected":false},"excerpt":{"rendered":"<div class=\"mh-excerpt\">Retrouvez toute l&rsquo;actualit\u00e9, les matchs, le classement et les infos concernant le Elche CF sur TopicFoot.fr<\/div>\n<p> <a class=\"mh-excerpt-more\" href=\"https:\/\/www.topicfoot.fr\/index.php\/elche-cf-espagne\/\" title=\"Elche CF (Espagne)\">[&#8230;]<\/a><\/p>\n","protected":false},"author":1,"featured_media":15253,"parent":0,"menu_order":0,"comment_status":"closed","ping_status":"closed","template":"template-full.php","meta":{"footnotes":""},"folder":[59],"class_list":["post-15258","page","type-page","status-publish","has-post-thumbnail"],"yoast_head":"<!-- This site is optimized with the Yoast SEO plugin v27.4 - https:\/\/yoast.com\/product\/yoast-seo-wordpress\/ -->\n<title>Elche CF (Espagne) - Actu, R\u00e9sultats &amp; toutes les infos<\/title>\n<meta name=\"description\" content=\"Retrouvez toute l&#039;actualit\u00e9, les matchs, le classement Elche CF et les infos concernant le club sur TopicFoot.fr\" \/>\n<meta name=\"robots\" content=\"index, follow, max-snippet:-1, max-image-preview:large, max-video-preview:-1\" \/>\n<link rel=\"canonical\" href=\"https:\/\/www.topicfoot.fr\/index.php\/elche-cf-espagne\/\" \/>\n<meta property=\"og:locale\" content=\"fr_FR\" \/>\n<meta property=\"og:type\" content=\"article\" \/>\n<meta property=\"og:title\" content=\"Elche CF (Espagne) - Actu, R\u00e9sultats &amp; toutes les infos\" \/>\n<meta property=\"og:description\" content=\"Retrouvez toute l&#039;actualit\u00e9, les matchs, le classement Elche CF et les infos concernant le club sur TopicFoot.fr\" \/>\n<meta property=\"og:url\" content=\"https:\/\/www.topicfoot.fr\/index.php\/elche-cf-espagne\/\" \/>\n<meta property=\"og:site_name\" content=\"Topic Foot\" \/>\n<meta property=\"article:publisher\" content=\"https:\/\/www.facebook.com\/topicfoot.fr\" \/>\n<meta property=\"article:modified_time\" content=\"2025-08-05T19:14:11+00:00\" \/>\n<meta property=\"og:image\" content=\"https:\/\/www.topicfoot.fr\/wp-content\/uploads\/2025\/08\/logo-elcche-150x150-1.webp\" \/>\n\t<meta property=\"og:image:width\" content=\"150\" \/>\n\t<meta property=\"og:image:height\" content=\"150\" \/>\n\t<meta property=\"og:image:type\" content=\"image\/png\" \/>\n<meta name=\"twitter:card\" content=\"summary_large_image\" \/>\n<meta name=\"twitter:label1\" content=\"Dur\u00e9e de lecture estim\u00e9e\" \/>\n\t<meta name=\"twitter:data1\" content=\"9 minutes\" \/>\n<script type=\"application\/ld+json\" class=\"yoast-schema-graph\">{\"@context\":\"https:\\\/\\\/schema.org\",\"@graph\":[{\"@type\":\"WebPage\",\"@id\":\"https:\\\/\\\/www.topicfoot.fr\\\/index.php\\\/elche-cf-espagne\\\/\",\"url\":\"https:\\\/\\\/www.topicfoot.fr\\\/index.php\\\/elche-cf-espagne\\\/\",\"name\":\"Elche CF (Espagne) - Actu, R\u00e9sultats & toutes les infos\",\"isPartOf\":{\"@id\":\"https:\\\/\\\/www.topicfoot.fr\\\/#website\"},\"primaryImageOfPage\":{\"@id\":\"https:\\\/\\\/www.topicfoot.fr\\\/index.php\\\/elche-cf-espagne\\\/#primaryimage\"},\"image\":{\"@id\":\"https:\\\/\\\/www.topicfoot.fr\\\/index.php\\\/elche-cf-espagne\\\/#primaryimage\"},\"thumbnailUrl\":\"https:\\\/\\\/www.topicfoot.fr\\\/wp-content\\\/uploads\\\/2025\\\/08\\\/logo-elcche-150x150-1.webp\",\"datePublished\":\"2025-08-04T19:41:02+00:00\",\"dateModified\":\"2025-08-05T19:14:11+00:00\",\"description\":\"Retrouvez toute l'actualit\u00e9, les matchs, le classement Elche CF et les infos concernant le club sur TopicFoot.fr\",\"breadcrumb\":{\"@id\":\"https:\\\/\\\/www.topicfoot.fr\\\/index.php\\\/elche-cf-espagne\\\/#breadcrumb\"},\"inLanguage\":\"fr-FR\",\"potentialAction\":[{\"@type\":\"ReadAction\",\"target\":[\"https:\\\/\\\/www.topicfoot.fr\\\/index.php\\\/elche-cf-espagne\\\/\"]}]},{\"@type\":\"ImageObject\",\"inLanguage\":\"fr-FR\",\"@id\":\"https:\\\/\\\/www.topicfoot.fr\\\/index.php\\\/elche-cf-espagne\\\/#primaryimage\",\"url\":\"https:\\\/\\\/www.topicfoot.fr\\\/wp-content\\\/uploads\\\/2025\\\/08\\\/logo-elcche-150x150-1.webp\",\"contentUrl\":\"https:\\\/\\\/www.topicfoot.fr\\\/wp-content\\\/uploads\\\/2025\\\/08\\\/logo-elcche-150x150-1.webp\",\"width\":150,\"height\":150},{\"@type\":\"BreadcrumbList\",\"@id\":\"https:\\\/\\\/www.topicfoot.fr\\\/index.php\\\/elche-cf-espagne\\\/#breadcrumb\",\"itemListElement\":[{\"@type\":\"ListItem\",\"position\":1,\"name\":\"Accueil\",\"item\":\"https:\\\/\\\/www.topicfoot.fr\\\/\"},{\"@type\":\"ListItem\",\"position\":2,\"name\":\"Elche CF (Espagne)\"}]},{\"@type\":\"WebSite\",\"@id\":\"https:\\\/\\\/www.topicfoot.fr\\\/#website\",\"url\":\"https:\\\/\\\/www.topicfoot.fr\\\/\",\"name\":\"Topic Foot\",\"description\":\"Tous l&#039;univers du Foot !\",\"publisher\":{\"@id\":\"https:\\\/\\\/www.topicfoot.fr\\\/#organization\"},\"potentialAction\":[{\"@type\":\"SearchAction\",\"target\":{\"@type\":\"EntryPoint\",\"urlTemplate\":\"https:\\\/\\\/www.topicfoot.fr\\\/?s={search_term_string}\"},\"query-input\":{\"@type\":\"PropertyValueSpecification\",\"valueRequired\":true,\"valueName\":\"search_term_string\"}}],\"inLanguage\":\"fr-FR\"},{\"@type\":\"Organization\",\"@id\":\"https:\\\/\\\/www.topicfoot.fr\\\/#organization\",\"name\":\"Topic Foot\",\"url\":\"https:\\\/\\\/www.topicfoot.fr\\\/\",\"logo\":{\"@type\":\"ImageObject\",\"inLanguage\":\"fr-FR\",\"@id\":\"https:\\\/\\\/www.topicfoot.fr\\\/#\\\/schema\\\/logo\\\/image\\\/\",\"url\":\"https:\\\/\\\/www.topicfoot.fr\\\/wp-content\\\/uploads\\\/2024\\\/04\\\/cropped-logo-topicfoot-new.jpg\",\"contentUrl\":\"https:\\\/\\\/www.topicfoot.fr\\\/wp-content\\\/uploads\\\/2024\\\/04\\\/cropped-logo-topicfoot-new.jpg\",\"width\":512,\"height\":512,\"caption\":\"Topic Foot\"},\"image\":{\"@id\":\"https:\\\/\\\/www.topicfoot.fr\\\/#\\\/schema\\\/logo\\\/image\\\/\"},\"sameAs\":[\"https:\\\/\\\/www.facebook.com\\\/topicfoot.fr\"]}]}<\/script>\n<!-- \/ Yoast SEO plugin. -->","yoast_head_json":{"title":"Elche CF (Espagne) - Actu, R\u00e9sultats & toutes les infos","description":"Retrouvez toute l'actualit\u00e9, les matchs, le classement Elche CF et les infos concernant le club sur TopicFoot.fr","robots":{"index":"index","follow":"follow","max-snippet":"max-snippet:-1","max-image-preview":"max-image-preview:large","max-video-preview":"max-video-preview:-1"},"canonical":"https:\/\/www.topicfoot.fr\/index.php\/elche-cf-espagne\/","og_locale":"fr_FR","og_type":"article","og_title":"Elche CF (Espagne) - Actu, R\u00e9sultats & toutes les infos","og_description":"Retrouvez toute l'actualit\u00e9, les matchs, le classement Elche CF et les infos concernant le club sur TopicFoot.fr","og_url":"https:\/\/www.topicfoot.fr\/index.php\/elche-cf-espagne\/","og_site_name":"Topic Foot","article_publisher":"https:\/\/www.facebook.com\/topicfoot.fr","article_modified_time":"2025-08-05T19:14:11+00:00","og_image":[{"width":150,"height":150,"url":"https:\/\/www.topicfoot.fr\/wp-content\/uploads\/2025\/08\/logo-elcche-150x150-1.webp","type":"image\/png"}],"twitter_card":"summary_large_image","twitter_misc":{"Dur\u00e9e de lecture estim\u00e9e":"9 minutes"},"schema":{"@context":"https:\/\/schema.org","@graph":[{"@type":"WebPage","@id":"https:\/\/www.topicfoot.fr\/index.php\/elche-cf-espagne\/","url":"https:\/\/www.topicfoot.fr\/index.php\/elche-cf-espagne\/","name":"Elche CF (Espagne) - Actu, R\u00e9sultats & toutes les infos","isPartOf":{"@id":"https:\/\/www.topicfoot.fr\/#website"},"primaryImageOfPage":{"@id":"https:\/\/www.topicfoot.fr\/index.php\/elche-cf-espagne\/#primaryimage"},"image":{"@id":"https:\/\/www.topicfoot.fr\/index.php\/elche-cf-espagne\/#primaryimage"},"thumbnailUrl":"https:\/\/www.topicfoot.fr\/wp-content\/uploads\/2025\/08\/logo-elcche-150x150-1.webp","datePublished":"2025-08-04T19:41:02+00:00","dateModified":"2025-08-05T19:14:11+00:00","description":"Retrouvez toute l'actualit\u00e9, les matchs, le classement Elche CF et les infos concernant le club sur TopicFoot.fr","breadcrumb":{"@id":"https:\/\/www.topicfoot.fr\/index.php\/elche-cf-espagne\/#breadcrumb"},"inLanguage":"fr-FR","potentialAction":[{"@type":"ReadAction","target":["https:\/\/www.topicfoot.fr\/index.php\/elche-cf-espagne\/"]}]},{"@type":"ImageObject","inLanguage":"fr-FR","@id":"https:\/\/www.topicfoot.fr\/index.php\/elche-cf-espagne\/#primaryimage","url":"https:\/\/www.topicfoot.fr\/wp-content\/uploads\/2025\/08\/logo-elcche-150x150-1.webp","contentUrl":"https:\/\/www.topicfoot.fr\/wp-content\/uploads\/2025\/08\/logo-elcche-150x150-1.webp","width":150,"height":150},{"@type":"BreadcrumbList","@id":"https:\/\/www.topicfoot.fr\/index.php\/elche-cf-espagne\/#breadcrumb","itemListElement":[{"@type":"ListItem","position":1,"name":"Accueil","item":"https:\/\/www.topicfoot.fr\/"},{"@type":"ListItem","position":2,"name":"Elche CF (Espagne)"}]},{"@type":"WebSite","@id":"https:\/\/www.topicfoot.fr\/#website","url":"https:\/\/www.topicfoot.fr\/","name":"Topic Foot","description":"Tous l&#039;univers du Foot !","publisher":{"@id":"https:\/\/www.topicfoot.fr\/#organization"},"potentialAction":[{"@type":"SearchAction","target":{"@type":"EntryPoint","urlTemplate":"https:\/\/www.topicfoot.fr\/?s={search_term_string}"},"query-input":{"@type":"PropertyValueSpecification","valueRequired":true,"valueName":"search_term_string"}}],"inLanguage":"fr-FR"},{"@type":"Organization","@id":"https:\/\/www.topicfoot.fr\/#organization","name":"Topic Foot","url":"https:\/\/www.topicfoot.fr\/","logo":{"@type":"ImageObject","inLanguage":"fr-FR","@id":"https:\/\/www.topicfoot.fr\/#\/schema\/logo\/image\/","url":"https:\/\/www.topicfoot.fr\/wp-content\/uploads\/2024\/04\/cropped-logo-topicfoot-new.jpg","contentUrl":"https:\/\/www.topicfoot.fr\/wp-content\/uploads\/2024\/04\/cropped-logo-topicfoot-new.jpg","width":512,"height":512,"caption":"Topic Foot"},"image":{"@id":"https:\/\/www.topicfoot.fr\/#\/schema\/logo\/image\/"},"sameAs":["https:\/\/www.facebook.com\/topicfoot.fr"]}]}},"_links":{"self":[{"href":"https:\/\/www.topicfoot.fr\/index.php\/wp-json\/wp\/v2\/pages\/15258","targetHints":{"allow":["GET"]}}],"collection":[{"href":"https:\/\/www.topicfoot.fr\/index.php\/wp-json\/wp\/v2\/pages"}],"about":[{"href":"https:\/\/www.topicfoot.fr\/index.php\/wp-json\/wp\/v2\/types\/page"}],"author":[{"embeddable":true,"href":"https:\/\/www.topicfoot.fr\/index.php\/wp-json\/wp\/v2\/users\/1"}],"replies":[{"embeddable":true,"href":"https:\/\/www.topicfoot.fr\/index.php\/wp-json\/wp\/v2\/comments?post=15258"}],"version-history":[{"count":0,"href":"https:\/\/www.topicfoot.fr\/index.php\/wp-json\/wp\/v2\/pages\/15258\/revisions"}],"wp:featuredmedia":[{"embeddable":true,"href":"https:\/\/www.topicfoot.fr\/index.php\/wp-json\/wp\/v2\/media\/15253"}],"wp:attachment":[{"href":"https:\/\/www.topicfoot.fr\/index.php\/wp-json\/wp\/v2\/media?parent=15258"}],"wp:term":[{"taxonomy":"folder","embeddable":true,"href":"https:\/\/www.topicfoot.fr\/index.php\/wp-json\/wp\/v2\/folder?post=15258"}],"curies":[{"name":"wp","href":"https:\/\/api.w.org\/{rel}","templated":true}]}}