{"id":4521,"date":"2024-01-24T09:04:50","date_gmt":"2024-01-24T08:04:50","guid":{"rendered":"https:\/\/www.topicfoot.fr\/?page_id=4521"},"modified":"2025-08-05T09:27:16","modified_gmt":"2025-08-05T07:27:16","slug":"valence-cf-espagne","status":"publish","type":"page","link":"https:\/\/www.topicfoot.fr\/index.php\/valence-cf-espagne\/","title":{"rendered":"Valencia CF (Espagne)"},"content":{"rendered":"\n<figure class=\"wp-block-table aligncenter is-style-stripes\"><table><tbody><tr><td class=\"has-text-align-center\" data-align=\"center\"><a href=\"https:\/\/www.topicfoot.fr\/index.php\/deportivo-alaves-espagne\/\"><img loading=\"lazy\" decoding=\"async\" width=\"70\" height=\"70\" class=\"wp-image-4052\" style=\"width: 70px;\" src=\"https:\/\/www.topicfoot.fr\/wp-content\/uploads\/2024\/01\/logo-deportivo-espagne.png\" alt=\"\" srcset=\"https:\/\/www.topicfoot.fr\/wp-content\/uploads\/2024\/01\/logo-deportivo-espagne.png 600w, https:\/\/www.topicfoot.fr\/wp-content\/uploads\/2024\/01\/logo-deportivo-espagne-300x300.png 300w, https:\/\/www.topicfoot.fr\/wp-content\/uploads\/2024\/01\/logo-deportivo-espagne-150x150.png 150w\" sizes=\"auto, (max-width: 70px) 100vw, 70px\" \/><\/a><br><a href=\"https:\/\/www.topicfoot.fr\/index.php\/deportivo-alaves-espagne\/\">Alav\u00e9s<\/a><\/td><td class=\"has-text-align-center\" data-align=\"center\"><a href=\"https:\/\/www.topicfoot.fr\/index.php\/real-betis-balompie-espagne\/\"><img loading=\"lazy\" decoding=\"async\" width=\"70\" height=\"70\" class=\"wp-image-4060\" style=\"width: 70px;\" src=\"https:\/\/www.topicfoot.fr\/wp-content\/uploads\/2024\/01\/logo-real-betis-espagne.png\" alt=\"\" srcset=\"https:\/\/www.topicfoot.fr\/wp-content\/uploads\/2024\/01\/logo-real-betis-espagne.png 600w, https:\/\/www.topicfoot.fr\/wp-content\/uploads\/2024\/01\/logo-real-betis-espagne-300x300.png 300w, https:\/\/www.topicfoot.fr\/wp-content\/uploads\/2024\/01\/logo-real-betis-espagne-150x150.png 150w\" sizes=\"auto, (max-width: 70px) 100vw, 70px\" \/><\/a><br><a style=\"text-align: start; white-space: normal;\" href=\"https:\/\/www.topicfoot.fr\/index.php\/real-betis-balompie-espagne\/\">RBB<\/a><\/td><td class=\"has-text-align-center\" data-align=\"center\"><a href=\"https:\/\/www.topicfoot.fr\/index.php\/athletic-club-bilbao\/\"><img loading=\"lazy\" decoding=\"async\" width=\"70\" height=\"70\" class=\"wp-image-4048\" style=\"width: 70px;\" src=\"https:\/\/www.topicfoot.fr\/wp-content\/uploads\/2024\/01\/logo-athletico-bilbao-espagne.png\" alt=\"\" srcset=\"https:\/\/www.topicfoot.fr\/wp-content\/uploads\/2024\/01\/logo-athletico-bilbao-espagne.png 600w, https:\/\/www.topicfoot.fr\/wp-content\/uploads\/2024\/01\/logo-athletico-bilbao-espagne-300x300.png 300w, https:\/\/www.topicfoot.fr\/wp-content\/uploads\/2024\/01\/logo-athletico-bilbao-espagne-150x150.png 150w\" sizes=\"auto, (max-width: 70px) 100vw, 70px\" \/><\/a><br><a href=\"https:\/\/www.topicfoot.fr\/index.php\/athletic-club-bilbao\/\">ACB<\/a><\/td><td class=\"has-text-align-center\" data-align=\"center\"><a href=\"https:\/\/www.topicfoot.fr\/index.php\/rcd-espanyol-de-barcelone-espagne\/\"><img loading=\"lazy\" decoding=\"async\" width=\"70\" height=\"70\" class=\"wp-image-9012\" style=\"width: 70px;\" src=\"https:\/\/www.topicfoot.fr\/wp-content\/uploads\/2024\/07\/logo-rcd-espanyol-barcelone.png\" alt=\"\" srcset=\"https:\/\/www.topicfoot.fr\/wp-content\/uploads\/2024\/07\/logo-rcd-espanyol-barcelone.png 600w, https:\/\/www.topicfoot.fr\/wp-content\/uploads\/2024\/07\/logo-rcd-espanyol-barcelone-300x300.png 300w, https:\/\/www.topicfoot.fr\/wp-content\/uploads\/2024\/07\/logo-rcd-espanyol-barcelone-150x150.png 150w\" sizes=\"auto, (max-width: 70px) 100vw, 70px\" \/><\/a><br><a href=\"https:\/\/www.topicfoot.fr\/index.php\/rcd-espanyol-de-barcelone-espagne\/\">RCD<\/a><\/td><td class=\"has-text-align-center\" data-align=\"center\"><a href=\"https:\/\/www.topicfoot.fr\/index.php\/fc-barcelona-espagne\/\"><img loading=\"lazy\" decoding=\"async\" width=\"70\" height=\"70\" class=\"wp-image-4050\" style=\"width: 70px;\" src=\"https:\/\/www.topicfoot.fr\/wp-content\/uploads\/2024\/01\/logo-barcelona-espagne.png\" alt=\"\" srcset=\"https:\/\/www.topicfoot.fr\/wp-content\/uploads\/2024\/01\/logo-barcelona-espagne.png 600w, https:\/\/www.topicfoot.fr\/wp-content\/uploads\/2024\/01\/logo-barcelona-espagne-300x300.png 300w, https:\/\/www.topicfoot.fr\/wp-content\/uploads\/2024\/01\/logo-barcelona-espagne-150x150.png 150w\" sizes=\"auto, (max-width: 70px) 100vw, 70px\" \/><\/a><br><a href=\"https:\/\/www.topicfoot.fr\/index.php\/fc-barcelona-espagne\/\">FCB<\/a><\/td><\/tr><tr><td class=\"has-text-align-center\" data-align=\"center\"><a href=\"https:\/\/www.topicfoot.fr\/index.php\/elche-cf-espagne\"><img decoding=\"async\" class=\"wp-image-4053\" style=\"width: 70px;\" src=\"https:\/\/www.topicfoot.fr\/wp-content\/uploads\/2025\/08\/logo-elcche-150x150-1.webp\" alt=\"\"><\/a><br><a href=\"https:\/\/www.topicfoot.fr\/index.php\/elche-cf-espagne\">ECF<\/a><\/td><td class=\"has-text-align-center\" data-align=\"center\"><a href=\"https:\/\/www.topicfoot.fr\/index.php\/getafe-cf-espagne\/\"><img loading=\"lazy\" decoding=\"async\" width=\"70\" height=\"70\" class=\"wp-image-4053\" style=\"width: 70px;\" src=\"https:\/\/www.topicfoot.fr\/wp-content\/uploads\/2024\/01\/logo-getafe-espagne.png\" alt=\"\" srcset=\"https:\/\/www.topicfoot.fr\/wp-content\/uploads\/2024\/01\/logo-getafe-espagne.png 600w, https:\/\/www.topicfoot.fr\/wp-content\/uploads\/2024\/01\/logo-getafe-espagne-300x300.png 300w, https:\/\/www.topicfoot.fr\/wp-content\/uploads\/2024\/01\/logo-getafe-espagne-150x150.png 150w\" sizes=\"auto, (max-width: 70px) 100vw, 70px\" \/><\/a><br><a href=\"https:\/\/www.topicfoot.fr\/index.php\/getafe-cf-espagne\/\">GCF<\/a><\/td><td class=\"has-text-align-center\" data-align=\"center\"><a href=\"https:\/\/www.topicfoot.fr\/index.php\/girona-fc-espagne\/\"><img loading=\"lazy\" decoding=\"async\" width=\"70\" height=\"70\" class=\"wp-image-4054\" style=\"width: 70px;\" src=\"https:\/\/www.topicfoot.fr\/wp-content\/uploads\/2024\/01\/logo-girona-espagne.png\" alt=\"\" srcset=\"https:\/\/www.topicfoot.fr\/wp-content\/uploads\/2024\/01\/logo-girona-espagne.png 600w, https:\/\/www.topicfoot.fr\/wp-content\/uploads\/2024\/01\/logo-girona-espagne-300x300.png 300w, https:\/\/www.topicfoot.fr\/wp-content\/uploads\/2024\/01\/logo-girona-espagne-150x150.png 150w\" sizes=\"auto, (max-width: 70px) 100vw, 70px\" \/><\/a><br><a href=\"https:\/\/www.topicfoot.fr\/index.php\/girona-fc-espagne\/\">GFC<\/a><\/td><td class=\"has-text-align-center\" data-align=\"center\"><a href=\"https:\/\/www.topicfoot.fr\/index.php\/levante-ud-espagne\"><img decoding=\"async\" class=\"wp-image-4053\" style=\"width: 70px;\" src=\"https:\/\/www.topicfoot.fr\/wp-content\/uploads\/2025\/08\/logo-levante-ud-150x150-1.webp\" alt=\"\"><\/a><br><a href=\"https:\/\/www.topicfoot.fr\/index.php\/levante-ud-espagne\">LUD<\/a><\/td><td class=\"has-text-align-center\" data-align=\"center\"><a style=\"text-align: start; white-space: normal;\" href=\"https:\/\/www.topicfoot.fr\/index.php\/athletico-madrid-espagne\/\"><img loading=\"lazy\" decoding=\"async\" width=\"70\" height=\"70\" class=\"wp-image-4049\" style=\"width: 70px;\" src=\"https:\/\/www.topicfoot.fr\/wp-content\/uploads\/2024\/01\/logo-atletico-madrid-espagne.png\" alt=\"\" srcset=\"https:\/\/www.topicfoot.fr\/wp-content\/uploads\/2024\/01\/logo-atletico-madrid-espagne.png 600w, https:\/\/www.topicfoot.fr\/wp-content\/uploads\/2024\/01\/logo-atletico-madrid-espagne-300x300.png 300w, https:\/\/www.topicfoot.fr\/wp-content\/uploads\/2024\/01\/logo-atletico-madrid-espagne-150x150.png 150w\" sizes=\"auto, (max-width: 70px) 100vw, 70px\" \/><\/a><br><a href=\"https:\/\/www.topicfoot.fr\/index.php\/athletico-madrid-espagne\/\">CAM<\/a><\/td><\/tr><tr><td class=\"has-text-align-center\" data-align=\"center\"><a style=\"text-align: start; white-space: normal;\" href=\"https:\/\/www.topicfoot.fr\/index.php\/rayo-vallecano-madrid-espagne\/\"><img loading=\"lazy\" decoding=\"async\" width=\"70\" height=\"70\" class=\"wp-image-4063\" style=\"width: 70px;\" src=\"https:\/\/www.topicfoot.fr\/wp-content\/uploads\/2024\/01\/logo-rv-madrid-espagne.png\" alt=\"\" srcset=\"https:\/\/www.topicfoot.fr\/wp-content\/uploads\/2024\/01\/logo-rv-madrid-espagne.png 600w, https:\/\/www.topicfoot.fr\/wp-content\/uploads\/2024\/01\/logo-rv-madrid-espagne-300x300.png 300w, https:\/\/www.topicfoot.fr\/wp-content\/uploads\/2024\/01\/logo-rv-madrid-espagne-150x150.png 150w\" sizes=\"auto, (max-width: 70px) 100vw, 70px\" \/><\/a><br><a href=\"https:\/\/www.topicfoot.fr\/index.php\/rayo-vallecano-madrid-espagne\/\">RVM<\/a><\/td><td class=\"has-text-align-center\" data-align=\"center\"><a href=\"https:\/\/www.topicfoot.fr\/index.php\/actu-real-madrid\/\"><img loading=\"lazy\" decoding=\"async\" width=\"70\" height=\"70\" class=\"wp-image-4061\" style=\"width: 70px;\" src=\"https:\/\/www.topicfoot.fr\/wp-content\/uploads\/2024\/01\/logo-real-madrid-espagne.png\" alt=\"\" srcset=\"https:\/\/www.topicfoot.fr\/wp-content\/uploads\/2024\/01\/logo-real-madrid-espagne.png 600w, https:\/\/www.topicfoot.fr\/wp-content\/uploads\/2024\/01\/logo-real-madrid-espagne-300x300.png 300w, https:\/\/www.topicfoot.fr\/wp-content\/uploads\/2024\/01\/logo-real-madrid-espagne-150x150.png 150w\" sizes=\"auto, (max-width: 70px) 100vw, 70px\" \/><\/a><br><a href=\"https:\/\/www.topicfoot.fr\/index.php\/actu-real-madrid\/\">RMCF<\/a><\/td><td class=\"has-text-align-center\" data-align=\"center\"><a style=\"text-align: start; white-space: normal;\" href=\"https:\/\/www.topicfoot.fr\/index.php\/rcd-majorque-espagne\/\"><img loading=\"lazy\" decoding=\"async\" width=\"70\" height=\"70\" class=\"wp-image-4057\" style=\"width: 70px;\" src=\"https:\/\/www.topicfoot.fr\/wp-content\/uploads\/2024\/01\/logo-mallorca-espagne.png\" alt=\"\" srcset=\"https:\/\/www.topicfoot.fr\/wp-content\/uploads\/2024\/01\/logo-mallorca-espagne.png 600w, https:\/\/www.topicfoot.fr\/wp-content\/uploads\/2024\/01\/logo-mallorca-espagne-300x300.png 300w, https:\/\/www.topicfoot.fr\/wp-content\/uploads\/2024\/01\/logo-mallorca-espagne-150x150.png 150w\" sizes=\"auto, (max-width: 70px) 100vw, 70px\" \/><\/a><br><a href=\"https:\/\/www.topicfoot.fr\/index.php\/rcd-majorque-espagne\/\">RCDM<\/a><\/td><td class=\"has-text-align-center\" data-align=\"center\"><a style=\"text-align: start; white-space: normal;\" href=\"https:\/\/www.topicfoot.fr\/index.php\/club-atletico-sasuna-espagne\/\"><img loading=\"lazy\" decoding=\"async\" width=\"70\" height=\"70\" class=\"wp-image-4058\" style=\"width: 70px;\" src=\"https:\/\/www.topicfoot.fr\/wp-content\/uploads\/2024\/01\/logo-osasuna-espagne.png\" alt=\"\" srcset=\"https:\/\/www.topicfoot.fr\/wp-content\/uploads\/2024\/01\/logo-osasuna-espagne.png 600w, https:\/\/www.topicfoot.fr\/wp-content\/uploads\/2024\/01\/logo-osasuna-espagne-300x300.png 300w, https:\/\/www.topicfoot.fr\/wp-content\/uploads\/2024\/01\/logo-osasuna-espagne-150x150.png 150w\" sizes=\"auto, (max-width: 70px) 100vw, 70px\" \/><\/a><br><a href=\"https:\/\/www.topicfoot.fr\/index.php\/club-atletico-sasuna-espagne\/\">CAO<\/a><\/td><td class=\"has-text-align-center\" data-align=\"center\"><a href=\"https:\/\/www.topicfoot.fr\/index.php\/real-oviedo-espagne\"><img decoding=\"async\" class=\"wp-image-4053\" style=\"width: 70px;\" src=\"https:\/\/www.topicfoot.fr\/wp-content\/uploads\/2025\/08\/logo-real-oviedo-150x150-1.webp\" alt=\"\"><\/a><br><a href=\"https:\/\/www.topicfoot.fr\/index.php\/real-oviedo-espagne\">RO<\/a><\/td><\/tr><tr><td class=\"has-text-align-center\" data-align=\"center\"><a style=\"text-align: start; white-space: normal;\" href=\"https:\/\/www.topicfoot.fr\/index.php\/fc-seville-espagne\/\"><img loading=\"lazy\" decoding=\"async\" width=\"70\" height=\"70\" class=\"wp-image-4064\" style=\"width: 70px;\" src=\"https:\/\/www.topicfoot.fr\/wp-content\/uploads\/2024\/01\/logo-sevilla-espagne.png\" alt=\"\" srcset=\"https:\/\/www.topicfoot.fr\/wp-content\/uploads\/2024\/01\/logo-sevilla-espagne.png 600w, https:\/\/www.topicfoot.fr\/wp-content\/uploads\/2024\/01\/logo-sevilla-espagne-300x300.png 300w, https:\/\/www.topicfoot.fr\/wp-content\/uploads\/2024\/01\/logo-sevilla-espagne-150x150.png 150w\" sizes=\"auto, (max-width: 70px) 100vw, 70px\" \/><\/a><br><a href=\"https:\/\/www.topicfoot.fr\/index.php\/fc-seville-espagne\/\">SFC<\/a><\/td><td class=\"has-text-align-center\" data-align=\"center\"><a style=\"text-align: start; white-space: normal;\" href=\"https:\/\/www.topicfoot.fr\/index.php\/real-sociedad-espagne\/\"><img loading=\"lazy\" decoding=\"async\" width=\"70\" height=\"70\" class=\"wp-image-4062\" style=\"width: 70px;\" src=\"https:\/\/www.topicfoot.fr\/wp-content\/uploads\/2024\/01\/logo-real-sociedad-espagne.png\" alt=\"\" srcset=\"https:\/\/www.topicfoot.fr\/wp-content\/uploads\/2024\/01\/logo-real-sociedad-espagne.png 600w, https:\/\/www.topicfoot.fr\/wp-content\/uploads\/2024\/01\/logo-real-sociedad-espagne-300x300.png 300w, https:\/\/www.topicfoot.fr\/wp-content\/uploads\/2024\/01\/logo-real-sociedad-espagne-150x150.png 150w\" sizes=\"auto, (max-width: 70px) 100vw, 70px\" \/><\/a><br><a style=\"text-align: start; white-space: normal;\" href=\"https:\/\/www.topicfoot.fr\/index.php\/real-sociedad-espagne\/\">RSF<\/a><\/td><td class=\"has-text-align-center\" data-align=\"center\"><a style=\"text-align: start; white-space: normal;\" href=\"https:\/\/www.topicfoot.fr\/index.php\/valence-cf-espagne\/\"><img loading=\"lazy\" decoding=\"async\" width=\"70\" height=\"70\" class=\"wp-image-4065\" style=\"width: 70px;\" src=\"https:\/\/www.topicfoot.fr\/wp-content\/uploads\/2024\/01\/logo-valencia-espagne.png\" alt=\"\" srcset=\"https:\/\/www.topicfoot.fr\/wp-content\/uploads\/2024\/01\/logo-valencia-espagne.png 600w, https:\/\/www.topicfoot.fr\/wp-content\/uploads\/2024\/01\/logo-valencia-espagne-300x300.png 300w, https:\/\/www.topicfoot.fr\/wp-content\/uploads\/2024\/01\/logo-valencia-espagne-150x150.png 150w\" sizes=\"auto, (max-width: 70px) 100vw, 70px\" \/><\/a><br><a href=\"https:\/\/www.topicfoot.fr\/index.php\/valence-cf-espagne\/\">VCF<\/a><\/td><td class=\"has-text-align-center\" data-align=\"center\"><a style=\"text-align: start; white-space: normal;\" href=\"https:\/\/www.topicfoot.fr\/index.php\/celta-vigo-espagne\/\"><img loading=\"lazy\" decoding=\"async\" width=\"70\" height=\"70\" class=\"wp-image-4059\" style=\"width: 70px;\" src=\"https:\/\/www.topicfoot.fr\/wp-content\/uploads\/2024\/01\/logo-rc-celta-vigo-espagne.png\" alt=\"\" srcset=\"https:\/\/www.topicfoot.fr\/wp-content\/uploads\/2024\/01\/logo-rc-celta-vigo-espagne.png 600w, https:\/\/www.topicfoot.fr\/wp-content\/uploads\/2024\/01\/logo-rc-celta-vigo-espagne-300x300.png 300w, https:\/\/www.topicfoot.fr\/wp-content\/uploads\/2024\/01\/logo-rc-celta-vigo-espagne-150x150.png 150w\" sizes=\"auto, (max-width: 70px) 100vw, 70px\" \/><\/a><br><a href=\"https:\/\/www.topicfoot.fr\/index.php\/celta-vigo-espagne\/\">RCCV<\/a><\/td><td class=\"has-text-align-center\" data-align=\"center\"><a style=\"text-align: start; white-space: normal;\" href=\"https:\/\/www.topicfoot.fr\/index.php\/villarreal-cf-espagne\/\"><img loading=\"lazy\" decoding=\"async\" width=\"70\" height=\"70\" class=\"wp-image-4066\" style=\"width: 70px;\" src=\"https:\/\/www.topicfoot.fr\/wp-content\/uploads\/2024\/01\/logo-villarreal-espagne.png\" alt=\"\" srcset=\"https:\/\/www.topicfoot.fr\/wp-content\/uploads\/2024\/01\/logo-villarreal-espagne.png 600w, https:\/\/www.topicfoot.fr\/wp-content\/uploads\/2024\/01\/logo-villarreal-espagne-300x300.png 300w, https:\/\/www.topicfoot.fr\/wp-content\/uploads\/2024\/01\/logo-villarreal-espagne-150x150.png 150w\" sizes=\"auto, (max-width: 70px) 100vw, 70px\" \/><\/a><br><a href=\"https:\/\/www.topicfoot.fr\/index.php\/villarreal-cf-espagne\/\">CVF<\/a><\/td><\/tr><\/tbody><\/table><\/figure>\n\n\n\n<div class=\"wp-block-columns is-layout-flex wp-container-core-columns-is-layout-9d6595d7 wp-block-columns-is-layout-flex\">\n<div class=\"wp-block-column is-layout-flow wp-block-column-is-layout-flow\">\n<div class=\"wp-block-columns is-layout-flex wp-container-core-columns-is-layout-9d6595d7 wp-block-columns-is-layout-flex\">\n<div class=\"wp-block-column is-layout-flow wp-block-column-is-layout-flow\" style=\"flex-basis:100%\">\n<h1 class=\"wp-block-heading has-text-align-center\">Valencia CF <br>(Espagne)<\/h1>\n<\/div>\n<\/div>\n\n\n\n<div class=\"wp-block-columns is-layout-flex wp-container-core-columns-is-layout-9d6595d7 wp-block-columns-is-layout-flex\">\n<div class=\"wp-block-column is-layout-flow wp-block-column-is-layout-flow\"><div class=\"wp-block-image\">\n<figure class=\"aligncenter size-thumbnail\"><img loading=\"lazy\" decoding=\"async\" width=\"150\" height=\"150\" src=\"https:\/\/www.topicfoot.fr\/wp-content\/uploads\/2024\/01\/logo-valencia-espagne-150x150.png\" alt=\"Logo Valence CF \" class=\"wp-image-4065\" srcset=\"https:\/\/www.topicfoot.fr\/wp-content\/uploads\/2024\/01\/logo-valencia-espagne-150x150.png 150w, https:\/\/www.topicfoot.fr\/wp-content\/uploads\/2024\/01\/logo-valencia-espagne-300x300.png 300w, https:\/\/www.topicfoot.fr\/wp-content\/uploads\/2024\/01\/logo-valencia-espagne.png 600w\" sizes=\"auto, (max-width: 150px) 100vw, 150px\" \/><\/figure>\n<\/div><\/div>\n\n\n\n<div class=\"wp-block-column is-layout-flow wp-block-column-is-layout-flow\">\n<figure class=\"wp-block-table is-style-stripes\"><table><tbody><tr><td class=\"has-text-align-center\" data-align=\"center\"><strong><a href=\"#actualite\">ACTUALIT\u00c9<\/a><\/strong><\/td><\/tr><tr><td class=\"has-text-align-center\" data-align=\"center\"><strong><a href=\"#classement\">CLASSEMENT<\/a><\/strong><\/td><\/tr><tr><td class=\"has-text-align-center\" data-align=\"center\"><strong><a href=\"#buteurs\">BUTEURS<\/a><\/strong><\/td><\/tr><tr><td class=\"has-text-align-center\" data-align=\"center\"><strong><a href=\"#passeurs\">PASSEURS<\/a><\/strong><\/td><\/tr><tr><td class=\"has-text-align-center\" data-align=\"center\"><strong><a href=\"#resultats\">R\u00c9SULTATS<\/a><\/strong><\/td><\/tr><tr><td class=\"has-text-align-center\" data-align=\"center\"><strong><a href=\"#calendrier\">CALENDRIER<\/a><\/strong><\/td><\/tr><tr><td class=\"has-text-align-center\" data-align=\"center\"><a href=\"#stade\"><strong>STADE<\/strong><\/a><\/td><\/tr><tr><td class=\"has-text-align-center\" data-align=\"center\"><strong><a href=\"#infos\">INFOS DU CLUB<\/a><\/strong><\/td><\/tr><tr><td class=\"has-text-align-center\" data-align=\"center\"><strong><a href=\"#resume\">EN QUELQUES MOTS&#8230;<\/a><\/strong><\/td><\/tr><\/tbody><\/table><\/figure>\n<\/div>\n\n\n\n<div class=\"wp-block-column is-layout-flow wp-block-column-is-layout-flow\"><div class=\"wp-block-image\">\n<figure class=\"aligncenter size-thumbnail\"><img loading=\"lazy\" decoding=\"async\" width=\"150\" height=\"150\" src=\"https:\/\/www.topicfoot.fr\/wp-content\/uploads\/2024\/01\/logo-valencia-espagne-150x150.png\" alt=\"Logo Valence CF \" class=\"wp-image-4065\" srcset=\"https:\/\/www.topicfoot.fr\/wp-content\/uploads\/2024\/01\/logo-valencia-espagne-150x150.png 150w, https:\/\/www.topicfoot.fr\/wp-content\/uploads\/2024\/01\/logo-valencia-espagne-300x300.png 300w, https:\/\/www.topicfoot.fr\/wp-content\/uploads\/2024\/01\/logo-valencia-espagne.png 600w\" sizes=\"auto, (max-width: 150px) 100vw, 150px\" \/><\/figure>\n<\/div><\/div>\n<\/div>\n\n\n\n<div class=\"wp-block-wpzoom-blocks-social-icons is-style-with-canvas-round\" style=\"--wpz-social-icons-block-item-font-size:18px;--wpz-social-icons-block-item-padding-horizontal:6px;--wpz-social-icons-block-item-padding-vertical:6px;--wpz-social-icons-block-item-margin-horizontal:5px;--wpz-social-icons-block-item-margin-vertical:5px;--wpz-social-icons-block-item-border-radius:50px;--wpz-social-icons-block-label-font-size:16px;--wpz-social-icons-block-label-color:#2e3131;--wpz-social-icons-block-label-color-hover:#2e3131;--wpz-social-icons-alignment:center\"><a href=\"https:\/\/twitter.com\/valenciacf\" class=\"social-icon-link\" title=\"X\" style=\"--wpz-social-icons-block-item-color:#1da1f2;--wpz-social-icons-block-item-color-hover:#1da1f2\"><span class=\"social-icon socicon socicon-x\"><\/span><\/a><a href=\"https:\/\/www.instagram.com\/valenciacf\/\" class=\"social-icon-link\" title=\"Instagram\" style=\"--wpz-social-icons-block-item-color:#e4405f;--wpz-social-icons-block-item-color-hover:#e4405f\"><span class=\"social-icon socicon socicon-instagram\"><\/span><\/a><a href=\"https:\/\/www.facebook.com\/valenciacf.en\" class=\"social-icon-link\" title=\"Facebook\" style=\"--wpz-social-icons-block-item-color:#0866FF;--wpz-social-icons-block-item-color-hover:#0866FF\"><span class=\"social-icon socicon socicon-facebook\"><\/span><\/a><a href=\"https:\/\/www.youtube.com\/valenciacf\" class=\"social-icon-link\" title=\"Youtube\" style=\"--wpz-social-icons-block-item-color:#e02a20;--wpz-social-icons-block-item-color-hover:#e02a20\"><span class=\"social-icon socicon socicon-youtube\"><\/span><\/a><a href=\"https:\/\/www.tiktok.com\/@valenciacf\" class=\"social-icon-link\" title=\"Tiktok\" style=\"--wpz-social-icons-block-item-color:#69C9D0;--wpz-social-icons-block-item-color-hover:#69C9D0\"><span class=\"social-icon socicon socicon-tiktok\"><\/span><\/a><a href=\"https:\/\/open.spotify.com\/user\/lnkw6kjumg59stjul5mt4w9hy?si=z1xmWgdOTJG0O9GLVPxp3Q&amp;nd=1&amp;dlsi=ea23f3945bbd48c6\" class=\"social-icon-link\" title=\"Spotify\" style=\"--wpz-social-icons-block-item-color:#1DB954;--wpz-social-icons-block-item-color-hover:#1DB954\"><span class=\"social-icon socicon socicon-spotify\"><\/span><\/a><\/div>\n\n\n\n<hr class=\"wp-block-separator has-alpha-channel-opacity\"\/>\n<\/div>\n<\/div>\n\n\n\n<div class=\"wp-block-columns is-layout-flex wp-container-core-columns-is-layout-9d6595d7 wp-block-columns-is-layout-flex\">\n<div class=\"wp-block-column is-layout-flow wp-block-column-is-layout-flow\" style=\"flex-basis:100%\">\n<h2 class=\"wp-block-heading\" id=\"actualite\">Prochain Match<\/h2>\n\n\n\n<!-- Load jQuery -->\n<script src=\"\/\/code.jquery.com\/jquery-2.1.4.min.js\"><\/script>\n\n<!-- Load Stats FC Next Fixture SDK -->\n<script>(function(d, s, id) {\n    var js, fjs = d.getElementsByTagName(s)[0];\n    if (d.getElementById(id)) return;\n    js = d.createElement(s); js.id = id;\n    js.src = \"https:\/\/cdn.statsfc.com\/js\/next-fixture.js\";\n    fjs.parentNode.insertBefore(js, fjs);\n}(document, \"script\", \"statsfc-next-fixture-js\"));<\/script>\n\n<!-- Your next-fixture here -->\n<div class=\"statsfc-next-fixture\"\n    data-key=\"qHdiP_fzKLURC_gyZ2iGCqcvpRq5b5R5e3KMerKK\"\n    data-team=\"Valencia\"\n    data-competition=\"\"\n    data-timezone=\"Europe\/Paris\"\n    data-omit-errors=\"false\"\n    data-use-default-css=\"true\"\n    data-lang=\"fr\">\n<\/div>\n\n\n\n<h2 class=\"wp-block-heading\" id=\"actualite\">Actualit\u00e9<\/h2>\n\n\n<div class=\"ditty ditty--pre\" data-id=\"4522\" data-uniqid=\"ditty-69f3dd66b99b7\"><\/div>\n\n\n\n<div style=\"height:40px\" aria-hidden=\"true\" class=\"wp-block-spacer\"><\/div>\n\n\n\n<hr class=\"wp-block-separator has-alpha-channel-opacity\"\/>\n\n\n\n<h2 class=\"wp-block-heading\">Cette ann\u00e9e participe aux comp\u00e9titions : <\/h2>\n\n\n\n<div class=\"wp-block-columns is-layout-flex wp-container-core-columns-is-layout-9d6595d7 wp-block-columns-is-layout-flex\">\n<div class=\"wp-block-column is-layout-flow wp-block-column-is-layout-flow\">\n<div class=\"wp-block-columns is-layout-flex wp-container-core-columns-is-layout-9d6595d7 wp-block-columns-is-layout-flex\">\n<div class=\"wp-block-column is-layout-flow wp-block-column-is-layout-flow\"><div class=\"wp-block-image\">\n<figure class=\"aligncenter size-full is-resized\"><a href=\"https:\/\/www.topicfoot.fr\/index.php\/liga\/\"><img loading=\"lazy\" decoding=\"async\" width=\"1920\" height=\"1466\" src=\"https:\/\/www.topicfoot.fr\/wp-content\/uploads\/2024\/05\/logo-laliga-easports.svg.png\" alt=\"\" class=\"wp-image-7906\" style=\"width:213px;height:auto\" srcset=\"https:\/\/www.topicfoot.fr\/wp-content\/uploads\/2024\/05\/logo-laliga-easports.svg.png 1920w, https:\/\/www.topicfoot.fr\/wp-content\/uploads\/2024\/05\/logo-laliga-easports.svg-300x229.png 300w, https:\/\/www.topicfoot.fr\/wp-content\/uploads\/2024\/05\/logo-laliga-easports.svg-1024x782.png 1024w, https:\/\/www.topicfoot.fr\/wp-content\/uploads\/2024\/05\/logo-laliga-easports.svg-768x586.png 768w, https:\/\/www.topicfoot.fr\/wp-content\/uploads\/2024\/05\/logo-laliga-easports.svg-1536x1173.png 1536w, https:\/\/www.topicfoot.fr\/wp-content\/uploads\/2024\/05\/logo-laliga-easports.svg-80x60.png 80w\" sizes=\"auto, (max-width: 1920px) 100vw, 1920px\" \/><\/a><\/figure>\n<\/div>\n\n\n<p class=\"has-text-align-center\"><a href=\"https:\/\/www.topicfoot.fr\/index.php\/liga\/\">LaLiga<\/a><\/p>\n<\/div>\n\n\n\n<div class=\"wp-block-column is-layout-flow wp-block-column-is-layout-flow\"><div class=\"wp-block-image\">\n<figure class=\"aligncenter size-full is-resized\"><a href=\"https:\/\/www.topicfoot.fr\/index.php\/coupe-du-roi-espagne\/\"><img loading=\"lazy\" decoding=\"async\" width=\"600\" height=\"600\" src=\"https:\/\/www.topicfoot.fr\/wp-content\/uploads\/2024\/01\/logo-coupe-espagne.jpg\" alt=\"\" class=\"wp-image-4162\" style=\"width:161px;height:auto\" srcset=\"https:\/\/www.topicfoot.fr\/wp-content\/uploads\/2024\/01\/logo-coupe-espagne.jpg 600w, https:\/\/www.topicfoot.fr\/wp-content\/uploads\/2024\/01\/logo-coupe-espagne-300x300.jpg 300w, https:\/\/www.topicfoot.fr\/wp-content\/uploads\/2024\/01\/logo-coupe-espagne-150x150.jpg 150w\" sizes=\"auto, (max-width: 600px) 100vw, 600px\" \/><\/a><\/figure>\n<\/div>\n\n\n<p class=\"has-text-align-center\"><a href=\"https:\/\/www.topicfoot.fr\/index.php\/coupe-du-roi-espagne\/\">Coupe d&rsquo;Espagne<\/a><\/p>\n<\/div>\n<\/div>\n<\/div>\n\n\n\n<div class=\"wp-block-column is-layout-flow wp-block-column-is-layout-flow\">\n<div class=\"wp-block-columns is-layout-flex wp-container-core-columns-is-layout-9d6595d7 wp-block-columns-is-layout-flex\">\n<div class=\"wp-block-column is-layout-flow wp-block-column-is-layout-flow\"><\/div>\n<\/div>\n<\/div>\n<\/div>\n\n\n\n<hr class=\"wp-block-separator has-alpha-channel-opacity\"\/>\n\n\n\n<div class=\"wp-block-columns is-layout-flex wp-container-core-columns-is-layout-9d6595d7 wp-block-columns-is-layout-flex\">\n<div class=\"wp-block-column is-layout-flow wp-block-column-is-layout-flow\">\n<h2 class=\"wp-block-heading\">Derniers r\u00e9sultats<\/h2>\n\n\n\n<!-- Load jQuery -->\n<script src=\"\/\/code.jquery.com\/jquery-2.1.4.min.js\"><\/script>\n\n<!-- Load Stats FC Results SDK -->\n<script>(function(d, s, id) {\n    var js, fjs = d.getElementsByTagName(s)[0];\n    if (d.getElementById(id)) return;\n    js = d.createElement(s); js.id = id;\n    js.src = \"https:\/\/cdn.statsfc.com\/js\/results.js\";\n    fjs.parentNode.insertBefore(js, fjs);\n}(document, \"script\", \"statsfc-results-js\"));<\/script>\n\n<!-- Your Results here -->\n<div class=\"statsfc-results\"\n    data-key=\"qHdiP_fzKLURC_gyZ2iGCqcvpRq5b5R5e3KMerKK\"\n    data-team=\"Valencia\"\n    data-highlight=\"Valencia\"\n    data-from=\"-3 weeks\"\n    data-assists=\"true\"\n    data-show-badges=\"true\"\n    data-order=\"desc\"\n    data-timezone=\"Europe\/Paris\"\n    data-omit-errors=\"false\"\n    data-use-default-css=\"true\"\n    data-lang=\"fr\">\n<\/div>\n<\/div>\n\n\n\n<div class=\"wp-block-column is-layout-flow wp-block-column-is-layout-flow\">\n<h2 class=\"wp-block-heading\">Prochains matchs<\/h2>\n\n\n\n<!-- Load jQuery -->\n<script src=\"\/\/code.jquery.com\/jquery-2.1.4.min.js\"><\/script>\n\n<!-- Load Stats FC Fixtures SDK -->\n<script>(function(d, s, id) {\n    var js, fjs = d.getElementsByTagName(s)[0];\n    if (d.getElementById(id)) return;\n    js = d.createElement(s); js.id = id;\n    js.src = \"https:\/\/cdn.statsfc.com\/js\/fixtures.js\";\n    fjs.parentNode.insertBefore(js, fjs);\n}(document, \"script\", \"statsfc-fixtures-js\"));<\/script>\n\n<!-- Your fixtures here -->\n<div class=\"statsfc-fixtures\"\n    data-key=\"qHdiP_fzKLURC_gyZ2iGCqcvpRq5b5R5e3KMerKK\"\n    data-team=\"Valencia\"\n    data-to=\"+3 weeks\"\n    data-highlight=\"Valencia\"\n    data-show-badges=\"true\"\n    data-timezone=\"Europe\/Paris\"\n    data-omit-errors=\"false\"\n    data-use-default-css=\"true\"\n    data-lang=\"fr\">\n<\/div>\n<\/div>\n<\/div>\n\n\n\n<div style=\"height:40px\" aria-hidden=\"true\" class=\"wp-block-spacer\"><\/div>\n\n\n\n<hr class=\"wp-block-separator has-alpha-channel-opacity\"\/>\n\n\n\n<h2 class=\"wp-block-heading\" id=\"classement\">Classement<\/h2>\n\n\n\n<!-- Load jQuery -->\n<script src=\"\/\/code.jquery.com\/jquery-2.1.4.min.js\"><\/script>\n\n<!-- Load Stats FC Table SDK -->\n<script>(function(d, s, id) {\n    var js, fjs = d.getElementsByTagName(s)[0];\n    if (d.getElementById(id)) return;\n    js = d.createElement(s); js.id = id;\n    js.src = \"https:\/\/cdn.statsfc.com\/js\/table.js\";\n    fjs.parentNode.insertBefore(js, fjs);\n}(document, \"script\", \"statsfc-table-js\"));<\/script>\n\n<!-- Your league table here -->\n<div class=\"statsfc-table\"\n    data-key=\"qHdiP_fzKLURC_gyZ2iGCqcvpRq5b5R5e3KMerKK\"\n    data-competition=\"LFP\"\n    data-season=\"2025\/2026\"\n    data-table-type=\"mini\"\n    data-highlight=\"Valencia\"\n    data-show-badges=\"true\"\n    data-show-form=\"true\"\n    data-show-status=\"true\"\n    data-omit-errors=\"true\"\n    data-use-default-css=\"true\"\n    data-lang=\"fr\">\n<\/div>\n\n\n\n<hr class=\"wp-block-separator has-alpha-channel-opacity\"\/>\n\n\n\n<h2 class=\"wp-block-heading\" id=\"buteurs\">Buteurs<\/h2>\n\n\n\n<div class=\"wp-block-columns is-layout-flex wp-container-core-columns-is-layout-9d6595d7 wp-block-columns-is-layout-flex\">\n<div class=\"wp-block-column is-layout-flow wp-block-column-is-layout-flow\">\n<!-- Load jQuery -->\n<script src=\"\/\/code.jquery.com\/jquery-2.1.4.min.js\"><\/script>\n\n<!-- Load Stats FC Top Scorers SDK -->\n<script>(function(d, s, id) {\n    var js, fjs = d.getElementsByTagName(s)[0];\n    if (d.getElementById(id)) return;\n    js = d.createElement(s); js.id = id;\n    js.src = \"https:\/\/cdn.statsfc.com\/js\/top-scorers.js\";\n    fjs.parentNode.insertBefore(js, fjs);\n}(document, \"script\", \"statsfc-top-scorers-js\"));<\/script>\n\n<!-- Your top scorers here -->\n<div class=\"statsfc-top-scorers\"\n    data-key=\"qHdiP_fzKLURC_gyZ2iGCqcvpRq5b5R5e3KMerKK\"\n    data-competition=\"\"\n    data-team=\"Valencia\"\n    data-season=\"2025\/2026\"\n    data-show-badges=\"true\"\n    data-omit-errors=\"false\"\n    data-use-default-css=\"true\"\n    data-lang=\"fr\">\n<\/div>\n<\/div>\n<\/div>\n\n\n\n<hr class=\"wp-block-separator has-alpha-channel-opacity\"\/>\n\n\n\n<h2 class=\"wp-block-heading\" id=\"passeurs\">Passeurs<\/h2>\n\n\n\n<div class=\"wp-block-columns is-layout-flex wp-container-core-columns-is-layout-9d6595d7 wp-block-columns-is-layout-flex\">\n<div class=\"wp-block-column is-layout-flow wp-block-column-is-layout-flow\">\n<!-- Load jQuery -->\n<script src=\"\/\/code.jquery.com\/jquery-2.1.4.min.js\"><\/script>\n\n<!-- Load Stats FC Top Assisters SDK -->\n<script>(function(d, s, id) {\n    var js, fjs = d.getElementsByTagName(s)[0];\n    if (d.getElementById(id)) return;\n    js = d.createElement(s); js.id = id;\n    js.src = \"https:\/\/cdn.statsfc.com\/js\/top-assisters.js\";\n    fjs.parentNode.insertBefore(js, fjs);\n}(document, \"script\", \"statsfc-top-assisters-js\"));<\/script>\n\n<!-- Your top assisters here -->\n<div class=\"statsfc-top-assisters\"\n    data-key=\"qHdiP_fzKLURC_gyZ2iGCqcvpRq5b5R5e3KMerKK\"\n    data-competition=\"\"\n    data-team=\"Valencia\"\n    data-season=\"2025\/2026\"\n    data-show-badges=\"true\"\n    data-omit-errors=\"false\"\n    data-use-default-css=\"true\"\n    data-lang=\"fr\">\n<\/div>\n<\/div>\n<\/div>\n\n\n\n<hr class=\"wp-block-separator has-alpha-channel-opacity\"\/>\n\n\n\n<h2 class=\"wp-block-heading\" id=\"resultats\">R\u00e9sultats<\/h2>\n\n\n\n<!-- Load jQuery -->\n<script src=\"\/\/code.jquery.com\/jquery-2.1.4.min.js\"><\/script>\n\n<!-- Load Stats FC Live SDK -->\n<script>(function(d, s, id) {\n    var js, fjs = d.getElementsByTagName(s)[0];\n    if (d.getElementById(id)) return;\n    js = d.createElement(s); js.id = id;\n    js.src = \"https:\/\/cdn.statsfc.com\/js\/live.js\";\n    fjs.parentNode.insertBefore(js, fjs);\n}(document, \"script\", \"statsfc-live-js\"));<\/script>\n\n<!-- Your live here -->\n<div class=\"statsfc-live\"\n    data-key=\"qHdiP_fzKLURC_gyZ2iGCqcvpRq5b5R5e3KMerKK\"\n    data-competition=\"\"\n    data-team=\"Valencia\"\n    data-highlight=\"Valencia\"\n    data-goals=\"true\"\n    data-assists=\"false\"\n    data-show-badges=\"true\"\n    data-omit-errors=\"false\"\n    data-use-default-css=\"true\"\n    data-lang=\"fr\">\n<\/div>\n\n\n\n<!-- Load jQuery -->\n<script src=\"\/\/code.jquery.com\/jquery-2.1.4.min.js\"><\/script>\n\n<!-- Load Stats FC Results SDK -->\n<script>(function(d, s, id) {\n    var js, fjs = d.getElementsByTagName(s)[0];\n    if (d.getElementById(id)) return;\n    js = d.createElement(s); js.id = id;\n    js.src = \"https:\/\/cdn.statsfc.com\/js\/results.js\";\n    fjs.parentNode.insertBefore(js, fjs);\n}(document, \"script\", \"statsfc-results-js\"));<\/script>\n\n<!-- Your Results here -->\n<div class=\"statsfc-results\"\n    data-key=\"qHdiP_fzKLURC_gyZ2iGCqcvpRq5b5R5e3KMerKK\"\n    data-competition=\"\"\n    data-team=\"Valencia\"\n    data-highlight=\"Valencia\"\n    data-season=\"2025\/2026\"\n    data-goals=\"false\"\n    data-assists=\"true\"\n    data-show-badges=\"true\"\n    data-order=\"desc\"\n    data-timezone=\"Europe\/Paris\"\n    data-omit-errors=\"false\"\n    data-use-default-css=\"true\"\n    data-lang=\"fr\">\n<\/div>\n\n\n\n<hr class=\"wp-block-separator has-alpha-channel-opacity\"\/>\n\n\n\n<h2 class=\"wp-block-heading\" id=\"calendrier\">Calendrier<\/h2>\n\n\n\n<!-- Load jQuery -->\n<script src=\"\/\/code.jquery.com\/jquery-2.1.4.min.js\"><\/script>\n\n<!-- Load Stats FC Fixtures SDK -->\n<script>(function(d, s, id) {\n    var js, fjs = d.getElementsByTagName(s)[0];\n    if (d.getElementById(id)) return;\n    js = d.createElement(s); js.id = id;\n    js.src = \"https:\/\/cdn.statsfc.com\/js\/fixtures.js\";\n    fjs.parentNode.insertBefore(js, fjs);\n}(document, \"script\", \"statsfc-fixtures-js\"));<\/script>\n\n<!-- Your fixtures here -->\n<div class=\"statsfc-fixtures\"\n    data-key=\"qHdiP_fzKLURC_gyZ2iGCqcvpRq5b5R5e3KMerKK\"\n    data-competition=\"\"\n    data-team=\"Valencia\"\n    data-season=\"2025\/2026\"\n    data-highlight=\"Valencia\"\n    data-show-badges=\"true\"\n    data-timezone=\"Europe\/Paris\"\n    data-omit-errors=\"false\"\n    data-use-default-css=\"true\"\n    data-lang=\"fr\">\n<\/div>\n\n\n\n<div style=\"height:40px\" aria-hidden=\"true\" class=\"wp-block-spacer\"><\/div>\n\n\n\n<hr class=\"wp-block-separator has-alpha-channel-opacity\"\/>\n<\/div>\n<\/div>\n\n\n\n<h2 class=\"wp-block-heading\" id=\"stade\">Stade Officiel : <\/h2>\n\n\n\n<p><strong>Stade de Mestalla<br>53.000 places<\/strong><\/p>\n\n\n<div class=\"wp-block-image\">\n<figure class=\"aligncenter size-full\"><img loading=\"lazy\" decoding=\"async\" width=\"1200\" height=\"664\" src=\"https:\/\/www.topicfoot.fr\/wp-content\/uploads\/2024\/01\/stade-valcence.jpg\" alt=\"Stade Valence CF Stade de Mestalla\" class=\"wp-image-4526\" srcset=\"https:\/\/www.topicfoot.fr\/wp-content\/uploads\/2024\/01\/stade-valcence.jpg 1200w, https:\/\/www.topicfoot.fr\/wp-content\/uploads\/2024\/01\/stade-valcence-300x166.jpg 300w, https:\/\/www.topicfoot.fr\/wp-content\/uploads\/2024\/01\/stade-valcence-1024x567.jpg 1024w, https:\/\/www.topicfoot.fr\/wp-content\/uploads\/2024\/01\/stade-valcence-768x425.jpg 768w\" sizes=\"auto, (max-width: 1200px) 100vw, 1200px\" \/><\/figure>\n<\/div>\n\n\n<div style=\"height:40px\" aria-hidden=\"true\" class=\"wp-block-spacer\"><\/div>\n\n\n\n<hr class=\"wp-block-separator has-alpha-channel-opacity\"\/>\n\n\n\n<p id=\"infos\"><strong><kbd>INFOS DU CLUB<\/kbd><\/strong><\/p>\n\n\n\n<p><strong>Fond\u00e9 en 1919<br><a href=\"http:\/\/www.valenciacf.com\/\" target=\"_blank\" rel=\"noreferrer noopener\">Site internet du Club<\/a><\/strong><\/p>\n\n\n\n<p><strong><kbd>PALMARES<\/kbd><\/strong><br>Championnat d&rsquo;Espagne (6)<br>Championnat d&rsquo;Espagne D2 (2)<br>Coupe d&rsquo;Espagne (8)<br>Coupe EVA Duarte (1)<br>Supercoupe UEFA (2)<br>Coupe des coupes (1)<br>Coupe UEFA (1)<br>Supercoupe d&rsquo;Espagne (1)<br>Coupe des villes de foire (2)<br>Coupe Intertoto (1)<\/p>\n\n\n\n<div style=\"height:40px\" aria-hidden=\"true\" class=\"wp-block-spacer\"><\/div>\n\n\n\n<hr class=\"wp-block-separator has-alpha-channel-opacity\"\/>\n\n\n\n<h2 class=\"wp-block-heading\" id=\"resume\">En quelques mots&#8230;<\/h2>\n\n\n<div class=\"wp-block-image\">\n<figure class=\"aligncenter size-thumbnail\"><img loading=\"lazy\" decoding=\"async\" width=\"150\" height=\"150\" src=\"https:\/\/www.topicfoot.fr\/wp-content\/uploads\/2024\/01\/logo-valencia-espagne-150x150.png\" alt=\"Logo Valence CF \" class=\"wp-image-4065\" srcset=\"https:\/\/www.topicfoot.fr\/wp-content\/uploads\/2024\/01\/logo-valencia-espagne-150x150.png 150w, https:\/\/www.topicfoot.fr\/wp-content\/uploads\/2024\/01\/logo-valencia-espagne-300x300.png 300w, https:\/\/www.topicfoot.fr\/wp-content\/uploads\/2024\/01\/logo-valencia-espagne.png 600w\" sizes=\"auto, (max-width: 150px) 100vw, 150px\" \/><\/figure>\n<\/div>\n\n\n<p>Le Valencia Club de F\u00fatbol, commun\u00e9ment appel\u00e9 Valence CF, est l&rsquo;un des clubs de football les plus embl\u00e9matiques et les plus historiques d&rsquo;Espagne. Fond\u00e9 en 1919, le club est bas\u00e9 \u00e0 Valence, dans la r\u00e9gion de la Communaut\u00e9 valencienne. Le Valence CF \u00e9volue dans le stade Mestalla, un lieu l\u00e9gendaire qui a \u00e9t\u00e9 t\u00e9moin de certains des moments les plus m\u00e9morables de l&rsquo;histoire du football espagnol. Le stade peut accueillir plus de 48 000 spectateurs.<\/p>\n\n\n\n<p>Le Valence CF a une riche histoire marqu\u00e9e par de nombreux triomphes nationaux et internationaux. Le club a remport\u00e9 la Liga, le championnat espagnol, \u00e0 plusieurs reprises, dont la derni\u00e8re en 2003-2004. Il a \u00e9galement remport\u00e9 la Coupe du Roi \u00e0 plusieurs reprises, ainsi que d&rsquo;autres comp\u00e9titions nationales et internationales, notamment la Coupe UEFA en 2003-2004 et 2013-2014.<\/p>\n\n\n\n<h2 class=\"wp-block-heading\">Des joueurs stars<\/h2>\n\n\n\n<p>Le Valence CF est \u00e9galement connu pour avoir produit et accueilli certains des meilleurs joueurs de l&rsquo;histoire du football espagnol. Des l\u00e9gendes telles que David Villa, David Silva, Gaizka Mendieta et Fernando Morientes ont tous port\u00e9 les couleurs du club et ont contribu\u00e9 \u00e0 son succ\u00e8s sur la sc\u00e8ne nationale et internationale.<\/p>\n\n\n\n<p>Le club a \u00e9galement une base de fans passionn\u00e9e et d\u00e9vou\u00e9e, connue sous le nom de \u00ab\u00a0valencianistas\u00a0\u00bb, qui soutient l&rsquo;\u00e9quipe avec ferveur \u00e0 chaque match, \u00e0 domicile ou \u00e0 l&rsquo;ext\u00e9rieur. Les supporters du Valence CF sont r\u00e9put\u00e9s pour leur fid\u00e9lit\u00e9 et leur engagement envers leur \u00e9quipe, ce qui cr\u00e9e une atmosph\u00e8re \u00e9lectrique \u00e0 chaque rencontre.<\/p>\n\n\n\n<p>Malgr\u00e9 ses succ\u00e8s pass\u00e9s, le Valence CF a \u00e9galement connu des p\u00e9riodes de difficult\u00e9s financi\u00e8res et sportives. Le club a parfois eu du mal \u00e0 maintenir sa stabilit\u00e9 et son succ\u00e8s \u00e0 long terme, mais il a toujours r\u00e9ussi \u00e0 se relever et \u00e0 surmonter les obstacles qui se dressaient sur son chemin.<\/p>\n\n\n\n<p>Sur le plan institutionnel, le Valence CF est \u00e9galement impliqu\u00e9 dans diverses initiatives communautaires et caritatives visant \u00e0 soutenir la communaut\u00e9 locale et \u00e0 promouvoir le sport aupr\u00e8s des jeunes. Le club participe \u00e9galement \u00e0 des programmes de d\u00e9veloppement des jeunes joueurs, offrant des opportunit\u00e9s \u00e0 la prochaine g\u00e9n\u00e9ration de talents.<\/p>\n\n\n\n<p>En conclusion, le Valence CF est bien plus qu&rsquo;un simple club de football. C&rsquo;est une institution embl\u00e9matique qui incarne l&rsquo;esprit et la passion du football espagnol. Avec son histoire riche, ses succ\u00e8s pass\u00e9s et son engagement envers sa communaut\u00e9, le Valence CF continue d&rsquo;\u00eatre un pilier important du football espagnol et une source de fiert\u00e9 pour ses supporters \u00e0 travers le monde.<\/p>\n","protected":false},"excerpt":{"rendered":"<div class=\"mh-excerpt\">Retrouvez toute l&rsquo;actualit\u00e9, les matchs, le classement et les infos concernant le Valence CF sur TopicFoot.fr<\/div>\n<p> <a class=\"mh-excerpt-more\" href=\"https:\/\/www.topicfoot.fr\/index.php\/valence-cf-espagne\/\" title=\"Valencia CF (Espagne)\">[&#8230;]<\/a><\/p>\n","protected":false},"author":1,"featured_media":4065,"parent":0,"menu_order":0,"comment_status":"closed","ping_status":"closed","template":"template-full.php","meta":{"footnotes":""},"folder":[59],"class_list":["post-4521","page","type-page","status-publish","has-post-thumbnail"],"yoast_head":"<!-- This site is optimized with the Yoast SEO plugin v27.4 - https:\/\/yoast.com\/product\/yoast-seo-wordpress\/ -->\n<title>Valencia CF (Espagne) - Actu, R\u00e9sultats &amp; toutes les infos<\/title>\n<meta name=\"description\" content=\"Retrouvez toute l&#039;actualit\u00e9, les matchs, le classement et les infos concernant le Valencia CF sur TopicFoot.fr\" \/>\n<meta name=\"robots\" content=\"index, follow, max-snippet:-1, max-image-preview:large, max-video-preview:-1\" \/>\n<link rel=\"canonical\" href=\"https:\/\/www.topicfoot.fr\/index.php\/valence-cf-espagne\/\" \/>\n<meta property=\"og:locale\" content=\"fr_FR\" \/>\n<meta property=\"og:type\" content=\"article\" \/>\n<meta property=\"og:title\" content=\"Valencia CF (Espagne) - Actu, R\u00e9sultats &amp; toutes les infos\" \/>\n<meta property=\"og:description\" content=\"Retrouvez toute l&#039;actualit\u00e9, les matchs, le classement et les infos concernant le Valencia CF sur TopicFoot.fr\" \/>\n<meta property=\"og:url\" content=\"https:\/\/www.topicfoot.fr\/index.php\/valence-cf-espagne\/\" \/>\n<meta property=\"og:site_name\" content=\"Topic Foot\" \/>\n<meta property=\"article:publisher\" content=\"https:\/\/www.facebook.com\/topicfoot.fr\" \/>\n<meta property=\"article:modified_time\" content=\"2025-08-05T07:27:16+00:00\" \/>\n<meta property=\"og:image\" content=\"https:\/\/www.topicfoot.fr\/wp-content\/uploads\/2024\/01\/logo-valencia-espagne.png\" \/>\n\t<meta property=\"og:image:width\" content=\"600\" \/>\n\t<meta property=\"og:image:height\" content=\"600\" \/>\n\t<meta property=\"og:image:type\" content=\"image\/png\" \/>\n<meta name=\"twitter:card\" content=\"summary_large_image\" \/>\n<meta name=\"twitter:label1\" content=\"Dur\u00e9e de lecture estim\u00e9e\" \/>\n\t<meta name=\"twitter:data1\" content=\"9 minutes\" \/>\n<script type=\"application\/ld+json\" class=\"yoast-schema-graph\">{\"@context\":\"https:\\\/\\\/schema.org\",\"@graph\":[{\"@type\":\"WebPage\",\"@id\":\"https:\\\/\\\/www.topicfoot.fr\\\/index.php\\\/valence-cf-espagne\\\/\",\"url\":\"https:\\\/\\\/www.topicfoot.fr\\\/index.php\\\/valence-cf-espagne\\\/\",\"name\":\"Valencia CF (Espagne) - Actu, R\u00e9sultats & toutes les infos\",\"isPartOf\":{\"@id\":\"https:\\\/\\\/www.topicfoot.fr\\\/#website\"},\"primaryImageOfPage\":{\"@id\":\"https:\\\/\\\/www.topicfoot.fr\\\/index.php\\\/valence-cf-espagne\\\/#primaryimage\"},\"image\":{\"@id\":\"https:\\\/\\\/www.topicfoot.fr\\\/index.php\\\/valence-cf-espagne\\\/#primaryimage\"},\"thumbnailUrl\":\"https:\\\/\\\/www.topicfoot.fr\\\/wp-content\\\/uploads\\\/2024\\\/01\\\/logo-valencia-espagne.png\",\"datePublished\":\"2024-01-24T08:04:50+00:00\",\"dateModified\":\"2025-08-05T07:27:16+00:00\",\"description\":\"Retrouvez toute l'actualit\u00e9, les matchs, le classement et les infos concernant le Valencia CF sur TopicFoot.fr\",\"breadcrumb\":{\"@id\":\"https:\\\/\\\/www.topicfoot.fr\\\/index.php\\\/valence-cf-espagne\\\/#breadcrumb\"},\"inLanguage\":\"fr-FR\",\"potentialAction\":[{\"@type\":\"ReadAction\",\"target\":[\"https:\\\/\\\/www.topicfoot.fr\\\/index.php\\\/valence-cf-espagne\\\/\"]}]},{\"@type\":\"ImageObject\",\"inLanguage\":\"fr-FR\",\"@id\":\"https:\\\/\\\/www.topicfoot.fr\\\/index.php\\\/valence-cf-espagne\\\/#primaryimage\",\"url\":\"https:\\\/\\\/www.topicfoot.fr\\\/wp-content\\\/uploads\\\/2024\\\/01\\\/logo-valencia-espagne.png\",\"contentUrl\":\"https:\\\/\\\/www.topicfoot.fr\\\/wp-content\\\/uploads\\\/2024\\\/01\\\/logo-valencia-espagne.png\",\"width\":600,\"height\":600},{\"@type\":\"BreadcrumbList\",\"@id\":\"https:\\\/\\\/www.topicfoot.fr\\\/index.php\\\/valence-cf-espagne\\\/#breadcrumb\",\"itemListElement\":[{\"@type\":\"ListItem\",\"position\":1,\"name\":\"Accueil\",\"item\":\"https:\\\/\\\/www.topicfoot.fr\\\/\"},{\"@type\":\"ListItem\",\"position\":2,\"name\":\"Valencia CF (Espagne)\"}]},{\"@type\":\"WebSite\",\"@id\":\"https:\\\/\\\/www.topicfoot.fr\\\/#website\",\"url\":\"https:\\\/\\\/www.topicfoot.fr\\\/\",\"name\":\"Topic Foot\",\"description\":\"Tous l&#039;univers du Foot !\",\"publisher\":{\"@id\":\"https:\\\/\\\/www.topicfoot.fr\\\/#organization\"},\"potentialAction\":[{\"@type\":\"SearchAction\",\"target\":{\"@type\":\"EntryPoint\",\"urlTemplate\":\"https:\\\/\\\/www.topicfoot.fr\\\/?s={search_term_string}\"},\"query-input\":{\"@type\":\"PropertyValueSpecification\",\"valueRequired\":true,\"valueName\":\"search_term_string\"}}],\"inLanguage\":\"fr-FR\"},{\"@type\":\"Organization\",\"@id\":\"https:\\\/\\\/www.topicfoot.fr\\\/#organization\",\"name\":\"Topic Foot\",\"url\":\"https:\\\/\\\/www.topicfoot.fr\\\/\",\"logo\":{\"@type\":\"ImageObject\",\"inLanguage\":\"fr-FR\",\"@id\":\"https:\\\/\\\/www.topicfoot.fr\\\/#\\\/schema\\\/logo\\\/image\\\/\",\"url\":\"https:\\\/\\\/www.topicfoot.fr\\\/wp-content\\\/uploads\\\/2024\\\/04\\\/cropped-logo-topicfoot-new.jpg\",\"contentUrl\":\"https:\\\/\\\/www.topicfoot.fr\\\/wp-content\\\/uploads\\\/2024\\\/04\\\/cropped-logo-topicfoot-new.jpg\",\"width\":512,\"height\":512,\"caption\":\"Topic Foot\"},\"image\":{\"@id\":\"https:\\\/\\\/www.topicfoot.fr\\\/#\\\/schema\\\/logo\\\/image\\\/\"},\"sameAs\":[\"https:\\\/\\\/www.facebook.com\\\/topicfoot.fr\"]}]}<\/script>\n<!-- \/ Yoast SEO plugin. -->","yoast_head_json":{"title":"Valencia CF (Espagne) - Actu, R\u00e9sultats & toutes les infos","description":"Retrouvez toute l'actualit\u00e9, les matchs, le classement et les infos concernant le Valencia CF sur TopicFoot.fr","robots":{"index":"index","follow":"follow","max-snippet":"max-snippet:-1","max-image-preview":"max-image-preview:large","max-video-preview":"max-video-preview:-1"},"canonical":"https:\/\/www.topicfoot.fr\/index.php\/valence-cf-espagne\/","og_locale":"fr_FR","og_type":"article","og_title":"Valencia CF (Espagne) - Actu, R\u00e9sultats & toutes les infos","og_description":"Retrouvez toute l'actualit\u00e9, les matchs, le classement et les infos concernant le Valencia CF sur TopicFoot.fr","og_url":"https:\/\/www.topicfoot.fr\/index.php\/valence-cf-espagne\/","og_site_name":"Topic Foot","article_publisher":"https:\/\/www.facebook.com\/topicfoot.fr","article_modified_time":"2025-08-05T07:27:16+00:00","og_image":[{"width":600,"height":600,"url":"https:\/\/www.topicfoot.fr\/wp-content\/uploads\/2024\/01\/logo-valencia-espagne.png","type":"image\/png"}],"twitter_card":"summary_large_image","twitter_misc":{"Dur\u00e9e de lecture estim\u00e9e":"9 minutes"},"schema":{"@context":"https:\/\/schema.org","@graph":[{"@type":"WebPage","@id":"https:\/\/www.topicfoot.fr\/index.php\/valence-cf-espagne\/","url":"https:\/\/www.topicfoot.fr\/index.php\/valence-cf-espagne\/","name":"Valencia CF (Espagne) - Actu, R\u00e9sultats & toutes les infos","isPartOf":{"@id":"https:\/\/www.topicfoot.fr\/#website"},"primaryImageOfPage":{"@id":"https:\/\/www.topicfoot.fr\/index.php\/valence-cf-espagne\/#primaryimage"},"image":{"@id":"https:\/\/www.topicfoot.fr\/index.php\/valence-cf-espagne\/#primaryimage"},"thumbnailUrl":"https:\/\/www.topicfoot.fr\/wp-content\/uploads\/2024\/01\/logo-valencia-espagne.png","datePublished":"2024-01-24T08:04:50+00:00","dateModified":"2025-08-05T07:27:16+00:00","description":"Retrouvez toute l'actualit\u00e9, les matchs, le classement et les infos concernant le Valencia CF sur TopicFoot.fr","breadcrumb":{"@id":"https:\/\/www.topicfoot.fr\/index.php\/valence-cf-espagne\/#breadcrumb"},"inLanguage":"fr-FR","potentialAction":[{"@type":"ReadAction","target":["https:\/\/www.topicfoot.fr\/index.php\/valence-cf-espagne\/"]}]},{"@type":"ImageObject","inLanguage":"fr-FR","@id":"https:\/\/www.topicfoot.fr\/index.php\/valence-cf-espagne\/#primaryimage","url":"https:\/\/www.topicfoot.fr\/wp-content\/uploads\/2024\/01\/logo-valencia-espagne.png","contentUrl":"https:\/\/www.topicfoot.fr\/wp-content\/uploads\/2024\/01\/logo-valencia-espagne.png","width":600,"height":600},{"@type":"BreadcrumbList","@id":"https:\/\/www.topicfoot.fr\/index.php\/valence-cf-espagne\/#breadcrumb","itemListElement":[{"@type":"ListItem","position":1,"name":"Accueil","item":"https:\/\/www.topicfoot.fr\/"},{"@type":"ListItem","position":2,"name":"Valencia CF (Espagne)"}]},{"@type":"WebSite","@id":"https:\/\/www.topicfoot.fr\/#website","url":"https:\/\/www.topicfoot.fr\/","name":"Topic Foot","description":"Tous l&#039;univers du Foot !","publisher":{"@id":"https:\/\/www.topicfoot.fr\/#organization"},"potentialAction":[{"@type":"SearchAction","target":{"@type":"EntryPoint","urlTemplate":"https:\/\/www.topicfoot.fr\/?s={search_term_string}"},"query-input":{"@type":"PropertyValueSpecification","valueRequired":true,"valueName":"search_term_string"}}],"inLanguage":"fr-FR"},{"@type":"Organization","@id":"https:\/\/www.topicfoot.fr\/#organization","name":"Topic Foot","url":"https:\/\/www.topicfoot.fr\/","logo":{"@type":"ImageObject","inLanguage":"fr-FR","@id":"https:\/\/www.topicfoot.fr\/#\/schema\/logo\/image\/","url":"https:\/\/www.topicfoot.fr\/wp-content\/uploads\/2024\/04\/cropped-logo-topicfoot-new.jpg","contentUrl":"https:\/\/www.topicfoot.fr\/wp-content\/uploads\/2024\/04\/cropped-logo-topicfoot-new.jpg","width":512,"height":512,"caption":"Topic Foot"},"image":{"@id":"https:\/\/www.topicfoot.fr\/#\/schema\/logo\/image\/"},"sameAs":["https:\/\/www.facebook.com\/topicfoot.fr"]}]}},"_links":{"self":[{"href":"https:\/\/www.topicfoot.fr\/index.php\/wp-json\/wp\/v2\/pages\/4521","targetHints":{"allow":["GET"]}}],"collection":[{"href":"https:\/\/www.topicfoot.fr\/index.php\/wp-json\/wp\/v2\/pages"}],"about":[{"href":"https:\/\/www.topicfoot.fr\/index.php\/wp-json\/wp\/v2\/types\/page"}],"author":[{"embeddable":true,"href":"https:\/\/www.topicfoot.fr\/index.php\/wp-json\/wp\/v2\/users\/1"}],"replies":[{"embeddable":true,"href":"https:\/\/www.topicfoot.fr\/index.php\/wp-json\/wp\/v2\/comments?post=4521"}],"version-history":[{"count":0,"href":"https:\/\/www.topicfoot.fr\/index.php\/wp-json\/wp\/v2\/pages\/4521\/revisions"}],"wp:featuredmedia":[{"embeddable":true,"href":"https:\/\/www.topicfoot.fr\/index.php\/wp-json\/wp\/v2\/media\/4065"}],"wp:attachment":[{"href":"https:\/\/www.topicfoot.fr\/index.php\/wp-json\/wp\/v2\/media?parent=4521"}],"wp:term":[{"taxonomy":"folder","embeddable":true,"href":"https:\/\/www.topicfoot.fr\/index.php\/wp-json\/wp\/v2\/folder?post=4521"}],"curies":[{"name":"wp","href":"https:\/\/api.w.org\/{rel}","templated":true}]}}