{"id":7476,"date":"2024-04-22T00:00:14","date_gmt":"2024-04-21T22:00:14","guid":{"rendered":"https:\/\/www.topicfoot.fr\/?page_id=7476"},"modified":"2025-08-06T00:16:58","modified_gmt":"2025-08-05T22:16:58","slug":"amiens-sporting-club-france","status":"publish","type":"page","link":"https:\/\/www.topicfoot.fr\/index.php\/amiens-sporting-club-france\/","title":{"rendered":"Amiens Sporting Club (France)"},"content":{"rendered":"\n<div class=\"wp-block-columns is-layout-flex wp-container-core-columns-is-layout-9d6595d7 wp-block-columns-is-layout-flex\">\n<div class=\"wp-block-column is-layout-flow wp-block-column-is-layout-flow\">\n<div class=\"wp-block-columns is-layout-flex wp-container-core-columns-is-layout-9d6595d7 wp-block-columns-is-layout-flex\">\n<div class=\"wp-block-column is-layout-flow wp-block-column-is-layout-flow\" style=\"flex-basis:100%\">\n<figure class=\"wp-block-table aligncenter is-style-stripes\"><table><tbody><tr><td class=\"has-text-align-center\" data-align=\"center\"><a href=\"https:\/\/www.topicfoot.fr\/index.php\/ac-ajaccio-france\/\"><img loading=\"lazy\" decoding=\"async\" width=\"70\" height=\"70\" class=\"wp-image-7211\" style=\"width: 70px;\" src=\"https:\/\/www.topicfoot.fr\/wp-content\/uploads\/2024\/04\/logo-ac-ajaccio.png\" alt=\"\" srcset=\"https:\/\/www.topicfoot.fr\/wp-content\/uploads\/2024\/04\/logo-ac-ajaccio.png 200w, https:\/\/www.topicfoot.fr\/wp-content\/uploads\/2024\/04\/logo-ac-ajaccio-150x150.png 150w\" sizes=\"auto, (max-width: 70px) 100vw, 70px\" \/><\/a><br><a href=\"https:\/\/www.topicfoot.fr\/index.php\/ac-ajaccio-france\/\">ACA<\/a><\/td><td class=\"has-text-align-center\" data-align=\"center\"><a href=\"https:\/\/www.topicfoot.fr\/index.php\/amiens-sporting-club-france\/\"><img loading=\"lazy\" decoding=\"async\" width=\"70\" height=\"70\" class=\"wp-image-7213\" style=\"width: 70px;\" src=\"https:\/\/www.topicfoot.fr\/wp-content\/uploads\/2024\/04\/logo-amiens.png\" alt=\"\" srcset=\"https:\/\/www.topicfoot.fr\/wp-content\/uploads\/2024\/04\/logo-amiens.png 200w, https:\/\/www.topicfoot.fr\/wp-content\/uploads\/2024\/04\/logo-amiens-150x150.png 150w\" sizes=\"auto, (max-width: 70px) 100vw, 70px\" \/><\/a><br><a href=\"https:\/\/www.topicfoot.fr\/index.php\/amiens-sporting-club-france\/\">AF<\/a><\/td><td class=\"has-text-align-center\" data-align=\"center\"><a style=\"text-align: start; white-space: normal;\" href=\"https:\/\/www.topicfoot.fr\/index.php\/annecy-football-club-france\/\"><img loading=\"lazy\" decoding=\"async\" width=\"70\" height=\"70\" class=\"wp-image-7217\" style=\"width: 70px;\" src=\"https:\/\/www.topicfoot.fr\/wp-content\/uploads\/2024\/04\/logo-fc-annecy.png\" alt=\"\" srcset=\"https:\/\/www.topicfoot.fr\/wp-content\/uploads\/2024\/04\/logo-fc-annecy.png 200w, https:\/\/www.topicfoot.fr\/wp-content\/uploads\/2024\/04\/logo-fc-annecy-150x150.png 150w\" sizes=\"auto, (max-width: 70px) 100vw, 70px\" \/><\/a><br><a href=\"https:\/\/www.topicfoot.fr\/index.php\/annecy-football-club-france\/\">CFA<\/a><\/td><td class=\"has-text-align-center\" data-align=\"center\"><a style=\"text-align: start; white-space: normal;\" href=\"https:\/\/www.topicfoot.fr\/index.php\/s-c-bastia-france\/\"><img loading=\"lazy\" decoding=\"async\" width=\"70\" height=\"70\" class=\"wp-image-7224\" style=\"width: 70px;\" src=\"https:\/\/www.topicfoot.fr\/wp-content\/uploads\/2024\/04\/logo-sc-bastia.png\" alt=\"\" srcset=\"https:\/\/www.topicfoot.fr\/wp-content\/uploads\/2024\/04\/logo-sc-bastia.png 200w, https:\/\/www.topicfoot.fr\/wp-content\/uploads\/2024\/04\/logo-sc-bastia-150x150.png 150w\" sizes=\"auto, (max-width: 70px) 100vw, 70px\" \/><\/a><br><a href=\"https:\/\/www.topicfoot.fr\/index.php\/s-c-bastia-france\/\">SCB<\/a><\/td><td class=\"has-text-align-center\" data-align=\"center\"><a style=\"text-align: start; white-space: normal;\" href=\"https:\/\/www.topicfoot.fr\/index.php\/clermont-foot\/\"><img loading=\"lazy\" decoding=\"async\" width=\"70\" height=\"70\" class=\"wp-image-10\" style=\"width: 70px;\" src=\"https:\/\/www.topicfoot.fr\/wp-content\/uploads\/2023\/05\/clermont_logo.png\" alt=\"Logo \u00e9quipe Clermont Foot ligue 1 Uber eats\"><\/a><br><a href=\"https:\/\/www.topicfoot.fr\/index.php\/clermont-foot\/\">CF<\/a><\/td><td class=\"has-text-align-center\" data-align=\"center\"><a style=\"text-align: start; white-space: normal;\" href=\"https:\/\/www.topicfoot.fr\/index.php\/usl-dunkerque-france\/\"><img loading=\"lazy\" decoding=\"async\" width=\"70\" height=\"70\" class=\"wp-image-7210\" style=\"width: 70px;\" src=\"https:\/\/www.topicfoot.fr\/wp-content\/uploads\/2024\/04\/log-usl-dunkerque.png\" alt=\"\" srcset=\"https:\/\/www.topicfoot.fr\/wp-content\/uploads\/2024\/04\/log-usl-dunkerque.png 200w, https:\/\/www.topicfoot.fr\/wp-content\/uploads\/2024\/04\/log-usl-dunkerque-150x150.png 150w\" sizes=\"auto, (max-width: 70px) 100vw, 70px\" \/><\/a><br><a href=\"https:\/\/www.topicfoot.fr\/index.php\/usl-dunkerque-france\/\">USLD<\/a><\/td><\/tr><tr><td class=\"has-text-align-center\" data-align=\"center\"><a href=\"https:\/\/www.topicfoot.fr\/index.php\/grenoble-foot-38-france\/\"><img loading=\"lazy\" decoding=\"async\" width=\"70\" height=\"70\" class=\"wp-image-7219\" style=\"width: 70px;\" src=\"https:\/\/www.topicfoot.fr\/wp-content\/uploads\/2024\/04\/logo-grenoble-foot.png\" alt=\"\" srcset=\"https:\/\/www.topicfoot.fr\/wp-content\/uploads\/2024\/04\/logo-grenoble-foot.png 200w, https:\/\/www.topicfoot.fr\/wp-content\/uploads\/2024\/04\/logo-grenoble-foot-150x150.png 150w\" sizes=\"auto, (max-width: 70px) 100vw, 70px\" \/><\/a><br><a href=\"https:\/\/www.topicfoot.fr\/index.php\/grenoble-foot-38-france\/\">GF38<\/a><\/td><td class=\"has-text-align-center\" data-align=\"center\"><a style=\"text-align: start; white-space: normal;\" href=\"https:\/\/www.topicfoot.fr\/index.php\/en-avant-de-guingamp-france\/\"><img loading=\"lazy\" decoding=\"async\" width=\"70\" height=\"70\" class=\"wp-image-7215\" style=\"width: 70px;\" src=\"https:\/\/www.topicfoot.fr\/wp-content\/uploads\/2024\/04\/logo-en-avant-guingamp.png\" alt=\"\" srcset=\"https:\/\/www.topicfoot.fr\/wp-content\/uploads\/2024\/04\/logo-en-avant-guingamp.png 200w, https:\/\/www.topicfoot.fr\/wp-content\/uploads\/2024\/04\/logo-en-avant-guingamp-150x150.png 150w\" sizes=\"auto, (max-width: 70px) 100vw, 70px\" \/><\/a><br><a href=\"https:\/\/www.topicfoot.fr\/index.php\/en-avant-de-guingamp-france\/\">EAG<\/a><\/td><td class=\"has-text-align-center\" data-align=\"center\"><a style=\"text-align: start; white-space: normal;\" href=\"https:\/\/www.topicfoot.fr\/index.php\/stade-lavallois-mayenne-fc-france\/\"><img loading=\"lazy\" decoding=\"async\" width=\"70\" height=\"70\" class=\"wp-image-7226\" style=\"width: 70px;\" src=\"https:\/\/www.topicfoot.fr\/wp-content\/uploads\/2024\/04\/logo-stade-lavallois.png\" alt=\"\" srcset=\"https:\/\/www.topicfoot.fr\/wp-content\/uploads\/2024\/04\/logo-stade-lavallois.png 200w, https:\/\/www.topicfoot.fr\/wp-content\/uploads\/2024\/04\/logo-stade-lavallois-150x150.png 150w\" sizes=\"auto, (max-width: 70px) 100vw, 70px\" \/><\/a><br><a href=\"https:\/\/www.topicfoot.fr\/index.php\/u-s-concarneau-france\/\"><\/a><a href=\"https:\/\/www.topicfoot.fr\/index.php\/stade-lavallois-mayenne-fc-france\/\">SVMFC<\/a><\/td><td class=\"has-text-align-center\" data-align=\"center\"><a href=\"https:\/\/www.topicfoot.fr\/index.php\/le-mans-fc\"><img decoding=\"async\" style=\"width: 70px;\" src=\"https:\/\/www.topicfoot.fr\/wp-content\/uploads\/2025\/08\/logo-le-mans-fc-150x150-1.webp\" alt=\"\"><\/a><br><a href=\"https:\/\/www.topicfoot.fr\/index.php\/le-mans-fc\">Le Mans<\/a><\/td><td class=\"has-text-align-center\" data-align=\"center\"><a href=\"https:\/\/www.topicfoot.fr\/index.php\/montpellier-hsc\/\"><img decoding=\"async\" style=\"width: 70px;\" src=\"https:\/\/www.topicfoot.fr\/wp-content\/uploads\/2023\/05\/montpellier_logo.png\" alt=\"\"><\/a><br><a href=\"https:\/\/www.topicfoot.fr\/index.php\/montpellier-hsc\/\">MHSC<\/a><\/td><td class=\"has-text-align-center\" data-align=\"center\"><a href=\"https:\/\/www.topicfoot.fr\/index.php\/as-nancy-lorraine\"><img decoding=\"async\" style=\"width: 70px;\" src=\"https:\/\/www.topicfoot.fr\/wp-content\/uploads\/2025\/08\/as-nancy-lorraine-150x150-1.webp\" alt=\"\"><\/a><br><a href=\"https:\/\/www.topicfoot.fr\/index.php\/as-nancy-lorraine\">Nancy<\/a><\/td><\/tr><tr><td class=\"has-text-align-center\" data-align=\"center\"><a style=\"text-align: start; white-space: normal;\" href=\"https:\/\/www.topicfoot.fr\/index.php\/pau-fc-france\/\"><img loading=\"lazy\" decoding=\"async\" width=\"70\" height=\"70\" class=\"wp-image-7221\" style=\"width: 70px;\" src=\"https:\/\/www.topicfoot.fr\/wp-content\/uploads\/2024\/04\/logo-pau-fc.png\" alt=\"\" srcset=\"https:\/\/www.topicfoot.fr\/wp-content\/uploads\/2024\/04\/logo-pau-fc.png 200w, https:\/\/www.topicfoot.fr\/wp-content\/uploads\/2024\/04\/logo-pau-fc-150x150.png 150w\" sizes=\"auto, (max-width: 70px) 100vw, 70px\" \/><\/a><br><a href=\"https:\/\/www.topicfoot.fr\/index.php\/pau-fc-france\/\">PFC<\/a><\/td><td class=\"has-text-align-center\" data-align=\"center\"><a style=\"text-align: start; white-space: normal;\" href=\"https:\/\/www.topicfoot.fr\/index.php\/red-star-fc\/\"><img loading=\"lazy\" decoding=\"async\" width=\"70\" height=\"70\" class=\"wp-image-8791\" style=\"width: 70px;\" src=\"https:\/\/www.topicfoot.fr\/wp-content\/uploads\/2024\/07\/red-ster-logo.png\" alt=\"\" srcset=\"https:\/\/www.topicfoot.fr\/wp-content\/uploads\/2024\/07\/red-ster-logo.png 600w, https:\/\/www.topicfoot.fr\/wp-content\/uploads\/2024\/07\/red-ster-logo-300x300.png 300w, https:\/\/www.topicfoot.fr\/wp-content\/uploads\/2024\/07\/red-ster-logo-150x150.png 150w\" sizes=\"auto, (max-width: 70px) 100vw, 70px\" \/><\/a><br><a style=\"text-align: start; white-space: normal;\" href=\"https:\/\/www.topicfoot.fr\/index.php\/red-star-fc\/\">RSFC<\/a><\/td><td class=\"has-text-align-center\" data-align=\"center\"><a href=\"https:\/\/www.topicfoot.fr\/index.php\/stade-reims\/\"><img decoding=\"async\" style=\"width: 70px;\" src=\"https:\/\/www.topicfoot.fr\/wp-content\/uploads\/2023\/05\/reims_logo.png\" alt=\"\"><\/a><br><a href=\"https:\/\/www.topicfoot.fr\/index.php\/stade-reims\/\">SR<\/a><\/td><td class=\"has-text-align-center\" data-align=\"center\"><a style=\"text-align: start; white-space: normal;\" href=\"https:\/\/www.topicfoot.fr\/index.php\/rodez-aveyron-football-france\/\"><img loading=\"lazy\" decoding=\"async\" width=\"70\" height=\"70\" class=\"wp-image-7223\" style=\"width: 70px;\" src=\"https:\/\/www.topicfoot.fr\/wp-content\/uploads\/2024\/04\/logo-rodez-aveyron-foot.png\" alt=\"\" srcset=\"https:\/\/www.topicfoot.fr\/wp-content\/uploads\/2024\/04\/logo-rodez-aveyron-foot.png 200w, https:\/\/www.topicfoot.fr\/wp-content\/uploads\/2024\/04\/logo-rodez-aveyron-foot-150x150.png 150w\" sizes=\"auto, (max-width: 70px) 100vw, 70px\" \/><\/a><br><a href=\"https:\/\/www.topicfoot.fr\/index.php\/rodez-aveyron-football-france\/\">RAF<\/a><\/td><td class=\"has-text-align-center\" data-align=\"center\"><a href=\"https:\/\/www.topicfoot.fr\/index.php\/a-s-saint-etienne-france\/\"><img decoding=\"async\" style=\"width: 70px;\" src=\"https:\/\/www.topicfoot.fr\/wp-content\/uploads\/2024\/04\/logo-as-saint-etienne.png\" alt=\"\"><\/a><br><a href=\"https:\/\/www.topicfoot.fr\/index.php\/a-s-saint-etienne-france\/\">ASSE<\/a><\/td><td class=\"has-text-align-center\" data-align=\"center\"><a href=\"https:\/\/www.topicfoot.fr\/index.php\/estac-troyes-france\/\"><img loading=\"lazy\" decoding=\"async\" width=\"70\" height=\"70\" class=\"wp-image-7216\" style=\"width: 70px;\" src=\"https:\/\/www.topicfoot.fr\/wp-content\/uploads\/2024\/04\/logo-estac-troyes.png\" alt=\"\" srcset=\"https:\/\/www.topicfoot.fr\/wp-content\/uploads\/2024\/04\/logo-estac-troyes.png 200w, https:\/\/www.topicfoot.fr\/wp-content\/uploads\/2024\/04\/logo-estac-troyes-150x150.png 150w\" sizes=\"auto, (max-width: 70px) 100vw, 70px\" \/><\/a><br><a href=\"https:\/\/www.topicfoot.fr\/index.php\/estac-troyes-france\/\">ESTAC<\/a><\/td><\/tr><\/tbody><\/table><\/figure>\n\n\n\n<h1 class=\"wp-block-heading has-text-align-center\">Amiens Sporting Club<br>(France)<\/h1>\n<\/div>\n<\/div>\n\n\n\n<div class=\"wp-block-columns is-layout-flex wp-container-core-columns-is-layout-9d6595d7 wp-block-columns-is-layout-flex\">\n<div class=\"wp-block-column is-layout-flow wp-block-column-is-layout-flow\"><div class=\"wp-block-image\">\n<figure class=\"aligncenter size-full is-resized\"><img loading=\"lazy\" decoding=\"async\" width=\"200\" height=\"200\" src=\"https:\/\/www.topicfoot.fr\/wp-content\/uploads\/2024\/04\/logo-amiens.png\" alt=\"Amiens Sporting Club\nAmiens sc mercato\" class=\"wp-image-7213\" style=\"width:156px;height:auto\" srcset=\"https:\/\/www.topicfoot.fr\/wp-content\/uploads\/2024\/04\/logo-amiens.png 200w, https:\/\/www.topicfoot.fr\/wp-content\/uploads\/2024\/04\/logo-amiens-150x150.png 150w\" sizes=\"auto, (max-width: 200px) 100vw, 200px\" \/><\/figure>\n<\/div><\/div>\n\n\n\n<div class=\"wp-block-column is-layout-flow wp-block-column-is-layout-flow\">\n<figure class=\"wp-block-table is-style-stripes\"><table><tbody><tr><td class=\"has-text-align-center\" data-align=\"center\"><strong><a href=\"#classement\">CLASSEMENT<\/a><\/strong><\/td><\/tr><tr><td class=\"has-text-align-center\" data-align=\"center\"><strong><a href=\"#buteurs\">BUTEURS<\/a><\/strong><\/td><\/tr><tr><td class=\"has-text-align-center\" data-align=\"center\"><strong><a href=\"#passeurs\">PASSEURS<\/a><\/strong><\/td><\/tr><tr><td class=\"has-text-align-center\" data-align=\"center\"><strong><a href=\"#resultats\">R\u00c9SULTATS<\/a><\/strong><\/td><\/tr><tr><td class=\"has-text-align-center\" data-align=\"center\"><strong><a href=\"#calendrier\">CALENDRIER<\/a><\/strong><\/td><\/tr><tr><td class=\"has-text-align-center\" data-align=\"center\"><a href=\"#stade\"><strong>STADE<\/strong><\/a><\/td><\/tr><tr><td class=\"has-text-align-center\" data-align=\"center\"><strong><a href=\"#infos\">INFOS DU CLUB<\/a><\/strong><\/td><\/tr><tr><td class=\"has-text-align-center\" data-align=\"center\"><strong><a href=\"#resume\">EN QUELQUES MOTS&#8230;<\/a><\/strong><\/td><\/tr><\/tbody><\/table><\/figure>\n<\/div>\n\n\n\n<div class=\"wp-block-column is-layout-flow wp-block-column-is-layout-flow\"><div class=\"wp-block-image\">\n<figure class=\"aligncenter size-full is-resized\"><img loading=\"lazy\" decoding=\"async\" width=\"200\" height=\"200\" src=\"https:\/\/www.topicfoot.fr\/wp-content\/uploads\/2024\/04\/logo-amiens.png\" alt=\"Amiens Sporting Club\nAmiens sc mercato\" class=\"wp-image-7213\" style=\"width:156px;height:auto\" srcset=\"https:\/\/www.topicfoot.fr\/wp-content\/uploads\/2024\/04\/logo-amiens.png 200w, https:\/\/www.topicfoot.fr\/wp-content\/uploads\/2024\/04\/logo-amiens-150x150.png 150w\" sizes=\"auto, (max-width: 200px) 100vw, 200px\" \/><\/figure>\n<\/div><\/div>\n<\/div>\n\n\n\n<div class=\"wp-block-wpzoom-blocks-social-icons is-style-with-canvas-round\" style=\"--wpz-social-icons-block-item-font-size:18px;--wpz-social-icons-block-item-padding-horizontal:6px;--wpz-social-icons-block-item-padding-vertical:6px;--wpz-social-icons-block-item-margin-horizontal:5px;--wpz-social-icons-block-item-margin-vertical:5px;--wpz-social-icons-block-item-border-radius:50px;--wpz-social-icons-block-label-font-size:16px;--wpz-social-icons-block-label-color:#2e3131;--wpz-social-icons-block-label-color-hover:#2e3131;--wpz-social-icons-alignment:center\"><a href=\"https:\/\/www.facebook.com\/AC.Amiens.Football\" class=\"social-icon-link\" title=\"Facebook\" style=\"--wpz-social-icons-block-item-color:#0866FF;--wpz-social-icons-block-item-color-hover:#0866FF\"><span class=\"social-icon socicon socicon-facebook\"><\/span><\/a><a href=\"https:\/\/www.instagram.com\/amiensscfootball\/\" class=\"social-icon-link\" title=\"Instagram\" style=\"--wpz-social-icons-block-item-color:#e4405f;--wpz-social-icons-block-item-color-hover:#e4405f\"><span class=\"social-icon socicon socicon-instagram\"><\/span><\/a><a href=\"https:\/\/www.tiktok.com\/@amiensscfootballoff\" class=\"social-icon-link\" title=\"Tiktok\" style=\"--wpz-social-icons-block-item-color:#69C9D0;--wpz-social-icons-block-item-color-hover:#69C9D0\"><span class=\"social-icon socicon socicon-tiktok\"><\/span><\/a><a href=\"https:\/\/www.youtube.com\/@AmiensSC1901\" class=\"social-icon-link\" title=\"Youtube\" style=\"--wpz-social-icons-block-item-color:#e02a20;--wpz-social-icons-block-item-color-hover:#e02a20\"><span class=\"social-icon socicon socicon-youtube\"><\/span><\/a><\/div>\n\n\n\n<hr class=\"wp-block-separator has-alpha-channel-opacity\"\/>\n<\/div>\n<\/div>\n\n\n\n<div class=\"wp-block-columns is-layout-flex wp-container-core-columns-is-layout-9d6595d7 wp-block-columns-is-layout-flex\">\n<div class=\"wp-block-column is-layout-flow wp-block-column-is-layout-flow\" style=\"flex-basis:100%\">\n<h2 class=\"wp-block-heading\" id=\"actualite\">Prochain match<\/h2>\n\n\n\n<!-- Load jQuery -->\n<script src=\"\/\/code.jquery.com\/jquery-2.1.4.min.js\"><\/script>\n\n<!-- Load Stats FC Next Fixture SDK -->\n<script>(function(d, s, id) {\n    var js, fjs = d.getElementsByTagName(s)[0];\n    if (d.getElementById(id)) return;\n    js = d.createElement(s); js.id = id;\n    js.src = \"https:\/\/cdn.statsfc.com\/js\/next-fixture.js\";\n    fjs.parentNode.insertBefore(js, fjs);\n}(document, \"script\", \"statsfc-next-fixture-js\"));<\/script>\n\n<!-- Your next-fixture here -->\n<div class=\"statsfc-next-fixture\"\n    data-key=\"qHdiP_fzKLURC_gyZ2iGCqcvpRq5b5R5e3KMerKK\"\n    data-team=\"Amiens\"\n    data-competition=\"\"\n    data-timezone=\"Europe\/Paris\"\n    data-omit-errors=\"false\"\n    data-use-default-css=\"true\"\n    data-lang=\"fr\">\n<\/div>\n\n\n\n<h2 class=\"wp-block-heading has-black-color has-text-color has-link-color wp-elements-b809c311c77d13173a9b970b87214158\" id=\"actualite\">Amiens SC Mercato et Actualit\u00e9<\/h2>\n\n\n<div class=\"ditty ditty--pre\" data-id=\"7383\" data-uniqid=\"ditty-69f152ab3caec\"><\/div>\n\n\n\n<div style=\"height:40px\" aria-hidden=\"true\" class=\"wp-block-spacer\"><\/div>\n\n\n\n<hr class=\"wp-block-separator has-alpha-channel-opacity\"\/>\n\n\n\n<h2 class=\"wp-block-heading\">Cette ann\u00e9e participe aux comp\u00e9titions : <\/h2>\n\n\n\n<div class=\"wp-block-columns is-layout-flex wp-container-core-columns-is-layout-9d6595d7 wp-block-columns-is-layout-flex\">\n<div class=\"wp-block-column is-layout-flow wp-block-column-is-layout-flow\">\n<div class=\"wp-block-columns is-layout-flex wp-container-core-columns-is-layout-9d6595d7 wp-block-columns-is-layout-flex\">\n<div class=\"wp-block-column is-layout-flow wp-block-column-is-layout-flow\"><div class=\"wp-block-image\">\n<figure class=\"aligncenter size-full is-resized\"><img loading=\"lazy\" decoding=\"async\" width=\"600\" height=\"600\" src=\"https:\/\/www.topicfoot.fr\/wp-content\/uploads\/2024\/07\/logo-l2-bkt.png\" alt=\"Logo Ligue 2 BKT Topicfoot\" class=\"wp-image-9058\" style=\"width:162px;height:auto\" srcset=\"https:\/\/www.topicfoot.fr\/wp-content\/uploads\/2024\/07\/logo-l2-bkt.png 600w, https:\/\/www.topicfoot.fr\/wp-content\/uploads\/2024\/07\/logo-l2-bkt-300x300.png 300w, https:\/\/www.topicfoot.fr\/wp-content\/uploads\/2024\/07\/logo-l2-bkt-150x150.png 150w\" sizes=\"auto, (max-width: 600px) 100vw, 600px\" \/><\/figure>\n<\/div>\n\n\n<p class=\"has-text-align-center\"><a href=\"https:\/\/www.topicfoot.fr\/index.php\/ligue-2-bkt-france\/\">Ligue 2<\/a><\/p>\n<\/div>\n\n\n\n<div class=\"wp-block-column is-layout-flow wp-block-column-is-layout-flow\"><div class=\"wp-block-image\">\n<figure class=\"aligncenter size-full is-resized\"><a href=\"https:\/\/www.topicfoot.fr\/index.php\/coupe-de-france-foot-fff\/\"><img loading=\"lazy\" decoding=\"async\" width=\"600\" height=\"600\" src=\"https:\/\/www.topicfoot.fr\/wp-content\/uploads\/2024\/01\/coupe-de-france.jpg\" alt=\"Coupe de France\" class=\"wp-image-4114\" style=\"width:161px;height:auto\" srcset=\"https:\/\/www.topicfoot.fr\/wp-content\/uploads\/2024\/01\/coupe-de-france.jpg 600w, https:\/\/www.topicfoot.fr\/wp-content\/uploads\/2024\/01\/coupe-de-france-300x300.jpg 300w, https:\/\/www.topicfoot.fr\/wp-content\/uploads\/2024\/01\/coupe-de-france-150x150.jpg 150w\" sizes=\"auto, (max-width: 600px) 100vw, 600px\" \/><\/a><\/figure>\n<\/div>\n\n\n<p class=\"has-text-align-center\"><a href=\"https:\/\/www.topicfoot.fr\/index.php\/coupe-de-france-foot-fff\/\">Coupe de France<\/a><\/p>\n<\/div>\n<\/div>\n<\/div>\n\n\n\n<div class=\"wp-block-column is-layout-flow wp-block-column-is-layout-flow\">\n<div class=\"wp-block-columns is-layout-flex wp-container-core-columns-is-layout-9d6595d7 wp-block-columns-is-layout-flex\">\n<div class=\"wp-block-column is-layout-flow wp-block-column-is-layout-flow\"><\/div>\n<\/div>\n<\/div>\n<\/div>\n\n\n\n<hr class=\"wp-block-separator has-alpha-channel-opacity\"\/>\n\n\n\n<div class=\"wp-block-columns is-layout-flex wp-container-core-columns-is-layout-9d6595d7 wp-block-columns-is-layout-flex\">\n<div class=\"wp-block-column is-layout-flow wp-block-column-is-layout-flow\">\n<h2 class=\"wp-block-heading\">Derniers r\u00e9sultats<\/h2>\n\n\n\n<!-- Load jQuery -->\n<script src=\"\/\/code.jquery.com\/jquery-2.1.4.min.js\"><\/script>\n\n<!-- Load Stats FC Results SDK -->\n<script>(function(d, s, id) {\n    var js, fjs = d.getElementsByTagName(s)[0];\n    if (d.getElementById(id)) return;\n    js = d.createElement(s); js.id = id;\n    js.src = \"https:\/\/cdn.statsfc.com\/js\/results.js\";\n    fjs.parentNode.insertBefore(js, fjs);\n}(document, \"script\", \"statsfc-results-js\"));<\/script>\n\n<!-- Your Results here -->\n<div class=\"statsfc-results\"\n    data-key=\"qHdiP_fzKLURC_gyZ2iGCqcvpRq5b5R5e3KMerKK\"\n    data-team=\"Amiens\"\n    data-highlight=\"Amiens\"\n    data-from=\"-2 weeks\"\n    data-assists=\"true\"\n    data-show-badges=\"true\"\n    data-order=\"desc\"\n    data-timezone=\"Europe\/Paris\"\n    data-omit-errors=\"false\"\n    data-use-default-css=\"true\"\n    data-lang=\"fr\">\n<\/div>\n<\/div>\n\n\n\n<div class=\"wp-block-column is-layout-flow wp-block-column-is-layout-flow\">\n<h2 class=\"wp-block-heading\">Prochains matchs<\/h2>\n\n\n\n<!-- Load jQuery -->\n<script src=\"\/\/code.jquery.com\/jquery-2.1.4.min.js\"><\/script>\n\n<!-- Load Stats FC Fixtures SDK -->\n<script>(function(d, s, id) {\n    var js, fjs = d.getElementsByTagName(s)[0];\n    if (d.getElementById(id)) return;\n    js = d.createElement(s); js.id = id;\n    js.src = \"https:\/\/cdn.statsfc.com\/js\/fixtures.js\";\n    fjs.parentNode.insertBefore(js, fjs);\n}(document, \"script\", \"statsfc-fixtures-js\"));<\/script>\n\n<!-- Your fixtures here -->\n<div class=\"statsfc-fixtures\"\n    data-key=\"qHdiP_fzKLURC_gyZ2iGCqcvpRq5b5R5e3KMerKK\"\n    data-team=\"Amiens\"\n    data-to=\"+3 weeks\"\n    data-highlight=\"Amiens\"\n    data-show-badges=\"true\"\n    data-timezone=\"Europe\/Paris\"\n    data-omit-errors=\"false\"\n    data-use-default-css=\"true\"\n    data-lang=\"fr\">\n<\/div>\n<\/div>\n<\/div>\n\n\n\n<div style=\"height:40px\" aria-hidden=\"true\" class=\"wp-block-spacer\"><\/div>\n\n\n\n<hr class=\"wp-block-separator has-alpha-channel-opacity\"\/>\n\n\n\n<h2 class=\"wp-block-heading\" id=\"classement\">Classement Amiens SC<\/h2>\n\n\n\n<!-- Load jQuery -->\n<script src=\"\/\/code.jquery.com\/jquery-2.1.4.min.js\"><\/script>\n\n<!-- Load Stats FC Table SDK -->\n<script>(function(d, s, id) {\n    var js, fjs = d.getElementsByTagName(s)[0];\n    if (d.getElementById(id)) return;\n    js = d.createElement(s); js.id = id;\n    js.src = \"https:\/\/cdn.statsfc.com\/js\/table.js\";\n    fjs.parentNode.insertBefore(js, fjs);\n}(document, \"script\", \"statsfc-table-js\"));<\/script>\n\n<!-- Your league table here -->\n<div class=\"statsfc-table\"\n    data-key=\"qHdiP_fzKLURC_gyZ2iGCqcvpRq5b5R5e3KMerKK\"\n    data-competition=\"LI2\"\n    data-season=\"2025\/2026\"\n    data-table-type=\"mini\"\n    data-highlight=\"Amiens\"\n    data-show-badges=\"true\"\n    data-show-form=\"true\"\n    data-show-status=\"true\"\n    data-omit-errors=\"true\"\n    data-use-default-css=\"true\"\n    data-lang=\"fr\">\n<\/div>\n\n\n\n<hr class=\"wp-block-separator has-alpha-channel-opacity\"\/>\n\n\n\n<h2 class=\"wp-block-heading\" id=\"buteurs\">Buteurs<\/h2>\n\n\n\n<div class=\"wp-block-columns is-layout-flex wp-container-core-columns-is-layout-9d6595d7 wp-block-columns-is-layout-flex\">\n<div class=\"wp-block-column is-layout-flow wp-block-column-is-layout-flow\">\n<!-- Load jQuery -->\n<script src=\"\/\/code.jquery.com\/jquery-2.1.4.min.js\"><\/script>\n\n<!-- Load Stats FC Top Scorers SDK -->\n<script>(function(d, s, id) {\n    var js, fjs = d.getElementsByTagName(s)[0];\n    if (d.getElementById(id)) return;\n    js = d.createElement(s); js.id = id;\n    js.src = \"https:\/\/cdn.statsfc.com\/js\/top-scorers.js\";\n    fjs.parentNode.insertBefore(js, fjs);\n}(document, \"script\", \"statsfc-top-scorers-js\"));<\/script>\n\n<!-- Your top scorers here -->\n<div class=\"statsfc-top-scorers\"\n    data-key=\"qHdiP_fzKLURC_gyZ2iGCqcvpRq5b5R5e3KMerKK\"\n    data-competition=\"\"\n    data-team=\"Amiens\"\n    data-season=\"2025\/2026\"\n    data-show-badges=\"true\"\n    data-omit-errors=\"false\"\n    data-use-default-css=\"true\"\n    data-lang=\"fr\">\n<\/div>\n<\/div>\n<\/div>\n\n\n\n<hr class=\"wp-block-separator has-alpha-channel-opacity\"\/>\n\n\n\n<h2 class=\"wp-block-heading\" id=\"passeurs\">Passeurs<\/h2>\n\n\n\n<div class=\"wp-block-columns is-layout-flex wp-container-core-columns-is-layout-9d6595d7 wp-block-columns-is-layout-flex\">\n<div class=\"wp-block-column is-layout-flow wp-block-column-is-layout-flow\">\n<!-- Load jQuery -->\n<script src=\"\/\/code.jquery.com\/jquery-2.1.4.min.js\"><\/script>\n\n<!-- Load Stats FC Top Assisters SDK -->\n<script>(function(d, s, id) {\n    var js, fjs = d.getElementsByTagName(s)[0];\n    if (d.getElementById(id)) return;\n    js = d.createElement(s); js.id = id;\n    js.src = \"https:\/\/cdn.statsfc.com\/js\/top-assisters.js\";\n    fjs.parentNode.insertBefore(js, fjs);\n}(document, \"script\", \"statsfc-top-assisters-js\"));<\/script>\n\n<!-- Your top assisters here -->\n<div class=\"statsfc-top-assisters\"\n    data-key=\"qHdiP_fzKLURC_gyZ2iGCqcvpRq5b5R5e3KMerKK\"\n    data-competition=\"\"\n    data-team=\"Amiens\"\n    data-season=\"2025\/2026\"\n    data-show-badges=\"true\"\n    data-omit-errors=\"false\"\n    data-use-default-css=\"true\"\n    data-lang=\"fr\">\n<\/div>\n<\/div>\n<\/div>\n\n\n\n<hr class=\"wp-block-separator has-alpha-channel-opacity\"\/>\n\n\n\n<h2 class=\"wp-block-heading\" id=\"resultats\">R\u00e9sultats complets<\/h2>\n\n\n\n<!-- Load jQuery -->\n<script src=\"\/\/code.jquery.com\/jquery-2.1.4.min.js\"><\/script>\n\n<!-- Load Stats FC Live SDK -->\n<script>(function(d, s, id) {\n    var js, fjs = d.getElementsByTagName(s)[0];\n    if (d.getElementById(id)) return;\n    js = d.createElement(s); js.id = id;\n    js.src = \"https:\/\/cdn.statsfc.com\/js\/live.js\";\n    fjs.parentNode.insertBefore(js, fjs);\n}(document, \"script\", \"statsfc-live-js\"));<\/script>\n\n<!-- Your live here -->\n<div class=\"statsfc-live\"\n    data-key=\"qHdiP_fzKLURC_gyZ2iGCqcvpRq5b5R5e3KMerKK\"\n    data-competition=\"\"\n    data-team=\"Amiens\"\n    data-highlight=\"Amiens\"\n    data-goals=\"true\"\n    data-assists=\"false\"\n    data-show-badges=\"true\"\n    data-omit-errors=\"false\"\n    data-use-default-css=\"true\"\n    data-lang=\"fr\">\n<\/div>\n\n\n\n<!-- Load jQuery -->\n<script src=\"\/\/code.jquery.com\/jquery-2.1.4.min.js\"><\/script>\n\n<!-- Load Stats FC Results SDK -->\n<script>(function(d, s, id) {\n    var js, fjs = d.getElementsByTagName(s)[0];\n    if (d.getElementById(id)) return;\n    js = d.createElement(s); js.id = id;\n    js.src = \"https:\/\/cdn.statsfc.com\/js\/results.js\";\n    fjs.parentNode.insertBefore(js, fjs);\n}(document, \"script\", \"statsfc-results-js\"));<\/script>\n\n<!-- Your Results here -->\n<div class=\"statsfc-results\"\n    data-key=\"qHdiP_fzKLURC_gyZ2iGCqcvpRq5b5R5e3KMerKK\"\n    data-competition=\"\"\n    data-team=\"Amiens\"\n    data-highlight=\"Amiens\"\n    data-season=\"2025\/2026\"\n    data-goals=\"false\"\n    data-assists=\"true\"\n    data-show-badges=\"true\"\n    data-order=\"desc\"\n    data-timezone=\"Europe\/Paris\"\n    data-omit-errors=\"false\"\n    data-use-default-css=\"true\"\n    data-lang=\"fr\">\n<\/div>\n\n\n\n<hr class=\"wp-block-separator has-alpha-channel-opacity\"\/>\n\n\n\n<h2 class=\"wp-block-heading\" id=\"calendrier\">Calendrier complet<\/h2>\n\n\n\n<!-- Load jQuery -->\n<script src=\"\/\/code.jquery.com\/jquery-2.1.4.min.js\"><\/script>\n\n<!-- Load Stats FC Fixtures SDK -->\n<script>(function(d, s, id) {\n    var js, fjs = d.getElementsByTagName(s)[0];\n    if (d.getElementById(id)) return;\n    js = d.createElement(s); js.id = id;\n    js.src = \"https:\/\/cdn.statsfc.com\/js\/fixtures.js\";\n    fjs.parentNode.insertBefore(js, fjs);\n}(document, \"script\", \"statsfc-fixtures-js\"));<\/script>\n\n<!-- Your fixtures here -->\n<div class=\"statsfc-fixtures\"\n    data-key=\"qHdiP_fzKLURC_gyZ2iGCqcvpRq5b5R5e3KMerKK\"\n    data-competition=\"\"\n    data-team=\"Amiens\"\n    data-season=\"2025\/2026\"\n    data-highlight=\"Amiens\"\n    data-show-badges=\"true\"\n    data-timezone=\"Europe\/Paris\"\n    data-omit-errors=\"false\"\n    data-use-default-css=\"true\"\n    data-lang=\"fr\">\n<\/div>\n\n\n\n<div style=\"height:40px\" aria-hidden=\"true\" class=\"wp-block-spacer\"><\/div>\n\n\n\n<hr class=\"wp-block-separator has-alpha-channel-opacity\"\/>\n<\/div>\n<\/div>\n\n\n\n<h2 class=\"wp-block-heading\" id=\"stade\">Stade Officiel <\/h2>\n\n\n\n<p><strong><strong>Stade de la Licorne<\/strong><br>13.000 places<\/strong><\/p>\n\n\n<div class=\"wp-block-image\">\n<figure class=\"aligncenter size-large\"><img loading=\"lazy\" decoding=\"async\" width=\"1024\" height=\"588\" src=\"https:\/\/www.topicfoot.fr\/wp-content\/uploads\/2024\/04\/stade-amiens-1024x588.jpg\" alt=\"Stade de la Licorne Amiens\" class=\"wp-image-7402\" srcset=\"https:\/\/www.topicfoot.fr\/wp-content\/uploads\/2024\/04\/stade-amiens-1024x588.jpg 1024w, https:\/\/www.topicfoot.fr\/wp-content\/uploads\/2024\/04\/stade-amiens-300x172.jpg 300w, https:\/\/www.topicfoot.fr\/wp-content\/uploads\/2024\/04\/stade-amiens-768x441.jpg 768w, https:\/\/www.topicfoot.fr\/wp-content\/uploads\/2024\/04\/stade-amiens.jpg 1200w\" sizes=\"auto, (max-width: 1024px) 100vw, 1024px\" \/><\/figure>\n<\/div>\n\n\n<div style=\"height:40px\" aria-hidden=\"true\" class=\"wp-block-spacer\"><\/div>\n\n\n\n<hr class=\"wp-block-separator has-alpha-channel-opacity\"\/>\n\n\n\n<div class=\"wp-block-columns is-layout-flex wp-container-core-columns-is-layout-9d6595d7 wp-block-columns-is-layout-flex\">\n<div class=\"wp-block-column is-layout-flow wp-block-column-is-layout-flow\" style=\"flex-basis:33.33%\">\n<p id=\"infos\"><strong><kbd>INFOS DU CLUB<\/kbd><\/strong><\/p>\n\n\n\n<p><strong>Fond\u00e9 en 1901<br><a href=\"https:\/\/www.facebook.com\/AC.Amiens.Football\/?locale=fr_FR\" target=\"_blank\" rel=\"noreferrer noopener\">Site internet du Club<\/a><\/strong><\/p>\n\n\n\n<p><strong><kbd>PALMARES<\/kbd><\/strong><\/p>\n<\/div>\n\n\n\n<div class=\"wp-block-column is-layout-flow wp-block-column-is-layout-flow\" style=\"flex-basis:66.66%\">\n<p id=\"supporters\"><br><\/p>\n<\/div>\n<\/div>\n\n\n\n<hr class=\"wp-block-separator has-alpha-channel-opacity\"\/>\n\n\n\n<h2 class=\"wp-block-heading\" id=\"resume\">En quelques mots&#8230;<\/h2>\n\n\n<div class=\"wp-block-image\">\n<figure class=\"aligncenter size-full is-resized\"><img loading=\"lazy\" decoding=\"async\" width=\"200\" height=\"200\" src=\"https:\/\/www.topicfoot.fr\/wp-content\/uploads\/2024\/04\/logo-amiens.png\" alt=\"logo Amiens Sporting Club \nAmiens sc mercato\" class=\"wp-image-7213\" style=\"width:132px;height:auto\" srcset=\"https:\/\/www.topicfoot.fr\/wp-content\/uploads\/2024\/04\/logo-amiens.png 200w, https:\/\/www.topicfoot.fr\/wp-content\/uploads\/2024\/04\/logo-amiens-150x150.png 150w\" sizes=\"auto, (max-width: 200px) 100vw, 200px\" \/><\/figure>\n<\/div>\n\n\n<p>Le Amiens Sporting Club, \u00e9galement connu sous le nom de Amiens SC, est un club de football fran\u00e7ais situ\u00e9 dans la ville d&rsquo;Amiens, dans le nord de la France. Fond\u00e9 en 1901, le club a une histoire riche et vari\u00e9e, marqu\u00e9e par des succ\u00e8s, des d\u00e9fis et un engagement envers sa communaut\u00e9 locale.<\/p>\n\n\n\n<h2 class=\"wp-block-heading\">Mont\u00e9e en Ligue 1<\/h2>\n\n\n\n<p>Le club a \u00e9volu\u00e9 dans les divisions inf\u00e9rieures du football fran\u00e7ais pendant de nombreuses ann\u00e9es avant de conna\u00eetre une ascension notable dans les ann\u00e9es r\u00e9centes. En 2017, Amiens SC a obtenu sa promotion en Ligue 1 pour la premi\u00e8re fois de son histoire. Cette r\u00e9alisation a \u00e9t\u00e9 salu\u00e9e comme un exploit majeur pour le club et a g\u00e9n\u00e9r\u00e9 une grande excitation parmi les supporters.<\/p>\n\n\n\n<p>Le stade de la Licorne est le domicile d&rsquo;Amiens SC. Ce stade, d&rsquo;une capacit\u00e9 d&rsquo;environ 13 000 places, est un lieu embl\u00e9matique. L&rsquo;atmosph\u00e8re lors des matches \u00e0 domicile est souvent \u00e9lectrique, avec une passion palpable parmi les fans.<\/p>\n\n\n\n<p>Amiens SC a d\u00fb faire face \u00e0 des d\u00e9fis importants pour se maintenir dans l&rsquo;\u00e9lite du football fran\u00e7ais. Malgr\u00e9 des ressources financi\u00e8res limit\u00e9es par rapport \u00e0 certains de ses concurrents, le club a montr\u00e9 une d\u00e9termination et un esprit combatif sur le terrain. Cependant, la concurrence f\u00e9roce et les exigences de la Ligue 1 ont parfois rendu la t\u00e2che difficile pour Amiens SC.<\/p>\n\n\n\n<p>Malgr\u00e9 ses hauts et ses bas, Amiens SC reste un pilier important du football fran\u00e7ais. Il repr\u00e9sente la ville d&rsquo;Amiens avec passion et d\u00e9vouement. Le club continue de poursuivre ses objectifs sportifs tout en restant fid\u00e8le \u00e0 ses valeurs fondamentales de travail d&rsquo;\u00e9quipe, d&rsquo;engagement communautaire et de passion pour le jeu. Il est actuellement en Ligue 2.<\/p>\n\n\n\n<h2 class=\"wp-block-heading\">En conclusion<\/h2>\n\n\n\n<p>Amiens Sporting Club incarne l&rsquo;esprit du football fran\u00e7ais \u00e0 travers son histoire unique, ses succ\u00e8s sur le terrain et son engagement envers sa communaut\u00e9. Alors que le club poursuit son parcours dans le monde du football, il reste un symbole d&rsquo;unit\u00e9 et de passion pour les habitants d&rsquo;Amiens et au-del\u00e0.<\/p>\n","protected":false},"excerpt":{"rendered":"<div class=\"mh-excerpt\">Retrouvez : Amiens sc mercato et actualit\u00e9, les derniers r\u00e9sultats, les infos et le classement sur TopicFoot.fr<\/div>\n<p> <a class=\"mh-excerpt-more\" href=\"https:\/\/www.topicfoot.fr\/index.php\/amiens-sporting-club-france\/\" title=\"Amiens Sporting Club (France)\">[&#8230;]<\/a><\/p>\n","protected":false},"author":1,"featured_media":7213,"parent":0,"menu_order":0,"comment_status":"closed","ping_status":"closed","template":"template-full.php","meta":{"footnotes":""},"folder":[102],"class_list":["post-7476","page","type-page","status-publish","has-post-thumbnail"],"yoast_head":"<!-- This site is optimized with the Yoast SEO plugin v27.4 - https:\/\/yoast.com\/product\/yoast-seo-wordpress\/ -->\n<title>Ligue 2 : Amiens Sporting Club (France) - Toutes les infos<\/title>\n<meta name=\"description\" content=\"Retrouvez : Amiens sc mercato et actualit\u00e9, les derniers r\u00e9sultats, les infos et le classement sur TopicFoot.fr\" \/>\n<meta name=\"robots\" content=\"index, follow, max-snippet:-1, max-image-preview:large, max-video-preview:-1\" \/>\n<link rel=\"canonical\" href=\"https:\/\/www.topicfoot.fr\/index.php\/amiens-sporting-club-france\/\" \/>\n<meta property=\"og:locale\" content=\"fr_FR\" \/>\n<meta property=\"og:type\" content=\"article\" \/>\n<meta property=\"og:title\" content=\"Ligue 2 : Amiens Sporting Club (France) - Toutes les infos\" \/>\n<meta property=\"og:description\" content=\"Retrouvez : Amiens sc mercato et actualit\u00e9, les derniers r\u00e9sultats, les infos et le classement sur TopicFoot.fr\" \/>\n<meta property=\"og:url\" content=\"https:\/\/www.topicfoot.fr\/index.php\/amiens-sporting-club-france\/\" \/>\n<meta property=\"og:site_name\" content=\"Topic Foot\" \/>\n<meta property=\"article:publisher\" content=\"https:\/\/www.facebook.com\/topicfoot.fr\" \/>\n<meta property=\"article:modified_time\" content=\"2025-08-05T22:16:58+00:00\" \/>\n<meta property=\"og:image\" content=\"https:\/\/www.topicfoot.fr\/wp-content\/uploads\/2024\/04\/logo-amiens.png\" \/>\n\t<meta property=\"og:image:width\" content=\"200\" \/>\n\t<meta property=\"og:image:height\" content=\"200\" \/>\n\t<meta property=\"og:image:type\" content=\"image\/png\" \/>\n<meta name=\"twitter:card\" content=\"summary_large_image\" \/>\n<meta name=\"twitter:label1\" content=\"Dur\u00e9e de lecture estim\u00e9e\" \/>\n\t<meta name=\"twitter:data1\" content=\"8 minutes\" \/>\n<script type=\"application\/ld+json\" class=\"yoast-schema-graph\">{\"@context\":\"https:\\\/\\\/schema.org\",\"@graph\":[{\"@type\":\"WebPage\",\"@id\":\"https:\\\/\\\/www.topicfoot.fr\\\/index.php\\\/amiens-sporting-club-france\\\/\",\"url\":\"https:\\\/\\\/www.topicfoot.fr\\\/index.php\\\/amiens-sporting-club-france\\\/\",\"name\":\"Ligue 2 : Amiens Sporting Club (France) - Toutes les infos\",\"isPartOf\":{\"@id\":\"https:\\\/\\\/www.topicfoot.fr\\\/#website\"},\"primaryImageOfPage\":{\"@id\":\"https:\\\/\\\/www.topicfoot.fr\\\/index.php\\\/amiens-sporting-club-france\\\/#primaryimage\"},\"image\":{\"@id\":\"https:\\\/\\\/www.topicfoot.fr\\\/index.php\\\/amiens-sporting-club-france\\\/#primaryimage\"},\"thumbnailUrl\":\"https:\\\/\\\/www.topicfoot.fr\\\/wp-content\\\/uploads\\\/2024\\\/04\\\/logo-amiens.png\",\"datePublished\":\"2024-04-21T22:00:14+00:00\",\"dateModified\":\"2025-08-05T22:16:58+00:00\",\"description\":\"Retrouvez : Amiens sc mercato et actualit\u00e9, les derniers r\u00e9sultats, les infos et le classement sur TopicFoot.fr\",\"breadcrumb\":{\"@id\":\"https:\\\/\\\/www.topicfoot.fr\\\/index.php\\\/amiens-sporting-club-france\\\/#breadcrumb\"},\"inLanguage\":\"fr-FR\",\"potentialAction\":[{\"@type\":\"ReadAction\",\"target\":[\"https:\\\/\\\/www.topicfoot.fr\\\/index.php\\\/amiens-sporting-club-france\\\/\"]}]},{\"@type\":\"ImageObject\",\"inLanguage\":\"fr-FR\",\"@id\":\"https:\\\/\\\/www.topicfoot.fr\\\/index.php\\\/amiens-sporting-club-france\\\/#primaryimage\",\"url\":\"https:\\\/\\\/www.topicfoot.fr\\\/wp-content\\\/uploads\\\/2024\\\/04\\\/logo-amiens.png\",\"contentUrl\":\"https:\\\/\\\/www.topicfoot.fr\\\/wp-content\\\/uploads\\\/2024\\\/04\\\/logo-amiens.png\",\"width\":200,\"height\":200,\"caption\":\"Amiens Football 1901\"},{\"@type\":\"BreadcrumbList\",\"@id\":\"https:\\\/\\\/www.topicfoot.fr\\\/index.php\\\/amiens-sporting-club-france\\\/#breadcrumb\",\"itemListElement\":[{\"@type\":\"ListItem\",\"position\":1,\"name\":\"Accueil\",\"item\":\"https:\\\/\\\/www.topicfoot.fr\\\/\"},{\"@type\":\"ListItem\",\"position\":2,\"name\":\"Amiens Sporting Club (France)\"}]},{\"@type\":\"WebSite\",\"@id\":\"https:\\\/\\\/www.topicfoot.fr\\\/#website\",\"url\":\"https:\\\/\\\/www.topicfoot.fr\\\/\",\"name\":\"Topic Foot\",\"description\":\"Tous l&#039;univers du Foot !\",\"publisher\":{\"@id\":\"https:\\\/\\\/www.topicfoot.fr\\\/#organization\"},\"potentialAction\":[{\"@type\":\"SearchAction\",\"target\":{\"@type\":\"EntryPoint\",\"urlTemplate\":\"https:\\\/\\\/www.topicfoot.fr\\\/?s={search_term_string}\"},\"query-input\":{\"@type\":\"PropertyValueSpecification\",\"valueRequired\":true,\"valueName\":\"search_term_string\"}}],\"inLanguage\":\"fr-FR\"},{\"@type\":\"Organization\",\"@id\":\"https:\\\/\\\/www.topicfoot.fr\\\/#organization\",\"name\":\"Topic Foot\",\"url\":\"https:\\\/\\\/www.topicfoot.fr\\\/\",\"logo\":{\"@type\":\"ImageObject\",\"inLanguage\":\"fr-FR\",\"@id\":\"https:\\\/\\\/www.topicfoot.fr\\\/#\\\/schema\\\/logo\\\/image\\\/\",\"url\":\"https:\\\/\\\/www.topicfoot.fr\\\/wp-content\\\/uploads\\\/2024\\\/04\\\/cropped-logo-topicfoot-new.jpg\",\"contentUrl\":\"https:\\\/\\\/www.topicfoot.fr\\\/wp-content\\\/uploads\\\/2024\\\/04\\\/cropped-logo-topicfoot-new.jpg\",\"width\":512,\"height\":512,\"caption\":\"Topic Foot\"},\"image\":{\"@id\":\"https:\\\/\\\/www.topicfoot.fr\\\/#\\\/schema\\\/logo\\\/image\\\/\"},\"sameAs\":[\"https:\\\/\\\/www.facebook.com\\\/topicfoot.fr\"]}]}<\/script>\n<!-- \/ Yoast SEO plugin. -->","yoast_head_json":{"title":"Ligue 2 : Amiens Sporting Club (France) - Toutes les infos","description":"Retrouvez : Amiens sc mercato et actualit\u00e9, les derniers r\u00e9sultats, les infos et le classement sur TopicFoot.fr","robots":{"index":"index","follow":"follow","max-snippet":"max-snippet:-1","max-image-preview":"max-image-preview:large","max-video-preview":"max-video-preview:-1"},"canonical":"https:\/\/www.topicfoot.fr\/index.php\/amiens-sporting-club-france\/","og_locale":"fr_FR","og_type":"article","og_title":"Ligue 2 : Amiens Sporting Club (France) - Toutes les infos","og_description":"Retrouvez : Amiens sc mercato et actualit\u00e9, les derniers r\u00e9sultats, les infos et le classement sur TopicFoot.fr","og_url":"https:\/\/www.topicfoot.fr\/index.php\/amiens-sporting-club-france\/","og_site_name":"Topic Foot","article_publisher":"https:\/\/www.facebook.com\/topicfoot.fr","article_modified_time":"2025-08-05T22:16:58+00:00","og_image":[{"width":200,"height":200,"url":"https:\/\/www.topicfoot.fr\/wp-content\/uploads\/2024\/04\/logo-amiens.png","type":"image\/png"}],"twitter_card":"summary_large_image","twitter_misc":{"Dur\u00e9e de lecture estim\u00e9e":"8 minutes"},"schema":{"@context":"https:\/\/schema.org","@graph":[{"@type":"WebPage","@id":"https:\/\/www.topicfoot.fr\/index.php\/amiens-sporting-club-france\/","url":"https:\/\/www.topicfoot.fr\/index.php\/amiens-sporting-club-france\/","name":"Ligue 2 : Amiens Sporting Club (France) - Toutes les infos","isPartOf":{"@id":"https:\/\/www.topicfoot.fr\/#website"},"primaryImageOfPage":{"@id":"https:\/\/www.topicfoot.fr\/index.php\/amiens-sporting-club-france\/#primaryimage"},"image":{"@id":"https:\/\/www.topicfoot.fr\/index.php\/amiens-sporting-club-france\/#primaryimage"},"thumbnailUrl":"https:\/\/www.topicfoot.fr\/wp-content\/uploads\/2024\/04\/logo-amiens.png","datePublished":"2024-04-21T22:00:14+00:00","dateModified":"2025-08-05T22:16:58+00:00","description":"Retrouvez : Amiens sc mercato et actualit\u00e9, les derniers r\u00e9sultats, les infos et le classement sur TopicFoot.fr","breadcrumb":{"@id":"https:\/\/www.topicfoot.fr\/index.php\/amiens-sporting-club-france\/#breadcrumb"},"inLanguage":"fr-FR","potentialAction":[{"@type":"ReadAction","target":["https:\/\/www.topicfoot.fr\/index.php\/amiens-sporting-club-france\/"]}]},{"@type":"ImageObject","inLanguage":"fr-FR","@id":"https:\/\/www.topicfoot.fr\/index.php\/amiens-sporting-club-france\/#primaryimage","url":"https:\/\/www.topicfoot.fr\/wp-content\/uploads\/2024\/04\/logo-amiens.png","contentUrl":"https:\/\/www.topicfoot.fr\/wp-content\/uploads\/2024\/04\/logo-amiens.png","width":200,"height":200,"caption":"Amiens Football 1901"},{"@type":"BreadcrumbList","@id":"https:\/\/www.topicfoot.fr\/index.php\/amiens-sporting-club-france\/#breadcrumb","itemListElement":[{"@type":"ListItem","position":1,"name":"Accueil","item":"https:\/\/www.topicfoot.fr\/"},{"@type":"ListItem","position":2,"name":"Amiens Sporting Club (France)"}]},{"@type":"WebSite","@id":"https:\/\/www.topicfoot.fr\/#website","url":"https:\/\/www.topicfoot.fr\/","name":"Topic Foot","description":"Tous l&#039;univers du Foot !","publisher":{"@id":"https:\/\/www.topicfoot.fr\/#organization"},"potentialAction":[{"@type":"SearchAction","target":{"@type":"EntryPoint","urlTemplate":"https:\/\/www.topicfoot.fr\/?s={search_term_string}"},"query-input":{"@type":"PropertyValueSpecification","valueRequired":true,"valueName":"search_term_string"}}],"inLanguage":"fr-FR"},{"@type":"Organization","@id":"https:\/\/www.topicfoot.fr\/#organization","name":"Topic Foot","url":"https:\/\/www.topicfoot.fr\/","logo":{"@type":"ImageObject","inLanguage":"fr-FR","@id":"https:\/\/www.topicfoot.fr\/#\/schema\/logo\/image\/","url":"https:\/\/www.topicfoot.fr\/wp-content\/uploads\/2024\/04\/cropped-logo-topicfoot-new.jpg","contentUrl":"https:\/\/www.topicfoot.fr\/wp-content\/uploads\/2024\/04\/cropped-logo-topicfoot-new.jpg","width":512,"height":512,"caption":"Topic Foot"},"image":{"@id":"https:\/\/www.topicfoot.fr\/#\/schema\/logo\/image\/"},"sameAs":["https:\/\/www.facebook.com\/topicfoot.fr"]}]}},"_links":{"self":[{"href":"https:\/\/www.topicfoot.fr\/index.php\/wp-json\/wp\/v2\/pages\/7476","targetHints":{"allow":["GET"]}}],"collection":[{"href":"https:\/\/www.topicfoot.fr\/index.php\/wp-json\/wp\/v2\/pages"}],"about":[{"href":"https:\/\/www.topicfoot.fr\/index.php\/wp-json\/wp\/v2\/types\/page"}],"author":[{"embeddable":true,"href":"https:\/\/www.topicfoot.fr\/index.php\/wp-json\/wp\/v2\/users\/1"}],"replies":[{"embeddable":true,"href":"https:\/\/www.topicfoot.fr\/index.php\/wp-json\/wp\/v2\/comments?post=7476"}],"version-history":[{"count":0,"href":"https:\/\/www.topicfoot.fr\/index.php\/wp-json\/wp\/v2\/pages\/7476\/revisions"}],"wp:featuredmedia":[{"embeddable":true,"href":"https:\/\/www.topicfoot.fr\/index.php\/wp-json\/wp\/v2\/media\/7213"}],"wp:attachment":[{"href":"https:\/\/www.topicfoot.fr\/index.php\/wp-json\/wp\/v2\/media?parent=7476"}],"wp:term":[{"taxonomy":"folder","embeddable":true,"href":"https:\/\/www.topicfoot.fr\/index.php\/wp-json\/wp\/v2\/folder?post=7476"}],"curies":[{"name":"wp","href":"https:\/\/api.w.org\/{rel}","templated":true}]}}